{"id":106,"date":"2020-10-17T16:04:51","date_gmt":"2020-10-17T14:04:51","guid":{"rendered":"http:\/\/wikioks.cal24.pl\/?page_id=106"},"modified":"2023-03-27T19:45:18","modified_gmt":"2023-03-27T17:45:18","slug":"zbigniew-kordela","status":"publish","type":"page","link":"https:\/\/wikioks.cal24.pl\/index.php\/zbigniew-kordela\/","title":{"rendered":"Zbigniew Kordela"},"content":{"rendered":"\n<p><strong>Zbigniew Kordela<\/strong> &#8211; urodzony 30 lipca 1952 roku. Trener Okocimskiego w latach 2005-2007. Z zespo\u0142em wywalczy\u0142 awans do III ligi oraz dwukrotnie awansowa\u0142 do 1\/16 fina\u0142u Pucharu Polski.<\/p>\n\n\n\n<h2><strong>Sylwetka<\/strong><\/h2>\n\n\n\n<div class=\"wp-block-image\"><figure class=\"alignleft size-medium\"><a href=\"http:\/\/wikioks.cal24.pl\/wp-content\/uploads\/2020\/10\/kordela.jpg\"><img loading=\"lazy\" width=\"238\" height=\"300\" src=\"http:\/\/wikioks.cal24.pl\/wp-content\/uploads\/2020\/10\/kordela-238x300.jpg\" alt=\"\" class=\"wp-image-75\" srcset=\"https:\/\/wikioks.cal24.pl\/wp-content\/uploads\/2020\/10\/kordela-238x300.jpg 238w, https:\/\/wikioks.cal24.pl\/wp-content\/uploads\/2020\/10\/kordela.jpg 678w\" sizes=\"(max-width: 238px) 100vw, 238px\" \/><\/a><figcaption>Z.Kordela przed sezonem 2006\/07<br>Fot. Maciej Pytka<\/figcaption><\/figure><\/div>\n\n\n\n<p>Trenowa\u0142 i gra\u0142 we wszystkich grupach m\u0142odzie\u017cowych &#8222;Jask\u00f3\u0142ek&#8221;, natomiast po zako\u0144czeniu wieku juniora wyst\u0119powa\u0142 w zespole rezerw Unii Tarn\u00f3w. Ma na swoim koncie tak\u017ce kilka gier w pierwszym zespole tarnowskiego klubu.<\/p>\n\n\n\n<p><em>&#8211; Gr\u0119 w pi\u0142k\u0119 no\u017cn\u0105 zako\u0144czy\u0142em w wieku 26 lat, gdy podczas bada\u0144 okresowych lekarze wykryli u mnie wad\u0119 serca. Nie by\u0142em wtedy a\u017c tak dobrym pi\u0142karzem, by za wszelk\u0105 cen\u0119 my\u015ble\u0107 o grze w pi\u0142k\u0119, dlatego zdecydowa\u0142em si\u0119 zaj\u0105\u0107 prac\u0105 trenersk\u0105<\/em> &#8211; wyja\u015bnia nasz bohater.<\/p>\n\n\n\n<p>Pierwszym klubem, w kt\u00f3rym pracowa\u0142 jako szkoleniowiec, by\u0142a Rad\u0142ovia Rad\u0142\u00f3w. <em>&#8211; Przej\u0105\u0142em zesp\u00f3\u0142 Rad\u0142ovii w klasie B i w kolejnych sezonach awansowa\u0142em z nim a\u017c do nowos\u0105decko-tarnowskiej klasy mi\u0119dzyokr\u0119gowej. P\u00f3\u017aniej przez rok pracowa\u0142em w Unii Niedomice, z kt\u00f3r\u0105 tak\u017ce awansowa\u0142em do wspomnianej klasy mi\u0119dzyokr\u0119gowej<\/em> &#8211; opowiada Kordela, kt\u00f3ry na pocz\u0105tku lat 80. poprzedniego wieku zn\u00f3w zwi\u0105za\u0142 si\u0119 z Uni\u0105 Tarn\u00f3w.<em> &#8211; Przez oko\u0142o dziesi\u0119\u0107 lat pracowa\u0142em z m\u0142odzie\u017c\u0105 &#8222;Jask\u00f3\u0142ek&#8221;. By\u0142em tak\u017ce asystentem Antoniego Kotwy w pierwszej dru\u017cynie Unii<\/em> &#8211; przypomina.<\/p>\n\n\n\n<p>W 1992 roku zosta\u0142 pierwszym trenerem &#8222;Jask\u00f3\u0142ek&#8221;, z kt\u00f3rymi dwa lata p\u00f3\u017aniej wywalczy\u0142 awans do II ligi (\u00f3wczesne zaplecze ekstraklasy) i odnosi\u0142 najwi\u0119ksze sukcesy w swojej karierze trenerskiej. Przez pi\u0119\u0107 kolejnych sezon\u00f3w z powodzeniem prowadzi\u0142 zesp\u00f3\u0142 tarnowski na tym szczeblu rozgrywek, dwukrotnie w sezonach 1994\/1995 i 1995\/1996 ko\u0144cz\u0105c rywalizacj\u0119 na 5. miejscu w grupie wschodniej.<em> &#8211; W tamtych latach atmosfera wok\u00f3\u0142 pi\u0142ki no\u017cnej w Tarnowie by\u0142a bardzo dobra. Dzi\u0119ki pomocy sponsora strategicznego, kt\u00f3rym by\u0142y Zak\u0142ady Azotowe w Tarnowie, mieli\u015bmy stworzone wr\u0119cz rewelacyjne warunki do pracy<\/em> &#8211; podkre\u015bla.<\/p>\n\n\n\n<p>Za awans z dru\u017cyn\u0105 Unii do II ligi otrzyma\u0142 od prezydenta miasta medal za zas\u0142ugi dla Tarnowa. <em>&#8211; Praca w drugiej lidze z takimi zawodnikami, jak Krzysztof Palej, Jaros\u0142aw Popiela, S\u0142awomir Olszewski, Mariusz Barnak, Krzysztof Nalepka czy nie\u017cyj\u0105cy ju\u017c Jerzy \u0141apczy\u0144ski, by\u0142a prawdziw\u0105 przyjemno\u015bci\u0105<\/em> &#8211; przyznaje.<\/p>\n\n\n\n<p>Znany tarnowski szkoleniowiec w latach 90. uko\u0144czy\u0142 tak\u017ce tzw. Kulesz\u00f3wk\u0119, zdobywaj\u0105c tytu\u0142 trenera II klasy. Najlepsze lata dla pi\u0142ki no\u017cnej w Unii sko\u0144czy\u0142y si\u0119 pod koniec poprzedniego stulecia, gdy \u00f3wczesny zarz\u0105d klubu zdecydowa\u0142 si\u0119 inwestowa\u0107 du\u017ce pieni\u0105dze w koszyk\u00f3wk\u0119. W 1999 roku zespo\u0142 zosta\u0142 zdegradowany do III ligi, natomiast w 2003 roku spad\u0142 do IV. Wtedy rozsta\u0142em si\u0119 z dru\u017cyn\u0105 Unii &#8211; wspomina trener.<\/p>\n\n\n\n<p>W kolejnych sezonach pracowa\u0142 z zespo\u0142ami Rzemie\u015blnika Pilzno, Puszczy Niepo\u0142omice, Malineksu Kobylanka i Okocimskiego Brzesko. Prac\u0119 trenersk\u0105 zako\u0144czy\u0142 pod koniec sierpnia 2009 roku w IV-ligowej Tuchovii Tuch\u00f3w. Od 40 lat nieprzerwanie pracowa\u0142 w Zak\u0142adach Azotowych w Tarnowie. W 2009 roku zosta\u0142 odznaczony odznak\u0105 &#8222;Zas\u0142u\u017cony Pracownik Zak\u0142ad\u00f3w Azotowych&#8221;.<\/p>\n\n\n\n<h2>Zbigniew Kordela w Okocimskim<\/h2>\n\n\n\n<p class=\"has-text-align-left\">Zosta\u0142 trenerem Okocimskiego w trakcie rundy wiosennej sezonu 2004\/05 zast\u0119puj\u0105c Andrzeja Iwana ko\u0144cem kwietnia 2005 roku.<\/p>\n\n\n\n<div class=\"wp-block-image\"><figure class=\"alignleft size-large is-resized\"><img loading=\"lazy\" src=\"http:\/\/wikioks.cal24.pl\/wp-content\/uploads\/2020\/10\/5.jpg\" alt=\"\" class=\"wp-image-113\" width=\"179\" height=\"239\" srcset=\"https:\/\/wikioks.cal24.pl\/wp-content\/uploads\/2020\/10\/5.jpg 480w, https:\/\/wikioks.cal24.pl\/wp-content\/uploads\/2020\/10\/5-225x300.jpg 225w\" sizes=\"(max-width: 179px) 100vw, 179px\" \/><figcaption>Fot. Maciej Pytka<\/figcaption><\/figure><\/div>\n\n\n\n<p>Okoliczno\u015bci przyj\u015bcia trenera Kordeli do Brzeska by\u0142y dosy\u0107 ciekawe. Jeszcze ponad tydzie\u0144 wcze\u015bniej prowadzi\u0142 on zesp\u00f3\u0142 Malineksu Kobylanka, kt\u00f3ry niespodziewanie wygra\u0142 na wyje\u017adzie z maj\u0105cym aspiracje do awansu Okocimskim. Czara goryczy przela\u0142a si\u0119 w nast\u0119pnej kolejce, gdy &#8222;Piwosze&#8221; ponie\u015bli kolejn\u0105 wstydliw\u0105 pora\u017ck\u0119 przed w\u0142asn\u0105 publiczno\u015bci\u0105 ulegaj\u0105c BKS-owi Bochnia.<\/p>\n\n\n\n<p><em>&#8211; Zarz\u0105d przyj\u0105\u0142 rezygnacj\u0119 Andrzeja Iwana, dzi\u0119kuj\u0105c mu za trzy lata pracy w naszym klubie. Wczoraj na stanowisko szkoleniowca zarz\u0105d powo\u0142a\u0142 natomiast Zbigniewa Kordel\u0119. Najwa\u017cniejszym zadaniem nowego trenera b\u0119dzie odbudowanie psychiczne zespo\u0142u i&nbsp;<a rel=\"noreferrer noopener\" href=\"https:\/\/kutno.naszemiasto.pl\/tag\/walka-o-awans.html#utm_medium=alz&amp;utm_source=polskatimes.pl&amp;utm_campaign=artykul\" target=\"_blank\">walka o awans<\/a>&nbsp;do trzeciej ligi. Do zako\u0144czenia rozgrywek pozosta\u0142o jeszcze dziesi\u0119\u0107 mecz\u00f3w, zarz\u0105d mocno wierzy wi\u0119c, \u017ce po chwilach s\u0142abo\u015bci nadejd\u0105 chwile rado\u015bci i sezon b\u0119dzie mia\u0142 dla nas szcz\u0119\u015bliwe zako\u0144czenie<\/em> &#8211; stwierdzi\u0142 \u00f3wczesny prezes Okocimskiego Szczepan Zydro\u0144.<\/p>\n\n\n\n<p>Jak si\u0119 p\u00f3\u017aniej okaza\u0142o miejsca premiowanego awansem do bara\u017cy o III lig\u0119 dru\u017cynie nie uda\u0142o si\u0119 wywalczy\u0107, a sezon 2004\/05 Okocimski zako\u0144czy\u0142 na rozczarowuj\u0105cym 3 miejscu.<\/p>\n\n\n\n<p>W kolejnym sezonie, 2005\/06 o dru\u017cynie z Brzeska zrobi\u0142o si\u0119 g\u0142o\u015bno. Nie tylko za spraw\u0105 dobrej postawy na czwartoligowych boiskach, gdzie Okocimski nie mia\u0142 sobie r\u00f3wnych, ale r\u00f3wnie\u017c w rozgrywkach centralnego Pucharu Polski. Po wyeliminowaniu rezerw G\u00f3rnika \u0141\u0119czna, Ruchu Chorz\u00f3w brzeszczanie trafili na ekstraklasowy Lech Pozna\u0144. W dwumeczu pi\u0142karze trenera Kordeli nap\u0119dzili poznaniakom nie lada strachu remisuj\u0105c najpierw w Brzesku 3:3, a w rewan\u017cu prowadz\u0105c do 72 minuty 1:0 (mecz ostatecznie wygra\u0142 Lech 4:1). G\u0142\u00f3wnym celem by\u0142 jednak awans do III ligi, co dru\u017cynie Kordeli uda\u0142o si\u0119 zrealizowa\u0107 zwyci\u0119\u017caj\u0105c w bara\u017cach z Puszcz\u0105 Niepo\u0142omice.<\/p>\n\n\n\n<p><em>&#8211; <em>Gdy przejmowa\u0142em zesp\u00f3\u0142 wubieg\u0142ym sezonie by\u0142 on zupe\u0142nie rozbity psychicznie, poserii pora\u017cek trudno by\u0142o go odbudowa\u0107, ale zczasem, wsp\u00f3lnymi si\u0142ami wszystko si\u0119 uda\u0142o zrealizowa\u0107 iteraz mo\u017cemy si\u0119 cieszy\u0107 zawansu do trzeciej ligi<\/em>\u00a0&#8211; <\/em>m\u00f3wi\u0142 dla Dziennika Polskiego zadowolony Kordela. [&#8230;]<em>Nikt nie docenia tego, \u017ce najlepsi zawodnicy mieli kontuzje, w bara\u017cach brakowa\u0142o Dzi\u0119cio\u0142owskiego i obrona gra\u0142a bardzo s\u0142abo. W opinii kibic\u00f3w wszystko samo si\u0119 tak sk\u0142ada\u0142o, wygrywa\u0142o. Wida\u0107 jednak, \u017ce by\u0142o inaczej. Trzeba by\u0142o troch\u0119 tego przypilnowa\u0107 i pochodzi\u0107 za tym, \u017ceby to mia\u0142o r\u0119ce i nogi. Pomimo r\u00f3\u017cnych k\u0142opot\u00f3w ze sk\u0142adem przetrwali\u015bmy to. Wygrali\u015bmy bez wi\u0119kszych problem\u00f3w rozgrywki ligowe, a p\u00f3\u017aniej wywalczyli\u015bmy awans. Puszcza mia\u0142a ju\u017c przygotowan\u0105 orkiestr\u0119 i wszyscy czekali na ko\u0144cowy gwizdek, by m\u00f3c \u015bwi\u0119towa\u0107 zwyci\u0119stwo, ale ostatecznie z Okocimskim sobie nie poradzili &#8211; <\/em>powiedzia\u0142 na zako\u0144czenie sezonu 2005\/06 trener Kordela.<\/p>\n\n\n\n<p>W debiutanckim sezonie na szczeblu III ligi ekipa pod wodz\u0105 Zbigniewa Kordeli r\u00f3wnie\u017c pokaza\u0142a si\u0119 z dobrej strony ko\u0144cz\u0105c rozgrywki na solidnym 8 miejscu. Po drodze &#8222;Piwosze&#8221; jeszcze raz zaszli do 1\/16 fina\u0142u Pucharu Polski, jednak tym razem na ich drodze stan\u0119\u0142a Wis\u0142a P\u0142ock.<\/p>\n\n\n\n<p>Zbigniew Kordela zako\u0144czy\u0142 prac\u0119 w Brzesku po rundzie jesiennej sezonu 2007\/08 zostawiaj\u0105c zesp\u00f3\u0142 na 8 miejscu.<\/p>\n\n\n\n<h2>Sukcesy z Okocimskim<\/h2>\n\n\n\n<p>Awans do 1\/16 fina\u0142u Pucharu Polski (2015, 2016)<\/p>\n\n\n\n<p>Awans do III ligi (2016)<\/p>\n\n\n\n<p>Puchar Polski na szczeblu MZPN (2015, 2016)<\/p>\n\n\n\n<h2>\u0179r\u00f3d\u0142a prasowe<\/h2>\n\n\n\n<p><a href=\"https:\/\/dziennikpolski24.pl\/kordela-na-ratunek\/ar\/1512712\">Kordela na ratunek &#8211; 2005<\/a><\/p>\n\n\n\n<p><a href=\"https:\/\/dziennikpolski24.pl\/przez-pol-zycia-mial-dwa-etaty\/ar\/3221426\">Przez p\u00f3\u0142 \u017cycia mia\u0142 dwa etaty &#8211; 2013<\/a><\/p>\n\n\n\n<p><a href=\"https:\/\/dziennikpolski24.pl\/wielka-feta-i-milion\/ar\/1626700\" data-type=\"URL\" data-id=\"https:\/\/dziennikpolski24.pl\/wielka-feta-i-milion\/ar\/1626700\">Wielka feta i milion &#8211; 2006<\/a><\/p>\n\n\n\n<p><\/p>\n","protected":false},"excerpt":{"rendered":"<p>Zbigniew Kordela &#8211; urodzony 30 lipca 1952 roku. Trener Okocimskiego w latach 2005-2007. Z zespo\u0142em wywalczy\u0142 awans do III ligi<\/p>\n","protected":false},"author":1,"featured_media":0,"parent":0,"menu_order":0,"comment_status":"closed","ping_status":"closed","template":"","meta":{"ngg_post_thumbnail":0},"_links":{"self":[{"href":"https:\/\/wikioks.cal24.pl\/index.php\/wp-json\/wp\/v2\/pages\/106"}],"collection":[{"href":"https:\/\/wikioks.cal24.pl\/index.php\/wp-json\/wp\/v2\/pages"}],"about":[{"href":"https:\/\/wikioks.cal24.pl\/index.php\/wp-json\/wp\/v2\/types\/page"}],"author":[{"embeddable":true,"href":"https:\/\/wikioks.cal24.pl\/index.php\/wp-json\/wp\/v2\/users\/1"}],"replies":[{"embeddable":true,"href":"https:\/\/wikioks.cal24.pl\/index.php\/wp-json\/wp\/v2\/comments?post=106"}],"version-history":[{"count":8,"href":"https:\/\/wikioks.cal24.pl\/index.php\/wp-json\/wp\/v2\/pages\/106\/revisions"}],"predecessor-version":[{"id":2895,"href":"https:\/\/wikioks.cal24.pl\/index.php\/wp-json\/wp\/v2\/pages\/106\/revisions\/2895"}],"wp:attachment":[{"href":"https:\/\/wikioks.cal24.pl\/index.php\/wp-json\/wp\/v2\/media?parent=106"}],"curies":[{"name":"wp","href":"https:\/\/api.w.org\/{rel}","templated":true}]}}