{"id":1157,"date":"2021-01-02T20:04:39","date_gmt":"2021-01-02T19:04:39","guid":{"rendered":"http:\/\/wikioks.cal24.pl\/?page_id=1157"},"modified":"2024-07-26T13:54:41","modified_gmt":"2024-07-26T11:54:41","slug":"grzegorz-baran","status":"publish","type":"page","link":"https:\/\/wikioks.cal24.pl\/index.php\/grzegorz-baran\/","title":{"rendered":"Grzegorz Baran"},"content":{"rendered":"\n<figure id=\"player-profile\" class=\"wp-block-table\"><table class=\"has-fixed-layout\"><tbody><tr><td><img loading=\"lazy\" width=\"600\" height=\"800\" class=\"wp-image-1160\" style=\"width: 400px;\" src=\"http:\/\/wikioks.cal24.pl\/wp-content\/uploads\/2021\/01\/baran_g.jpg\" alt=\"\" srcset=\"https:\/\/wikioks.cal24.pl\/wp-content\/uploads\/2021\/01\/baran_g.jpg 600w, https:\/\/wikioks.cal24.pl\/wp-content\/uploads\/2021\/01\/baran_g-225x300.jpg 225w\" sizes=\"(max-width: 600px) 100vw, 600px\" \/><br><em>Fot. Maciej Pytka<\/em><\/td><td><strong>Grzegorz Baran<\/strong>\u00a0(ur. 23 sierpnia 1993). Polski zawodnik graj\u0105cy na pozycji pomocnika. Wychowanek Okocimskiego, kt\u00f3ry po zako\u0144czeniu wieku juniora wyst\u0119powa\u0142 w klubach z regionu brzeskiego takich jak: Rylovia Rylowa, Sok\u00f3\u0142 Borz\u0119cin, Jadowniczanka Jadowniki. <br><br>Przed sezonem 2016\/17 do\u0142\u0105czy\u0142 do wyst\u0119puj\u0105cego w klasie okr\u0119gowej Okocimskiego. W sumie rozegra\u0142 7 spotka\u0144, po czym w przerwie zimowej odszed\u0142 do Soko\u0142a Maszkienice.<br><br>Pochodzi ze sportowej rodziny. Jest synem Antoniego Barana znanego przed laty bramkarza i dzia\u0142acza Okocimskiego Klubu Sportowego. Jego bracia Karol i Jakub r\u00f3wnie\u017c s\u0105 wychowankami brzeskiego klubu.<\/td><\/tr><\/tbody><\/table><\/figure>\n\n\n\n<figure id=\"player-data\" class=\"wp-block-table is-style-stripes\"><table><tbody><tr><th>Wzrost i waga<\/th><td><\/td><\/tr><tr><td><strong>Pozycja<\/strong><\/td><td>pomocnik<\/td><\/tr><tr><th>Lata gry w Okocimskim<\/th><td>2016<\/td><\/tr><tr><th>Przebieg kariery<\/th><td><img loading=\"lazy\" width=\"23\" height=\"15\" class=\"wp-image-887\" style=\"width: 23px;\" src=\"http:\/\/wikioks.cal24.pl\/wp-content\/uploads\/2021\/01\/pol.gif\" alt=\"\"> Okocimski KS Brzesko (juniorzy)<br>2011-13 <img src=\"http:\/\/wikioks.cal24.pl\/wp-content\/uploads\/2021\/01\/pol.gif\" alt=\"\"> Rylovia Rylowa<br>2013-14 <img src=\"http:\/\/wikioks.cal24.pl\/wp-content\/uploads\/2021\/01\/pol.gif\" alt=\"\"> Jadowniczanka Jadowniki<br>2015 <img src=\"http:\/\/wikioks.cal24.pl\/wp-content\/uploads\/2021\/01\/pol.gif\" alt=\"\"> Sok\u00f3\u0142 Borz\u0119cin<br>2015-16 <img src=\"http:\/\/wikioks.cal24.pl\/wp-content\/uploads\/2021\/01\/pol.gif\" alt=\"\"> Jadowniczanka Jadowniki<br>2016 <img src=\"http:\/\/wikioks.cal24.pl\/wp-content\/uploads\/2021\/01\/pol.gif\" alt=\"\"> Okocimski KS Brzesko<br>2017-18 <img src=\"http:\/\/wikioks.cal24.pl\/wp-content\/uploads\/2021\/01\/pol.gif\" alt=\"\"> Sok\u00f3\u0142 Maszkienice<\/td><\/tr><tr><th>Debiut w <strong>Okocimskim<\/strong><\/th><td>2016-09-10 (Okocimski KS Brzesko &#8211; Naprz\u00f3d Sobol\u00f3w 2:1)<\/td><\/tr><tr><th>Ostatni mecz w <strong>Okocimskim<\/strong><\/th><td>2016-11-05&nbsp;(Okocimski KS Brzesko &#8211; Orze\u0142 D\u0119bno 2:2)<\/td><\/tr><\/tbody><\/table><\/figure>\n\n\n\n<h3>Bilans zawodnika<\/h3>\n\n\n\n<figure class=\"wp-block-table\"><table><tbody><tr><td><strong>Sezon<\/strong><\/td><td><\/td><td class=\"has-text-align-center\" data-align=\"center\"><strong>Mecze<\/strong><\/td><td class=\"has-text-align-center\" data-align=\"center\"><strong>Bramki<\/strong><\/td><\/tr><tr><td>2016\/17 (j)<\/td><td>Okocimski KS Brzesko<\/td><td class=\"has-text-align-center\" data-align=\"center\">7<\/td><td class=\"has-text-align-center\" data-align=\"center\">0<\/td><\/tr><tr><td><strong>Razem<\/strong><\/td><td><\/td><td class=\"has-text-align-center\" data-align=\"center\">7<\/td><td class=\"has-text-align-center\" data-align=\"center\">0<\/td><\/tr><\/tbody><\/table><figcaption>Statystyki dotycz\u0105 jedynie mecz\u00f3w ligowych<\/figcaption><\/figure>\n\n\n\n<p><\/p>\n","protected":false},"excerpt":{"rendered":"<p>Fot. Maciej Pytka Grzegorz Baran\u00a0(ur. 23 sierpnia 1993). Polski zawodnik graj\u0105cy na pozycji pomocnika. Wychowanek Okocimskiego, kt\u00f3ry po zako\u0144czeniu wieku<\/p>\n","protected":false},"author":1,"featured_media":0,"parent":0,"menu_order":0,"comment_status":"closed","ping_status":"closed","template":"","meta":{"ngg_post_thumbnail":0},"_links":{"self":[{"href":"https:\/\/wikioks.cal24.pl\/index.php\/wp-json\/wp\/v2\/pages\/1157"}],"collection":[{"href":"https:\/\/wikioks.cal24.pl\/index.php\/wp-json\/wp\/v2\/pages"}],"about":[{"href":"https:\/\/wikioks.cal24.pl\/index.php\/wp-json\/wp\/v2\/types\/page"}],"author":[{"embeddable":true,"href":"https:\/\/wikioks.cal24.pl\/index.php\/wp-json\/wp\/v2\/users\/1"}],"replies":[{"embeddable":true,"href":"https:\/\/wikioks.cal24.pl\/index.php\/wp-json\/wp\/v2\/comments?post=1157"}],"version-history":[{"count":4,"href":"https:\/\/wikioks.cal24.pl\/index.php\/wp-json\/wp\/v2\/pages\/1157\/revisions"}],"predecessor-version":[{"id":4868,"href":"https:\/\/wikioks.cal24.pl\/index.php\/wp-json\/wp\/v2\/pages\/1157\/revisions\/4868"}],"wp:attachment":[{"href":"https:\/\/wikioks.cal24.pl\/index.php\/wp-json\/wp\/v2\/media?parent=1157"}],"curies":[{"name":"wp","href":"https:\/\/api.w.org\/{rel}","templated":true}]}}