{"id":1298,"date":"2021-01-16T19:40:37","date_gmt":"2021-01-16T18:40:37","guid":{"rendered":"http:\/\/wikioks.cal24.pl\/?page_id=1298"},"modified":"2026-05-26T13:32:12","modified_gmt":"2026-05-26T11:32:12","slug":"slawomir-jagla","status":"publish","type":"page","link":"https:\/\/wikioks.cal24.pl\/index.php\/slawomir-jagla\/","title":{"rendered":"S\u0142awomir Jag\u0142a"},"content":{"rendered":"\n<figure id=\"player-profile\" class=\"wp-block-table\"><table class=\"has-fixed-layout\"><tbody><tr><td><img loading=\"lazy\" width=\"1714\" height=\"2560\" class=\"wp-image-4118\" style=\"width: 400px;\" src=\"http:\/\/wikioks.cal24.pl\/wp-content\/uploads\/2023\/07\/slawomir_jagla_2008-scaled.jpg\" alt=\"\" srcset=\"https:\/\/wikioks.cal24.pl\/wp-content\/uploads\/2023\/07\/slawomir_jagla_2008-scaled.jpg 1714w, https:\/\/wikioks.cal24.pl\/wp-content\/uploads\/2023\/07\/slawomir_jagla_2008-201x300.jpg 201w, https:\/\/wikioks.cal24.pl\/wp-content\/uploads\/2023\/07\/slawomir_jagla_2008-685x1024.jpg 685w, https:\/\/wikioks.cal24.pl\/wp-content\/uploads\/2023\/07\/slawomir_jagla_2008-768x1147.jpg 768w, https:\/\/wikioks.cal24.pl\/wp-content\/uploads\/2023\/07\/slawomir_jagla_2008-1028x1536.jpg 1028w, https:\/\/wikioks.cal24.pl\/wp-content\/uploads\/2023\/07\/slawomir_jagla_2008-1371x2048.jpg 1371w\" sizes=\"(max-width: 1714px) 100vw, 1714px\" \/><br><em>Fot. Maciej Pytka<\/em><\/td><td><strong>S\u0142awomir Jag\u0142a<\/strong>&nbsp;(ur. 5 marca 1980 w Bochni). Polski zawodnik graj\u0105cy na pozycji obro\u0144cy lub pomocnika.<br><br>Do Brzeska trafi\u0142 przed sezonem 2001\/02 za kadencji trenera Jerzego Busia. Z czasem sta\u0142 si\u0119 czo\u0142ow\u0105 postaci\u0105 zespo\u0142u. Umiej\u0119tnie wykorzystywa\u0142 swoje warunki fizyczne zdobywaj\u0105c stosunkowo du\u017co goli jak na obro\u0144c\u0119 czy defensywnego pomocnika. Przez 10 sezon\u00f3w gry przy Okocimskiej sta\u0142 si\u0119 legend\u0105 klubu. \u0141\u0105cznie w meczach ligowych i bara\u017cowych rozegra\u0142 233 mecze zdobywaj\u0105c w nich 57 bramek.<br><br>Autor dw\u00f3ch goli w rewan\u017cowym meczu bara\u017cowym o awans do III ligi z Puszcz\u0105 Niepo\u0142omice w 2006 roku oraz bohater pojedynk\u00f3w pucharowych z Lechem Pozna\u0144 (gol w Poznaniu) i Wis\u0142\u0105 P\u0142ock.<br><br>Odszed\u0142 z Okocimskiego po sezonie 2010\/11. P\u00f3\u017aniej zaliczy\u0142 kr\u00f3tkie epizody w drugoligowej Wi\u015ble Pu\u0142awy oraz trzecioligowej Szreniawie Nowy Wi\u015bnicz i Boche\u0144skim, ale coraz mocniej dawa\u0142y zna\u0107 o sobie kontuzje kolana.<br><br>W sezonie 2015\/16 powr\u00f3ci\u0142 do Okocimskiego, gdzie pomaga\u0142 Rafa\u0142owi Polichtowi w zespole rezerw. Zaliczy\u0142 r\u00f3wnie\u017c kilka mecz\u00f3w (w tym z konieczno\u015bci jako bramkarz).<br><br>W latach 2016-19 graj\u0105cy trener Nowych\/Rzezawianki Rzezawa. Od wiosny 2020 roku zawodnik Soko\u0142a Maszkienice, gdzie w trakcie rundy jesiennej sezonu 2020\/21 pe\u0142ni\u0142 rol\u0119 tymczasowego trenera.<\/td><\/tr><\/tbody><\/table><\/figure>\n\n\n\n<figure id=\"player-data\" class=\"wp-block-table is-style-stripes\"><table><tbody><tr><th>Wzrost i waga<\/th><td>190 cm \/ 90 kg<\/td><\/tr><tr><td><strong>Pozycja<\/strong><\/td><td>obro\u0144ca, pomocnik<\/td><\/tr><tr><th>Lata gry w Okocimskim<\/th><td>2001-07, 2008-11<\/td><\/tr><tr><th>Przebieg kariery<\/th><td><img src=\"http:\/\/wikioks.cal24.pl\/wp-content\/uploads\/2021\/01\/pol.gif\" alt=\"\"> Boche\u0144ski KS (juniorzy)<br><img src=\"http:\/\/wikioks.cal24.pl\/wp-content\/uploads\/2021\/01\/pol.gif\" alt=\"\"> Rzezawianka Rzezawa (juniorzy)<br>2001-07 <img src=\"http:\/\/wikioks.cal24.pl\/wp-content\/uploads\/2021\/01\/pol.gif\" alt=\"\"> Okocimski KS Brzesko<br>2008 bez klubu<br>2008-11 <img src=\"http:\/\/wikioks.cal24.pl\/wp-content\/uploads\/2021\/01\/pol.gif\" alt=\"\"> Okocimski KS Brzesko<br>2012 <img src=\"http:\/\/wikioks.cal24.pl\/wp-content\/uploads\/2021\/01\/pol.gif\" alt=\"\"> Wis\u0142a Pu\u0142awy<br>2012 <img src=\"http:\/\/wikioks.cal24.pl\/wp-content\/uploads\/2021\/01\/pol.gif\" alt=\"\"> Szreniawa Nowy Wi\u015bnicz<br>2013 <img src=\"http:\/\/wikioks.cal24.pl\/wp-content\/uploads\/2021\/01\/pol.gif\" alt=\"\"> Boche\u0144ski KS<br>2015-16 <img src=\"http:\/\/wikioks.cal24.pl\/wp-content\/uploads\/2021\/01\/pol.gif\" alt=\"\"> Okocimski KS II Brzesko<br>2016-19 <img src=\"http:\/\/wikioks.cal24.pl\/wp-content\/uploads\/2021\/01\/pol.gif\" alt=\"\"> Novi\/Rzezawianka Rzezawa<br>od 2020 <img src=\"http:\/\/wikioks.cal24.pl\/wp-content\/uploads\/2021\/01\/pol.gif\" alt=\"\"> Sok\u00f3\u0142 Maszkienice<\/td><\/tr><tr><th>Debiut w <strong>Okocimskim<\/strong><\/th><td>2001-08-12 (Luba\u0144 Maniowy &#8211; Okocimski KS Brzesko 1:1)<\/td><\/tr><tr><th>Ostatni mecz w <strong>Okocimskim<\/strong><\/th><td>2011-06-12 (Ruch Wysokie Mazowieckie &#8211; Okocimski KS Brzesko 2:1)<\/td><\/tr><\/tbody><\/table><\/figure>\n\n\n\n<h3>Bilans zawodnika<\/h3>\n\n\n\n<figure class=\"wp-block-table\"><table><tbody><tr><td><strong>Sezon<\/strong><\/td><td><\/td><td class=\"has-text-align-center\" data-align=\"center\"><strong>Mecze<\/strong><\/td><td class=\"has-text-align-center\" data-align=\"center\"><strong>Bramki<\/strong><\/td><\/tr><tr><td>2001\/02<\/td><td>Okocimski KS Brzesko<\/td><td class=\"has-text-align-center\" data-align=\"center\">31<\/td><td class=\"has-text-align-center\" data-align=\"center\">10<\/td><\/tr><tr><td>2002\/03<\/td><td>Okocimski KS Brzesko<\/td><td class=\"has-text-align-center\" data-align=\"center\">28<\/td><td class=\"has-text-align-center\" data-align=\"center\">7<\/td><\/tr><tr><td>2003\/04<\/td><td>Okocimski KS Brzesko<\/td><td class=\"has-text-align-center\" data-align=\"center\">30<\/td><td class=\"has-text-align-center\" data-align=\"center\">11<\/td><\/tr><tr><td>2004\/05<\/td><td>Okocimski KS Brzesko<\/td><td class=\"has-text-align-center\" data-align=\"center\">23<\/td><td class=\"has-text-align-center\" data-align=\"center\">4<\/td><\/tr><tr><td>2005\/06<\/td><td>Okocimski KS Brzesko<\/td><td class=\"has-text-align-center\" data-align=\"center\">29<\/td><td class=\"has-text-align-center\" data-align=\"center\">14<\/td><\/tr><tr><td>2006\/07<\/td><td>Okocimski KS Brzesko<\/td><td class=\"has-text-align-center\" data-align=\"center\">16<\/td><td class=\"has-text-align-center\" data-align=\"center\">1<\/td><\/tr><tr><td>2007\/08 (w)<\/td><td>Okocimski KS Brzesko<\/td><td class=\"has-text-align-center\" data-align=\"center\">16<\/td><td class=\"has-text-align-center\" data-align=\"center\">0<\/td><\/tr><tr><td>2008\/09<\/td><td>Okocimski KS Brzesko<\/td><td class=\"has-text-align-center\" data-align=\"center\">26<\/td><td class=\"has-text-align-center\" data-align=\"center\">3<\/td><\/tr><tr><td>2009\/10<\/td><td>Okocimski KS Brzesko<\/td><td class=\"has-text-align-center\" data-align=\"center\">27<\/td><td class=\"has-text-align-center\" data-align=\"center\">7<\/td><\/tr><tr><td>2010\/11<\/td><td>Okocimski KS Brzesko<\/td><td class=\"has-text-align-center\" data-align=\"center\">7<\/td><td class=\"has-text-align-center\" data-align=\"center\">0<\/td><\/tr><tr><td><strong>Razem<\/strong><\/td><td><\/td><td class=\"has-text-align-center\" data-align=\"center\">233<\/td><td class=\"has-text-align-center\" data-align=\"center\">57<\/td><\/tr><\/tbody><\/table><figcaption>Statystyki dotycz\u0105 jedynie mecz\u00f3w ligowych i bara\u017cowych<\/figcaption><\/figure>\n\n\n\n\n\n<p><\/p>\n","protected":false},"excerpt":{"rendered":"<p>Fot. Maciej Pytka S\u0142awomir Jag\u0142a&nbsp;(ur. 5 marca 1980 w Bochni). Polski zawodnik graj\u0105cy na pozycji obro\u0144cy lub pomocnika. Do Brzeska<\/p>\n","protected":false},"author":1,"featured_media":0,"parent":0,"menu_order":0,"comment_status":"closed","ping_status":"closed","template":"","meta":{"ngg_post_thumbnail":0},"_links":{"self":[{"href":"https:\/\/wikioks.cal24.pl\/index.php\/wp-json\/wp\/v2\/pages\/1298"}],"collection":[{"href":"https:\/\/wikioks.cal24.pl\/index.php\/wp-json\/wp\/v2\/pages"}],"about":[{"href":"https:\/\/wikioks.cal24.pl\/index.php\/wp-json\/wp\/v2\/types\/page"}],"author":[{"embeddable":true,"href":"https:\/\/wikioks.cal24.pl\/index.php\/wp-json\/wp\/v2\/users\/1"}],"replies":[{"embeddable":true,"href":"https:\/\/wikioks.cal24.pl\/index.php\/wp-json\/wp\/v2\/comments?post=1298"}],"version-history":[{"count":3,"href":"https:\/\/wikioks.cal24.pl\/index.php\/wp-json\/wp\/v2\/pages\/1298\/revisions"}],"predecessor-version":[{"id":6520,"href":"https:\/\/wikioks.cal24.pl\/index.php\/wp-json\/wp\/v2\/pages\/1298\/revisions\/6520"}],"wp:attachment":[{"href":"https:\/\/wikioks.cal24.pl\/index.php\/wp-json\/wp\/v2\/media?parent=1298"}],"curies":[{"name":"wp","href":"https:\/\/api.w.org\/{rel}","templated":true}]}}