{"id":1514,"date":"2021-02-22T21:47:52","date_gmt":"2021-02-22T20:47:52","guid":{"rendered":"http:\/\/wikioks.cal24.pl\/?page_id=1514"},"modified":"2026-06-15T18:40:30","modified_gmt":"2026-06-15T16:40:30","slug":"jakub-mendel","status":"publish","type":"page","link":"https:\/\/wikioks.cal24.pl\/index.php\/jakub-mendel\/","title":{"rendered":"Jakub Mendel"},"content":{"rendered":"\n<figure id=\"player-profile\" class=\"wp-block-table\"><table class=\"has-fixed-layout\"><tbody><tr><td><img loading=\"lazy\" width=\"500\" height=\"720\" class=\"wp-image-1223\" style=\"width: 400px;\" src=\"http:\/\/wikioks.cal24.pl\/wp-content\/uploads\/2021\/01\/jakub_mendel-1.jpg\" alt=\"\" srcset=\"https:\/\/wikioks.cal24.pl\/wp-content\/uploads\/2021\/01\/jakub_mendel-1.jpg 500w, https:\/\/wikioks.cal24.pl\/wp-content\/uploads\/2021\/01\/jakub_mendel-1-208x300.jpg 208w\" sizes=\"(max-width: 500px) 100vw, 500px\" \/><br><em>Fot. Dawid Zachara<\/em><\/td><td><strong><strong>Jakub Mendel<\/strong>\u00a0<\/strong>(ur. 18 wrze\u015bnia 2001 w Brzesku). Wychowanek Okocimskiego graj\u0105cy na pozycji obro\u0144cy. W zespole senior\u00f3w od sezonu 2018\/19. Wyst\u0105pi\u0142 w 6 meczach na poziomie IV ligi.<br><br>Od rundy wiosennej 2021 do czerwca 2023 by\u0142 wypo\u017cyczony do Soko\u0142a Maszkienice.<br><br>Latem 2023 powr\u00f3ci\u0142 do Okocimskiego. W sezonie 2024\/25 wywalczy\u0142 z zespo\u0142em awans do IV ligi, po czym zaprzesta\u0142 trening\u00f3w.<\/td><\/tr><\/tbody><\/table><\/figure>\n\n\n\n<figure id=\"player-data\" class=\"wp-block-table is-style-stripes\"><table><tbody><tr><th>Wzrost i waga<\/th><td>185 cm \/ 77 kg<\/td><\/tr><tr><td><strong>Pozycja<\/strong><\/td><td>obro\u0144ca<\/td><\/tr><tr><th>Lata gry w Okocimskim<\/th><td>2018-20, od 2023<\/td><\/tr><tr><th>Przebieg kariery<\/th><td>2012-18 <img loading=\"lazy\" width=\"23\" height=\"15\" class=\"wp-image-887\" style=\"width: 23px;\" src=\"http:\/\/wikioks.cal24.pl\/wp-content\/uploads\/2021\/01\/pol.gif\" alt=\"\"> Okocimski KS Brzesko (juniorzy)<br>2018-20 <img src=\"http:\/\/wikioks.cal24.pl\/wp-content\/uploads\/2021\/01\/pol.gif\" alt=\"\"> Okocimski KS Brzesko<br>2021-23 <img src=\"http:\/\/wikioks.cal24.pl\/wp-content\/uploads\/2021\/01\/pol.gif\" alt=\"\"> Sok\u00f3\u0142 Maszkienice<br>2023-25 <img src=\"http:\/\/wikioks.cal24.pl\/wp-content\/uploads\/2021\/01\/pol.gif\" alt=\"\"> Okocimski KS Brzesko<\/td><\/tr><tr><th>Debiut w <strong>Okocimskim<\/strong><\/th><td>14.08.2019 (Barciczanka Barcice &#8211; Okocimski KS Brzesko 1:2)<\/td><\/tr><tr><th>Ostatni mecz w <strong>Okocimskim<\/strong><\/th><td>31.05.2025 (Okocimski KS Brzesko &#8211; Unia II Tarn\u00f3w 4:1)<\/td><\/tr><\/tbody><\/table><\/figure>\n\n\n\n<h3>Bilans zawodnika<\/h3>\n\n\n\n<figure class=\"wp-block-table\"><table><tbody><tr><td><strong>Sezon<\/strong><\/td><td><\/td><td class=\"has-text-align-center\" data-align=\"center\"><strong>Mecze<\/strong><\/td><td class=\"has-text-align-center\" data-align=\"center\"><strong>Bramki<\/strong><\/td><\/tr><tr><td>2018\/19<\/td><td>Okocimski KS Brzesko<\/td><td class=\"has-text-align-center\" data-align=\"center\">0<\/td><td class=\"has-text-align-center\" data-align=\"center\">0<\/td><\/tr><tr><td>2019\/20<\/td><td>Okocimski KS Brzesko<\/td><td class=\"has-text-align-center\" data-align=\"center\">2<\/td><td class=\"has-text-align-center\" data-align=\"center\">0<\/td><\/tr><tr><td>2020\/21 (j)<\/td><td>Okocimski KS Brzesko<\/td><td class=\"has-text-align-center\" data-align=\"center\">4<\/td><td class=\"has-text-align-center\" data-align=\"center\">0<\/td><\/tr><tr><td>2023\/24<\/td><td>Okocimski KS Brzesko<\/td><td class=\"has-text-align-center\" data-align=\"center\">24<\/td><td class=\"has-text-align-center\" data-align=\"center\">0<\/td><\/tr><tr><td>2024\/25<\/td><td>Okocimski KS Brzesko<\/td><td class=\"has-text-align-center\" data-align=\"center\">5<\/td><td class=\"has-text-align-center\" data-align=\"center\">0<\/td><\/tr><tr><td><strong>Razem<\/strong><\/td><td><\/td><td class=\"has-text-align-center\" data-align=\"center\">35<\/td><td class=\"has-text-align-center\" data-align=\"center\">0<\/td><\/tr><\/tbody><\/table><figcaption>Statystyki dotycz\u0105 jedynie mecz\u00f3w ligowych<\/figcaption><\/figure>\n","protected":false},"excerpt":{"rendered":"<p>Fot. Dawid Zachara Jakub Mendel\u00a0(ur. 18 wrze\u015bnia 2001 w Brzesku). Wychowanek Okocimskiego graj\u0105cy na pozycji obro\u0144cy. W zespole senior\u00f3w od<\/p>\n","protected":false},"author":1,"featured_media":0,"parent":0,"menu_order":0,"comment_status":"closed","ping_status":"closed","template":"","meta":{"ngg_post_thumbnail":0},"_links":{"self":[{"href":"https:\/\/wikioks.cal24.pl\/index.php\/wp-json\/wp\/v2\/pages\/1514"}],"collection":[{"href":"https:\/\/wikioks.cal24.pl\/index.php\/wp-json\/wp\/v2\/pages"}],"about":[{"href":"https:\/\/wikioks.cal24.pl\/index.php\/wp-json\/wp\/v2\/types\/page"}],"author":[{"embeddable":true,"href":"https:\/\/wikioks.cal24.pl\/index.php\/wp-json\/wp\/v2\/users\/1"}],"replies":[{"embeddable":true,"href":"https:\/\/wikioks.cal24.pl\/index.php\/wp-json\/wp\/v2\/comments?post=1514"}],"version-history":[{"count":8,"href":"https:\/\/wikioks.cal24.pl\/index.php\/wp-json\/wp\/v2\/pages\/1514\/revisions"}],"predecessor-version":[{"id":6594,"href":"https:\/\/wikioks.cal24.pl\/index.php\/wp-json\/wp\/v2\/pages\/1514\/revisions\/6594"}],"wp:attachment":[{"href":"https:\/\/wikioks.cal24.pl\/index.php\/wp-json\/wp\/v2\/media?parent=1514"}],"curies":[{"name":"wp","href":"https:\/\/api.w.org\/{rel}","templated":true}]}}