{"id":1802,"date":"2022-11-27T12:21:09","date_gmt":"2022-11-27T11:21:09","guid":{"rendered":"http:\/\/wikioks.cal24.pl\/?page_id=1802"},"modified":"2026-08-31T14:12:08","modified_gmt":"2026-08-31T12:12:08","slug":"milosz-zmudzki","status":"publish","type":"page","link":"https:\/\/wikioks.cal24.pl\/index.php\/milosz-zmudzki\/","title":{"rendered":"Mi\u0142osz \u017bmudzki"},"content":{"rendered":"\n<figure id=\"player-profile\" class=\"wp-block-table\"><table class=\"has-fixed-layout\"><tbody><tr><td><img loading=\"lazy\" width=\"321\" height=\"482\" class=\"wp-image-1805\" style=\"width: 350px;\" src=\"http:\/\/wikioks.cal24.pl\/wp-content\/uploads\/2022\/11\/milosz_zmudzki.jpg\" alt=\"\" srcset=\"https:\/\/wikioks.cal24.pl\/wp-content\/uploads\/2022\/11\/milosz_zmudzki.jpg 321w, https:\/\/wikioks.cal24.pl\/wp-content\/uploads\/2022\/11\/milosz_zmudzki-200x300.jpg 200w\" sizes=\"(max-width: 321px) 100vw, 321px\" \/><br><em>Fot. Dawid Zachara<\/em><\/td><td><strong><strong>Mi\u0142osz \u017bmudzki<\/strong>\u00a0<\/strong>(ur. 12 pa\u017adziernika 2004). Wychowanek Polonii Krak\u00f3w graj\u0105cy na pozycji bramkarza. Do Okocimskiego zosta\u0142 wypo\u017cyczony na sezon 2022\/23 z Hutnika Krak\u00f3w.<br><br>Zanim trafi\u0142 do Brzeska, by\u0142 golkiperem junior\u00f3w Hutnika w Centralnej Lidze Junior\u00f3w oraz w dru\u017cynie rezerw. Odszed\u0142 z Okocimskiego po spadku zespo\u0142u do V ligi.<br><br>Nast\u0119pnie przez 3 sezony reprezentowa\u0142 barwy czwartoligowc\u00f3w: Dalinu My\u015blenice oraz Pcimianki Pcim. Latem 2026 roku przeni\u00f3s\u0142 si\u0119 do wyst\u0119puj\u0105cej w krakowskiej klasie okr\u0119gowej Gr\u0119ba\u0142owianki.<\/td><\/tr><\/tbody><\/table><\/figure>\n\n\n\n<figure id=\"player-data\" class=\"wp-block-table is-style-stripes\"><table><tbody><tr><th>Wzrost i waga<\/th><td><\/td><\/tr><tr><td><strong>Pozycja<\/strong><\/td><td>bramkarz<\/td><\/tr><tr><th>Lata gry w Okocimskim<\/th><td>2022-23<\/td><\/tr><tr><th>Przebieg kariery<\/th><td>2012-15 <img loading=\"lazy\" width=\"23\" height=\"15\" class=\"wp-image-887\" style=\"width: 23px;\" src=\"http:\/\/wikioks.cal24.pl\/wp-content\/uploads\/2021\/01\/pol.gif\" alt=\"\"> Polonia Krak\u00f3w (juniorzy)<br>2015-22 <img src=\"http:\/\/wikioks.cal24.pl\/wp-content\/uploads\/2021\/01\/pol.gif\" alt=\"\"> Hutnik Krak\u00f3w (juniorzy)<br>2022-23 <img src=\"http:\/\/wikioks.cal24.pl\/wp-content\/uploads\/2021\/01\/pol.gif\" alt=\"\"> Okocimski KS Brzesko<br>2023-24 <img src=\"http:\/\/wikioks.cal24.pl\/wp-content\/uploads\/2021\/01\/pol.gif\" alt=\"\"> Dalin My\u015blenice<br>2024-26 <img src=\"http:\/\/wikioks.cal24.pl\/wp-content\/uploads\/2021\/01\/pol.gif\" alt=\"\"> Pcimianka Pcim<br>od 2026 <img src=\"http:\/\/wikioks.cal24.pl\/wp-content\/uploads\/2021\/01\/pol.gif\" alt=\"\"> Gr\u0119ba\u0142owianka Krak\u00f3w<\/td><\/tr><tr><th>Debiut w <strong>Okocimskim<\/strong><\/th><td>06.08.2022 (Orze\u0142 Rycz\u00f3w &#8211; Okocimski KS Brzesko 3:2)<\/td><\/tr><tr><th>Ostatni mecz w <strong>Okocimskim<\/strong><\/th><td>10.06.2023 (Wierchy Rabka &#8211; Okocimski KS Brzesko 6:2)<\/td><\/tr><\/tbody><\/table><\/figure>\n\n\n\n<h3>Bilans zawodnika<\/h3>\n\n\n\n<figure class=\"wp-block-table\"><table><tbody><tr><td><strong>Sezon<\/strong><\/td><td><\/td><td class=\"has-text-align-center\" data-align=\"center\"><strong>Mecze<\/strong><\/td><td class=\"has-text-align-center\" data-align=\"center\"><strong>Bramki<\/strong><\/td><\/tr><tr><td>2022\/23<\/td><td>Okocimski KS Brzesko<\/td><td class=\"has-text-align-center\" data-align=\"center\">22<\/td><td class=\"has-text-align-center\" data-align=\"center\">0<\/td><\/tr><tr><td><strong>Razem<\/strong><\/td><td><\/td><td class=\"has-text-align-center\" data-align=\"center\">22<\/td><td class=\"has-text-align-center\" data-align=\"center\">0<\/td><\/tr><\/tbody><\/table><figcaption>Statystyki dotycz\u0105 jedynie mecz\u00f3w ligowych<\/figcaption><\/figure>\n","protected":false},"excerpt":{"rendered":"<p>Fot. Dawid Zachara Mi\u0142osz \u017bmudzki\u00a0(ur. 12 pa\u017adziernika 2004). Wychowanek Polonii Krak\u00f3w graj\u0105cy na pozycji bramkarza. Do Okocimskiego zosta\u0142 wypo\u017cyczony na<\/p>\n","protected":false},"author":1,"featured_media":0,"parent":0,"menu_order":0,"comment_status":"closed","ping_status":"closed","template":"","meta":{"ngg_post_thumbnail":0},"_links":{"self":[{"href":"https:\/\/wikioks.cal24.pl\/index.php\/wp-json\/wp\/v2\/pages\/1802"}],"collection":[{"href":"https:\/\/wikioks.cal24.pl\/index.php\/wp-json\/wp\/v2\/pages"}],"about":[{"href":"https:\/\/wikioks.cal24.pl\/index.php\/wp-json\/wp\/v2\/types\/page"}],"author":[{"embeddable":true,"href":"https:\/\/wikioks.cal24.pl\/index.php\/wp-json\/wp\/v2\/users\/1"}],"replies":[{"embeddable":true,"href":"https:\/\/wikioks.cal24.pl\/index.php\/wp-json\/wp\/v2\/comments?post=1802"}],"version-history":[{"count":7,"href":"https:\/\/wikioks.cal24.pl\/index.php\/wp-json\/wp\/v2\/pages\/1802\/revisions"}],"predecessor-version":[{"id":6780,"href":"https:\/\/wikioks.cal24.pl\/index.php\/wp-json\/wp\/v2\/pages\/1802\/revisions\/6780"}],"wp:attachment":[{"href":"https:\/\/wikioks.cal24.pl\/index.php\/wp-json\/wp\/v2\/media?parent=1802"}],"curies":[{"name":"wp","href":"https:\/\/api.w.org\/{rel}","templated":true}]}}