{"id":2269,"date":"2023-01-20T16:46:25","date_gmt":"2023-01-20T15:46:25","guid":{"rendered":"http:\/\/wikioks.cal24.pl\/?page_id=2269"},"modified":"2023-01-20T18:00:04","modified_gmt":"2023-01-20T17:00:04","slug":"iv-liga-malopolska-wschod-2019-20","status":"publish","type":"page","link":"https:\/\/wikioks.cal24.pl\/index.php\/iv-liga-malopolska-wschod-2019-20\/","title":{"rendered":"IV liga ma\u0142opolska wsch\u00f3d (2019\/20)"},"content":{"rendered":"\n<figure class=\"wp-block-table is-style-stripes\"><table><tbody><tr><td><strong>Data<\/strong><\/td><td><strong>Nr kolejki<\/strong><\/td><td><strong>Rywal<\/strong> <strong>(dom\/wyjazd)<\/strong><\/td><td class=\"has-text-align-center\" data-align=\"center\"><strong>Wynik<\/strong><\/td><td><strong>Strzelcy dla OKS<\/strong><\/td><\/tr><tr><td>11.08.2019<\/td><td>Kolejka 1<\/td><td><img loading=\"lazy\" width=\"100\" height=\"106\" class=\"wp-image-1501\" style=\"width: 20px;\" src=\"http:\/\/wikioks.cal24.pl\/wp-content\/uploads\/2021\/02\/watra_bialka.gif\" alt=\"\"> Watra Bia\u0142ka Tatrza\u0144ska (w)<\/td><td class=\"has-text-align-center\" data-align=\"center\">0:2<\/td><td><\/td><\/tr><tr><td>14.08.2019<\/td><td>Kolejka 2<\/td><td><img loading=\"lazy\" width=\"109\" height=\"100\" class=\"wp-image-1786\" style=\"width: 20px;\" src=\"http:\/\/wikioks.cal24.pl\/wp-content\/uploads\/2022\/11\/barciczanka.gif\" alt=\"\"> Barciczanka Barcice (w)<\/td><td class=\"has-text-align-center\" data-align=\"center\">2:1<\/td><td>Dawid Lizak 56<br>Arkadiusz Goryczka 63<\/td><\/tr><tr><td>17.08.2019<\/td><td>Kolejka 3<\/td><td><img loading=\"lazy\" width=\"100\" height=\"131\" class=\"wp-image-1497\" style=\"width: 20px;\" src=\"http:\/\/wikioks.cal24.pl\/wp-content\/uploads\/2021\/02\/poprad_rytro.gif\" alt=\"\"> Poprad Rytro (d)<\/td><td class=\"has-text-align-center\" data-align=\"center\">2:0<\/td><td>Dawid Lizak 6<br>\u0141ukasz Kulig 72<\/td><\/tr><tr><td>24.08.2019<\/td><td>Kolejka 4<\/td><td><img loading=\"lazy\" width=\"100\" height=\"100\" class=\"wp-image-1491\" style=\"width: 20px;\" src=\"http:\/\/wikioks.cal24.pl\/wp-content\/uploads\/2021\/02\/glinik_gorlice.gif\" alt=\"\"> Glinik Gorlice (w)<\/td><td class=\"has-text-align-center\" data-align=\"center\">0:0<\/td><td><\/td><\/tr><tr><td>28.08.2019<\/td><td>Kolejka 5<\/td><td><img loading=\"lazy\" width=\"100\" height=\"114\" class=\"wp-image-1489\" style=\"width: 20px;\" src=\"http:\/\/wikioks.cal24.pl\/wp-content\/uploads\/2021\/02\/bochenskiks.gif\" alt=\"\"> Boche\u0144ski KS (d)<\/td><td class=\"has-text-align-center\" data-align=\"center\">0:1<\/td><td><\/td><\/tr><tr><td>01.09.2019<\/td><td>Kolejka 6<\/td><td><img loading=\"lazy\" width=\"100\" height=\"114\" class=\"wp-image-1570\" style=\"width: 20px;\" src=\"http:\/\/wikioks.cal24.pl\/wp-content\/uploads\/2021\/02\/sandecja.gif\" alt=\"\"> Sandecja II Nowy S\u0105cz (w)<\/td><td class=\"has-text-align-center\" data-align=\"center\">0:8<\/td><td><\/td><\/tr><tr><td>07.09.2019<\/td><td>Kolejka 7<\/td><td><img loading=\"lazy\" width=\"110\" height=\"100\" class=\"wp-image-1495\" style=\"width: 20px;\" src=\"http:\/\/wikioks.cal24.pl\/wp-content\/uploads\/2021\/02\/orkan_szczyrzyc.gif\" alt=\"\"> Orkan Szczyrzyc (d)<\/td><td class=\"has-text-align-center\" data-align=\"center\">2:3<\/td><td>Dawid Lizak 29<br>\u0141ukasz Kulig 83<\/td><\/tr><tr><td>14.09.2019<\/td><td>Kolejka 8<\/td><td><img loading=\"lazy\" width=\"100\" height=\"104\" class=\"wp-image-1492\" style=\"width: 20px;\" src=\"http:\/\/wikioks.cal24.pl\/wp-content\/uploads\/2021\/02\/limanovia.gif\" alt=\"\"> Limanovia Limanowa (w)<\/td><td class=\"has-text-align-center\" data-align=\"center\">2:0<\/td><td>Sergiusz Kostecki 79 (k)<br>Micha\u0142 Wa\u015bko 90<\/td><\/tr><tr><td>18.09.2019<\/td><td>Kolejka 9<\/td><td><img loading=\"lazy\" width=\"100\" height=\"121\" class=\"wp-image-2021\" style=\"width: 20px;\" src=\"http:\/\/wikioks.cal24.pl\/wp-content\/uploads\/2023\/01\/unia_tarnow.gif\" alt=\"\"> Unia Tarn\u00f3w (d)<\/td><td class=\"has-text-align-center\" data-align=\"center\">0:3<\/td><td><\/td><\/tr><tr><td>21.09.2019<\/td><td>Kolejka 10<\/td><td><img src=\"http:\/\/wikioks.cal24.pl\/wp-content\/uploads\/2021\/02\/tarnovia.gif\" alt=\"\" style=\"width: 20px;\"> Tarnovia Tarn\u00f3w (w)<\/td><td class=\"has-text-align-center\" data-align=\"center\">0:2<\/td><td><\/td><\/tr><tr><td>28.09.2019<\/td><td>Kolejka 11<\/td><td><img loading=\"lazy\" width=\"100\" height=\"121\" class=\"wp-image-1490\" style=\"width: 20px;\" src=\"http:\/\/wikioks.cal24.pl\/wp-content\/uploads\/2021\/02\/gksdrwinia.gif\" alt=\"\"> GKS Drwinia (d)<\/td><td class=\"has-text-align-center\" data-align=\"center\">1:1<\/td><td>Micha\u0142 Wa\u015bko 5<\/td><\/tr><tr><td>05.10.2019<\/td><td>Kolejka 12<\/td><td><img loading=\"lazy\" width=\"104\" height=\"100\" class=\"wp-image-1496\" style=\"width: 20px;\" src=\"http:\/\/wikioks.cal24.pl\/wp-content\/uploads\/2021\/02\/poprad_muszyna.gif\" alt=\"\"> Poprad Muszyna (w)<\/td><td class=\"has-text-align-center\" data-align=\"center\">1:3<\/td><td>Sergiusz Kostecki 57<\/td><\/tr><tr><td>12.10.2019<\/td><td>Kolejka 13<\/td><td><img loading=\"lazy\" width=\"100\" height=\"121\" class=\"wp-image-1734\" style=\"width: 20px;\" src=\"http:\/\/wikioks.cal24.pl\/wp-content\/uploads\/2022\/11\/nieciecza.gif\" alt=\"\"> Bruk-Bet Termalica II Nieciecza (d)<\/td><td class=\"has-text-align-center\" data-align=\"center\">1:2<\/td><td>Marcin Woda 90<\/td><\/tr><tr><td>20.10.2019<\/td><td>Kolejka 14<\/td><td><img loading=\"lazy\" width=\"100\" height=\"114\" class=\"wp-image-1502\" style=\"width: 20px;\" src=\"http:\/\/wikioks.cal24.pl\/wp-content\/uploads\/2021\/02\/wierchy_rabka.gif\" alt=\"\"> Wierchy Rabka Zdr\u00f3j (w)<\/td><td class=\"has-text-align-center\" data-align=\"center\">1:0<\/td><td>Mateusz Ci\u0119ciwa 89<\/td><\/tr><tr><td>26.10.2019<\/td><td>Kolejka 15<\/td><td><img loading=\"lazy\" width=\"100\" height=\"118\" class=\"wp-image-1503\" style=\"width: 20px;\" src=\"http:\/\/wikioks.cal24.pl\/wp-content\/uploads\/2021\/02\/wolania_wolarzedzinska.gif\" alt=\"\"> Wolania Wola Rz\u0119dzi\u0144ska (d)<\/td><td class=\"has-text-align-center\" data-align=\"center\">0:1<\/td><td><\/td><\/tr><tr><td>03.11.2019<\/td><td>Kolejka 16<\/td><td><img loading=\"lazy\" width=\"100\" height=\"104\" class=\"wp-image-1493\" style=\"width: 20px;\" src=\"http:\/\/wikioks.cal24.pl\/wp-content\/uploads\/2021\/02\/luban_maniowy.gif\" alt=\"\"> Luba\u0144 Maniowy (w)<\/td><td class=\"has-text-align-center\" data-align=\"center\">1:3<\/td><td>Sergiusz Kostecki 40 (k)<\/td><\/tr><\/tbody><\/table><figcaption>Rozgrywki przerwane po rundzie jesiennej i niedoko\u0144czone ze wzgl\u0119du na zagro\u017cenie epidemiczne<\/figcaption><\/figure>\n\n\n\n<p><\/p>\n","protected":false},"excerpt":{"rendered":"<p>Data Nr kolejki Rywal (dom\/wyjazd) Wynik Strzelcy dla OKS 11.08.2019 Kolejka 1 Watra Bia\u0142ka Tatrza\u0144ska (w) 0:2 14.08.2019 Kolejka 2<\/p>\n","protected":false},"author":1,"featured_media":0,"parent":0,"menu_order":0,"comment_status":"closed","ping_status":"closed","template":"","meta":{"ngg_post_thumbnail":0},"_links":{"self":[{"href":"https:\/\/wikioks.cal24.pl\/index.php\/wp-json\/wp\/v2\/pages\/2269"}],"collection":[{"href":"https:\/\/wikioks.cal24.pl\/index.php\/wp-json\/wp\/v2\/pages"}],"about":[{"href":"https:\/\/wikioks.cal24.pl\/index.php\/wp-json\/wp\/v2\/types\/page"}],"author":[{"embeddable":true,"href":"https:\/\/wikioks.cal24.pl\/index.php\/wp-json\/wp\/v2\/users\/1"}],"replies":[{"embeddable":true,"href":"https:\/\/wikioks.cal24.pl\/index.php\/wp-json\/wp\/v2\/comments?post=2269"}],"version-history":[{"count":2,"href":"https:\/\/wikioks.cal24.pl\/index.php\/wp-json\/wp\/v2\/pages\/2269\/revisions"}],"predecessor-version":[{"id":2272,"href":"https:\/\/wikioks.cal24.pl\/index.php\/wp-json\/wp\/v2\/pages\/2269\/revisions\/2272"}],"wp:attachment":[{"href":"https:\/\/wikioks.cal24.pl\/index.php\/wp-json\/wp\/v2\/media?parent=2269"}],"curies":[{"name":"wp","href":"https:\/\/api.w.org\/{rel}","templated":true}]}}