{"id":2685,"date":"2023-03-10T21:28:42","date_gmt":"2023-03-10T20:28:42","guid":{"rendered":"http:\/\/wikioks.cal24.pl\/?page_id=2685"},"modified":"2023-08-11T15:00:15","modified_gmt":"2023-08-11T13:00:15","slug":"piotr-nazimek-2","status":"publish","type":"page","link":"https:\/\/wikioks.cal24.pl\/index.php\/piotr-nazimek-2\/","title":{"rendered":"Piotr Nazimek"},"content":{"rendered":"\n<figure id=\"player-profile\" class=\"wp-block-table\"><table class=\"has-fixed-layout\"><tbody><tr><td><img loading=\"lazy\" width=\"622\" height=\"988\" class=\"wp-image-2686\" style=\"width: 350px;\" src=\"http:\/\/wikioks.cal24.pl\/wp-content\/uploads\/2023\/03\/piotr-nazimek.jpg\" alt=\"\" srcset=\"https:\/\/wikioks.cal24.pl\/wp-content\/uploads\/2023\/03\/piotr-nazimek.jpg 622w, https:\/\/wikioks.cal24.pl\/wp-content\/uploads\/2023\/03\/piotr-nazimek-189x300.jpg 189w\" sizes=\"(max-width: 622px) 100vw, 622px\" \/><br><em>Fot. Marek Szczupak<\/em><\/td><td><strong><strong>Piotr Nazimek<\/strong>&nbsp;<\/strong>(ur. 30 maja 1963 w Krakowie). Wychowanek Or\u0142a Piaski Wielkie. Wyst\u0119powa\u0142 na pozycji obro\u0144cy. Zawodnik Okocimskiego w latach 1993-96 oraz 1998. W barwach brzeskiego klubu rozegra\u0142 95 mecz\u00f3w na szczeblu II ligi, w kt\u00f3rych zdoby\u0142 3 bramki. Nast\u0119pnie trener I dru\u017cyny &#8222;Piwoszy&#8221; w latach 1999-2001. <br><br>Popularny &#8222;Pepe&#8221; swoje pierwsze kroki stawia\u0142 w podkrakowskim Orle Piaski Wielkie. Stamt\u0105d trafi\u0142 do Cracovii, gdzie pocz\u0105tkowo wyst\u0119powa\u0142 w dru\u017cynach m\u0142odzie\u017cowych. Na debiut w pierwszym zespole &#8222;Pas\u00f3w&#8221; musia\u0142 czeka\u0107 do wiosny 1981 roku, kiedy to zadebiutowa\u0142 na szczeblu II ligi. W kolejnym sezonie, b\u0119d\u0105c ju\u017c podstawowym obro\u0144c\u0105, wywalczy\u0142 awans do I ligi b\u0119d\u0105cej w\u00f3wczas najwy\u017cszym szczeblem rozgrywkowym. Po dw\u00f3ch sezonach gry w Ekstraklasie musia\u0142 jednak zazna\u0107 gorycz spadku do II ligi. Niebawem przeni\u00f3s\u0142 si\u0119 na G\u00f3rny \u015al\u0105sk, a konkretnie do Katowic. W barwach GKS-u, mimo braku sta\u0142ego miejsca w wyj\u015bciowej jedenastce, \u015bwi\u0119ci\u0142 najwi\u0119ksze sukcesy w karierze jakim by\u0142o dwukrotne zdobycie Pucharu Polski (1986, 1991) oraz gra w europejskich pucharach. \u0141\u0105cznie na szczeblu Ekstraklasy w barwach obu klub\u00f3w wyst\u0105pi\u0142 w 161 spotkaniach zdobywaj\u0105c w nich 2 gole.<br><br>Jako gracz Cracovii w 1981 roku wywalczy\u0142 wicemistrzostwo Europy junior\u00f3w w kategorii U-18. Jako ciekawostk\u0119 mo\u017cna doda\u0107, \u017ce cz\u0142onkami tamtej dru\u017cyny prowadzonej przez Henryka Apostela byli w\u00f3wczas m.in. p\u00f3\u017aniejsi reprezentanci Polski w wydaniu seniorskim: Dariusz Dziekanowski, Dariusz Kubicki, J\u00f3zef Wandzik czy Dariusz Wdowczyk.<br><br>W 1991 roku Nazimek zdecydowa\u0142 si\u0119 na kr\u00f3tki wyjazd do Niemiec. Reprezentowa\u0142 tam barwy amatorskiego DJK Sportfreunde Langwasser, w kt\u00f3rym do\u0142\u0105czy\u0142 do by\u0142ego kolegi z Katowic Wiktora Morcinka.<br><br>Po rocznym pobycie za granic\u0105 wr\u00f3ci\u0142 do Polski. Wiosn\u0105 1993 roku wyst\u0119powa\u0142 w Dalinie My\u015blenice. <br><br>Latem 1993 roku \u015bwie\u017co upieczony beniaminek II ligi z Brzeska szuka\u0142 do\u015bwiadczonego obro\u0144cy. Wyb\u00f3r pad\u0142 na Nazimka, kt\u00f3ry szybko sta\u0142 si\u0119 podpor\u0105 dru\u017cyny. Z Okocimskim si\u0119gn\u0105\u0142 po 4 miejsce w lidze w sezonie 1994\/95. Rok p\u00f3\u017aniej doszed\u0142 z dru\u017cyn\u0105 &#8222;Piwoszy&#8221; do 1\/8 fina\u0142u Pucharu Polski. Na p\u00f3\u0142metku trzeciego sezonu w brzeskim klubie przeni\u00f3s\u0142 si\u0119 do trzecioligowych Karpat Siepraw. Rok p\u00f3\u017aniej powr\u00f3ci\u0142 do Brzeska, jednak nigdy wi\u0119cej nie wyst\u0105pi\u0142 w dru\u017cynie Okocimskiego.<br><br>Po wycofaniu dru\u017cyny z rozgrywek II ligi kontynuowa\u0142 karier\u0119 w klubach z ni\u017cszych lig: Jadowniczance Jadowniki, Andaluzji Rudy Rysie, Rzezawiance Rzezawa, Orkanie Szczyrzyc oraz Stawie Polanka (graj\u0105cy trener).<\/td><\/tr><\/tbody><\/table><\/figure>\n\n\n\n<figure id=\"player-data\" class=\"wp-block-table is-style-stripes\"><table><tbody><tr><th>Wzrost i waga<\/th><td>182 cm \/ 76 kg<\/td><\/tr><tr><td><strong>Pozycja<\/strong><\/td><td>obro\u0144ca<\/td><\/tr><tr><th>Lata gry w Okocimskim<\/th><td>1993-1996<\/td><\/tr><tr><th>Przebieg kariery<\/th><td><img src=\"http:\/\/wikioks.cal24.pl\/wp-content\/uploads\/2021\/01\/pol.gif\" alt=\"\"> Orze\u0142 Piaski Wielkie<br>1981-84 <img src=\"http:\/\/wikioks.cal24.pl\/wp-content\/uploads\/2021\/01\/pol.gif\" alt=\"\"> Cracovia<br>1984-91 <img src=\"http:\/\/wikioks.cal24.pl\/wp-content\/uploads\/2021\/01\/pol.gif\" alt=\"\"> GKS Katowice<br>1991-92 <img loading=\"lazy\" width=\"23\" height=\"15\" class=\"wp-image-2687\" style=\"width: 23px;\" src=\"http:\/\/wikioks.cal24.pl\/wp-content\/uploads\/2023\/03\/ger.gif\" alt=\"\"> DJK Sportfreunde Langwasser<br>1993 <img src=\"http:\/\/wikioks.cal24.pl\/wp-content\/uploads\/2021\/01\/pol.gif\" alt=\"\"> Dalin My\u015blenice<br>1993-96 <img src=\"http:\/\/wikioks.cal24.pl\/wp-content\/uploads\/2021\/01\/pol.gif\" alt=\"\"> Okocimski KS Brzesko<br>1997 <img src=\"http:\/\/wikioks.cal24.pl\/wp-content\/uploads\/2021\/01\/pol.gif\" alt=\"\"> Karpaty Siepraw<br>1998 <img src=\"http:\/\/wikioks.cal24.pl\/wp-content\/uploads\/2021\/01\/pol.gif\" alt=\"\"> Jadowniczanka Jadowniki<br>1998-99 <img src=\"http:\/\/wikioks.cal24.pl\/wp-content\/uploads\/2021\/01\/pol.gif\" alt=\"\"> Andaluzja Rudy Rysie<br>1999-01 <img src=\"http:\/\/wikioks.cal24.pl\/wp-content\/uploads\/2021\/01\/pol.gif\" alt=\"\"> Rzezawianka Rzezawa<br>2002-03 <img src=\"http:\/\/wikioks.cal24.pl\/wp-content\/uploads\/2021\/01\/pol.gif\" alt=\"\"> Orkan Szczyrzyc<br>2003 <img src=\"http:\/\/wikioks.cal24.pl\/wp-content\/uploads\/2021\/01\/pol.gif\" alt=\"\"> Staw Polanka<\/td><\/tr><tr><th>Debiut w <strong>Okocimskim<\/strong><\/th><td>25.07.1993 (Okocimski KS Brzesko &#8211; Hutnik Warszawa 0:0)<\/td><\/tr><tr><th>Ostatni mecz w <strong>Okocimskim<\/strong><\/th><td>10.11.1996 (Okocimski KS Brzesko &#8211; Dolcan Z\u0105bki 1:2)<\/td><\/tr><\/tbody><\/table><\/figure>\n\n\n\n<h3>Bilans zawodnika<\/h3>\n\n\n\n<figure class=\"wp-block-table\"><table><tbody><tr><td><strong>Sezon<\/strong><\/td><td><\/td><td class=\"has-text-align-center\" data-align=\"center\"><strong>Mecze<\/strong><\/td><td class=\"has-text-align-center\" data-align=\"center\"><strong>Bramki<\/strong><\/td><\/tr><tr><td>1993\/94<\/td><td>Okocimski KS Brzesko<\/td><td class=\"has-text-align-center\" data-align=\"center\">30<\/td><td class=\"has-text-align-center\" data-align=\"center\">3<\/td><\/tr><tr><td>1994\/95<\/td><td>Okocimski KS Brzesko<\/td><td class=\"has-text-align-center\" data-align=\"center\">24<\/td><td class=\"has-text-align-center\" data-align=\"center\">0<\/td><\/tr><tr><td>1995\/96<\/td><td>Okocimski KS Brzesko<\/td><td class=\"has-text-align-center\" data-align=\"center\">27<\/td><td class=\"has-text-align-center\" data-align=\"center\">0<\/td><\/tr><tr><td>1996\/97 (w)<\/td><td>Okocimski KS Brzesko<\/td><td class=\"has-text-align-center\" data-align=\"center\">14<\/td><td class=\"has-text-align-center\" data-align=\"center\">0<\/td><\/tr><tr><td><strong>Razem<\/strong><\/td><td><\/td><td class=\"has-text-align-center\" data-align=\"center\">95<\/td><td class=\"has-text-align-center\" data-align=\"center\">3<\/td><\/tr><\/tbody><\/table><figcaption>Statystyki dotycz\u0105 jedynie mecz\u00f3w ligowych<\/figcaption><\/figure>\n\n\n\n<h2>Piotr Nazimek jako trener Okocimskiego<\/h2>\n\n\n\n<p>Po zako\u0144czeniu kariery pi\u0142karskiej na poziomie zawodowym Piotr Nazimek rozpocz\u0105\u0142 prac\u0119 w roli trenera junior\u00f3w Okocimskiego. Pocz\u0105tkowo prowadzi\u0142 zesp\u00f3\u0142 junior\u00f3w m\u0142odszych, za\u015b Ireneusz Salamon odpowiedzialny by\u0142 za ekip\u0119 junior\u00f3w starszych. Wiosn\u0105 1999 roku grupa Salamona stanowi\u0142a bezpo\u015brednie zaplecze dla dru\u017cyny senior\u00f3w i pewne by\u0142o, \u017ce du\u017ca cz\u0119\u015b\u0107 jego podopiecznych wkr\u00f3tce do\u0142\u0105czy do pierwszego zespo\u0142u, kt\u00f3ry niebawem mia\u0142 bra\u0107 czynny udzia\u0142 w reaktywacji Okocimskiego na szczeblu IV ligi. Wyniki &#8222;Piwoszy&#8221; na tym szczeblu rozgrywkowym by\u0142y m\u00f3wi\u0105c delikatnie sporym zawodem. Zesp\u00f3\u0142 po serii o\u015bmiu remis\u00f3w i dw\u00f3ch pora\u017ckach, majacy w sk\u0142adzie by\u0142ych drugoligowc\u00f3w, si\u0119gn\u0105\u0142 po pierwszy komplet punkt\u00f3w dopiero w 11. kolejce. Dwie kolejne pora\u017cki sprawi\u0142y, \u017ce zarz\u0105d klubu podj\u0105\u0142 decyzj\u0119 o rozstaniu z trenerem Salamonem. Jego miejsce zaj\u0105\u0142 Piotr Nazimek. Jego debiut w roli szkoleniowca przypad\u0142 na zwyci\u0119ski mecz z Glinikiem Gorlice (2:1). <\/p>\n\n\n\n<p><em>&#8211; Za Irka ch\u0142opaki wcale nie przegrywali. Okocimski by\u0142 w\u00f3wczas dru\u017cyn\u0105, kt\u00f3ra najcz\u0119\u015bciej remisowa\u0142a. Owszem, by\u0142y takie podteksty, \u017ce razem z ch\u0142opakami wysadzi\u0142em Irka ze sto\u0142ka. Jego pech polega\u0142 na tym, \u017ce musia\u0142 zesp\u00f3\u0142 montowa\u0107 na pr\u0119dce. Nie wytrzyma\u0142 presji. Kiedy ja przyszed\u0142em, ch\u0142opcy ju\u017c troch\u0119 okrzepli<\/em> &#8211; wyja\u015bnia\u0142 Nazimek w wywiadzie dla Dziennika Polskiego.<\/p>\n\n\n\n<p>Mimo, \u017ce strata punktowa do czo\u0142owych miejsc w IV lidze ma\u0142opolskiej by\u0142a ogromna, to zesp\u00f3\u0142 Okocimskiego pod wodz\u0105 Nazimka zanotowa\u0142 spory progres. Do ko\u0144ca sezonu brzeszczanie wygrali w lidze 14 mecz\u00f3w, 3 razy zremisowali i zanotowali raptem 3 pora\u017cki (przerwany mecz z Tarnovi\u0105 ostatecznie zweryfikowany jako obustronny walkower). Ostatecznie dru\u017cyna uplasowa\u0142a si\u0119 na koniec sezonu 1999\/00 na sz\u00f3stym miejscu. Warto doda\u0107, \u017ce Okocimski znakomicie radzi\u0142 sobie w rozgrywkach Pucharu Polski na szczeblu okr\u0119gu tarnowskiego. &#8222;Piwosze&#8221; w p\u00f3\u0142finale po rzutach karnych pokonali trzecioligow\u0105 Wis\u0142ok\u0119 D\u0119bica, za\u015b w fina\u0142owym dwumeczu okazali si\u0119 zdecydowanie lepsi od ligowego rywala z Bochni. W nagrod\u0119 za zdobycie wojew\u00f3dzkiego Pucharu Polski zawodnicy Okocimskiego mogli zagra\u0107 na szczeblu centralnym. <\/p>\n\n\n\n<p>W kolejnym sezonie cel jaki postawiono przed dru\u017cyn\u0105 Nazimka by\u0142 jasny &#8211; awans do III ligi. W wyniku reorganizacji IV ligi przed sezonem 2000\/01 dokonano podzia\u0142u na dwie grupy: zachodni\u0105 i wschodni\u0105, a o promocji do wy\u017cszej klasy rozgrywkowej mia\u0142 zdecydowa\u0107 bara\u017cowy dwumecz pomi\u0119dzy zwyci\u0119zcami obu grup. Na szcz\u0119\u015bcie w Brzesku uda\u0142o si\u0119 zachowa\u0107 trzon zespo\u0142u sk\u0142adaj\u0105cy si\u0119 z by\u0142ych drugoligowc\u00f3w. Wa\u017cn\u0105 rol\u0119 odgrywali te\u017c m\u0142odzi wychowankowie, z kt\u00f3rych cz\u0119sto korzysta\u0142 trener &#8222;Piwoszy&#8221;. W gronie faworyt\u00f3w Okocimski by\u0142 upatrywany jako jeden z g\u0142\u00f3wnych faworyt\u00f3w do zwyci\u0119stwa w grupie wschodniej IV ligi. Na p\u00f3\u0142metku rozgrywek brzeszczanie tracili jednak punkt do prowadz\u0105cej Victorii Witowice Dolne. Gdyby nie kilka niepotrzebnych wpadek jak remisy w Woli Rz\u0119dzi\u0144skiej i Witowicach oraz niespodziewane pora\u017cki z Popradem Muszyna i Dunajcem Nowy S\u0105cz dru\u017cyna pewnie prowadzi\u0142aby w tabeli. Na wiosn\u0119 w ligowch zmaganiach gracze Okocimskiego nie zaznali ju\u017c pora\u017cki. W decyduj\u0105cym meczu o prym w ligowej tabeli zdecydowanie pokonali Victori\u0119 Witowice Dolne 4:1 i po ma\u0142u mogli my\u015ble\u0107 o dwumeczu bara\u017cowym. Jak si\u0119 p\u00f3\u017aniej okaza\u0142o rywalem &#8222;Piwoszy&#8221; mia\u0142 by\u0107 \u015awit Krzeszowice. Niespodziewanie na 3 kolejki przed ko\u0144cem zmaga\u0144 w lidze Piotr Nazimek przesta\u0142 pe\u0142ni\u0107 rol\u0119 trenera Okocimskiego. <\/p>\n\n\n\n<p><em>&#8211; Wszystko zacz\u0119\u0142o si\u0119 od meczu z Popradem, na kt\u00f3ry nie pojecha\u0142em. Nie potrafi\u0142em si\u0119 dogada\u0107 z dzia\u0142aczami. Mieli\u015bmy do siebie wzajemne pretensje. Ja nie mog\u0119 sobie wiele zarzuci\u0107, wyniki m\u00f3wi\u0105 same za siebie. Po meczu z Popradem losy potoczy\u0142y si\u0119 lawinowo. Um\u00f3wmy si\u0119, \u017ce rozstali\u015bmy si\u0119 w przyjaznej atmosferze<\/em> &#8211; m\u00f3wi\u0142 Nazimek na \u0142amach Dziennika Polskiego.<\/p>\n\n\n\n<p>Do bara\u017cy dru\u017cyna przygotowywa\u0142a si\u0119 pod wodz\u0105 graj\u0105cego trenera Tomasza Szczepa\u0144skiego. Dwumecz ze zwyci\u0119zc\u0105 grupy krakowskiej by\u0142 bardzo zaci\u0119ty, a oba spotkania ko\u0144czy\u0142y si\u0119 remisami (1:1 w Krzeszowicach i 2:2 w Brzesku). Ostatecznie z awansu do III ligi mogli cieszy\u0107 si\u0119 gracze \u015awitu. <\/p>\n\n\n\n<p><em>&#8211; Podoba\u0142a mi si\u0119 walka w obu spotkaniach. W Krzeszowicach Okocimski zagra\u0142 koncertowo 70 minut. Szkoda, \u017ce nie wykorzystali stworzonych tam sytuacji. W meczu wyjazdowym tkwi\u0142 klucz do sukcesu. Dwie bramki strzelone na wyje\u017adzie wszystko by wyja\u015bni\u0142y. Troch\u0119 zawi\u00f3d\u0142 Krzysiu Filipczak. Pami\u0119tajmy jednak, \u017ce on ma k\u0142opoty z nog\u0105. Przy takiej bezpardonowej grze musia\u0142 uwa\u017ca\u0107. Kibice na niego psioczyli. Gdyby jednak wykorzysta\u0142 &#8222;setk\u0119&#8221; w Krzeszowicach, dzi\u015b nosiliby go na r\u0119kach. Z kolei w drugim meczu za ma\u0142o wykorzystany by\u0142 Poskrobko. Robert niepotrzebnie i zbyt cz\u0119sto wchodzi\u0142 na pozycj\u0119 atakuj\u0105cego. No i te brzemienne w skutkach b\u0142\u0119dy w obronie. Jednak nikogo bym tu o nic nie podejrzewa\u0142. To s\u0105 uczciwe ch\u0142opaki, ambitnie grali do ko\u0144ca. B\u0142\u0119dy zdarzaj\u0105 si\u0119 ka\u017cdemu<\/em> &#8211; podsumowa\u0142 Nazimek.<\/p>\n\n\n\n<p>Po odej\u015bciu z Okocimskiego Nazimek obj\u0105\u0142 IV-ligowy Dalin My\u015blenice (2001\/02), by\u0142 graj\u0105cym trenerem Stawu Polanka (do ko\u0144ca 2002\/03). Prowadzi\u0142 r\u00f3wnie\u017c Gr\u0119ba\u0142owiank\u0119 Krak\u00f3w (wiosna i jesie\u0144 2003), Turbacz Mszana Dolna (2003\/04). Nast\u0119pnie wyjecha\u0142 do Anglii.<\/p>\n\n\n\n<p><\/p>\n\n\n\n<h2>Zdj\u0119cia<\/h2>\n\n\n\n<!-- default-view.php -->\n<div\n\tclass=\"ngg-galleryoverview default-view \"\n\tid=\"ngg-gallery-2b21b111ff732b2df9a366b6eea90c10-1\">\n\n\t\t<!-- Thumbnails -->\n\t\t\t\t<div id=\"ngg-image-0\" class=\"ngg-gallery-thumbnail-box \" >\n\t\t\t\t        <div class=\"ngg-gallery-thumbnail\">\n            <a href=\"https:\/\/wikioks.cal24.pl\/wp-content\/gallery\/piotr-nazimek\/nazimek_salamon.jpg\"\n               title=\"\"\n               data-src=\"https:\/\/wikioks.cal24.pl\/wp-content\/gallery\/piotr-nazimek\/nazimek_salamon.jpg\"\n               data-thumbnail=\"https:\/\/wikioks.cal24.pl\/wp-content\/gallery\/piotr-nazimek\/thumbs\/thumbs_nazimek_salamon.jpg\"\n               data-image-id=\"25\"\n               data-title=\"nazimek_salamon\"\n               data-description=\"\"\n               data-image-slug=\"nazimek_salamon\"\n               class=\"ngg-simplelightbox\" rel=\"2b21b111ff732b2df9a366b6eea90c10\">\n                <img\n                    title=\"nazimek_salamon\"\n                    alt=\"nazimek_salamon\"\n                    src=\"https:\/\/wikioks.cal24.pl\/wp-content\/gallery\/piotr-nazimek\/thumbs\/thumbs_nazimek_salamon.jpg\"\n                    width=\"240\"\n                    height=\"160\"\n                    style=\"max-width:100%;\"\n                \/>\n            <\/a>\n        <\/div>\n\t\t\t\t\t\t\t<\/div> \n\t\t\t\n\t\t\t\t<div id=\"ngg-image-1\" class=\"ngg-gallery-thumbnail-box \" >\n\t\t\t\t        <div class=\"ngg-gallery-thumbnail\">\n            <a href=\"https:\/\/wikioks.cal24.pl\/wp-content\/gallery\/piotr-nazimek\/nazimek_piotr1.jpg\"\n               title=\"\"\n               data-src=\"https:\/\/wikioks.cal24.pl\/wp-content\/gallery\/piotr-nazimek\/nazimek_piotr1.jpg\"\n               data-thumbnail=\"https:\/\/wikioks.cal24.pl\/wp-content\/gallery\/piotr-nazimek\/thumbs\/thumbs_nazimek_piotr1.jpg\"\n               data-image-id=\"26\"\n               data-title=\"nazimek_piotr1\"\n               data-description=\"\"\n               data-image-slug=\"nazimek_piotr1\"\n               class=\"ngg-simplelightbox\" rel=\"2b21b111ff732b2df9a366b6eea90c10\">\n                <img\n                    title=\"nazimek_piotr1\"\n                    alt=\"nazimek_piotr1\"\n                    src=\"https:\/\/wikioks.cal24.pl\/wp-content\/gallery\/piotr-nazimek\/thumbs\/thumbs_nazimek_piotr1.jpg\"\n                    width=\"240\"\n                    height=\"160\"\n                    style=\"max-width:100%;\"\n                \/>\n            <\/a>\n        <\/div>\n\t\t\t\t\t\t\t<\/div> \n\t\t\t\n\t\t\t\t<div id=\"ngg-image-2\" class=\"ngg-gallery-thumbnail-box \" >\n\t\t\t\t        <div class=\"ngg-gallery-thumbnail\">\n            <a href=\"https:\/\/wikioks.cal24.pl\/wp-content\/gallery\/piotr-nazimek\/nazimek_piotr2.jpg\"\n               title=\"\"\n               data-src=\"https:\/\/wikioks.cal24.pl\/wp-content\/gallery\/piotr-nazimek\/nazimek_piotr2.jpg\"\n               data-thumbnail=\"https:\/\/wikioks.cal24.pl\/wp-content\/gallery\/piotr-nazimek\/thumbs\/thumbs_nazimek_piotr2.jpg\"\n               data-image-id=\"27\"\n               data-title=\"nazimek_piotr2\"\n               data-description=\"\"\n               data-image-slug=\"nazimek_piotr2\"\n               class=\"ngg-simplelightbox\" rel=\"2b21b111ff732b2df9a366b6eea90c10\">\n                <img\n                    title=\"nazimek_piotr2\"\n                    alt=\"nazimek_piotr2\"\n                    src=\"https:\/\/wikioks.cal24.pl\/wp-content\/gallery\/piotr-nazimek\/thumbs\/thumbs_nazimek_piotr2.jpg\"\n                    width=\"240\"\n                    height=\"160\"\n                    style=\"max-width:100%;\"\n                \/>\n            <\/a>\n        <\/div>\n\t\t\t\t\t\t\t<\/div> \n\t\t\t\n\t\t\t\t<div id=\"ngg-image-3\" class=\"ngg-gallery-thumbnail-box \" >\n\t\t\t\t        <div class=\"ngg-gallery-thumbnail\">\n            <a href=\"https:\/\/wikioks.cal24.pl\/wp-content\/gallery\/piotr-nazimek\/nazimek_piotr3.jpg\"\n               title=\"\"\n               data-src=\"https:\/\/wikioks.cal24.pl\/wp-content\/gallery\/piotr-nazimek\/nazimek_piotr3.jpg\"\n               data-thumbnail=\"https:\/\/wikioks.cal24.pl\/wp-content\/gallery\/piotr-nazimek\/thumbs\/thumbs_nazimek_piotr3.jpg\"\n               data-image-id=\"28\"\n               data-title=\"nazimek_piotr3\"\n               data-description=\"\"\n               data-image-slug=\"nazimek_piotr3\"\n               class=\"ngg-simplelightbox\" rel=\"2b21b111ff732b2df9a366b6eea90c10\">\n                <img\n                    title=\"nazimek_piotr3\"\n                    alt=\"nazimek_piotr3\"\n                    src=\"https:\/\/wikioks.cal24.pl\/wp-content\/gallery\/piotr-nazimek\/thumbs\/thumbs_nazimek_piotr3.jpg\"\n                    width=\"240\"\n                    height=\"160\"\n                    style=\"max-width:100%;\"\n                \/>\n            <\/a>\n        <\/div>\n\t\t\t\t\t\t\t<\/div> \n\t\t\t\n\t\t\t\t<div id=\"ngg-image-4\" class=\"ngg-gallery-thumbnail-box \" >\n\t\t\t\t        <div class=\"ngg-gallery-thumbnail\">\n            <a href=\"https:\/\/wikioks.cal24.pl\/wp-content\/gallery\/piotr-nazimek\/nazimek_piotr4.jpg\"\n               title=\"\"\n               data-src=\"https:\/\/wikioks.cal24.pl\/wp-content\/gallery\/piotr-nazimek\/nazimek_piotr4.jpg\"\n               data-thumbnail=\"https:\/\/wikioks.cal24.pl\/wp-content\/gallery\/piotr-nazimek\/thumbs\/thumbs_nazimek_piotr4.jpg\"\n               data-image-id=\"29\"\n               data-title=\"nazimek_piotr4\"\n               data-description=\"\"\n               data-image-slug=\"nazimek_piotr4\"\n               class=\"ngg-simplelightbox\" rel=\"2b21b111ff732b2df9a366b6eea90c10\">\n                <img\n                    title=\"nazimek_piotr4\"\n                    alt=\"nazimek_piotr4\"\n                    src=\"https:\/\/wikioks.cal24.pl\/wp-content\/gallery\/piotr-nazimek\/thumbs\/thumbs_nazimek_piotr4.jpg\"\n                    width=\"240\"\n                    height=\"160\"\n                    style=\"max-width:100%;\"\n                \/>\n            <\/a>\n        <\/div>\n\t\t\t\t\t\t\t<\/div> \n\t\t\t\n\t\t\t\t<div id=\"ngg-image-5\" class=\"ngg-gallery-thumbnail-box \" >\n\t\t\t\t        <div class=\"ngg-gallery-thumbnail\">\n            <a href=\"https:\/\/wikioks.cal24.pl\/wp-content\/gallery\/piotr-nazimek\/nazimek_piotr6.jpg\"\n               title=\"\"\n               data-src=\"https:\/\/wikioks.cal24.pl\/wp-content\/gallery\/piotr-nazimek\/nazimek_piotr6.jpg\"\n               data-thumbnail=\"https:\/\/wikioks.cal24.pl\/wp-content\/gallery\/piotr-nazimek\/thumbs\/thumbs_nazimek_piotr6.jpg\"\n               data-image-id=\"30\"\n               data-title=\"nazimek_piotr6\"\n               data-description=\"\"\n               data-image-slug=\"nazimek_piotr6\"\n               class=\"ngg-simplelightbox\" rel=\"2b21b111ff732b2df9a366b6eea90c10\">\n                <img\n                    title=\"nazimek_piotr6\"\n                    alt=\"nazimek_piotr6\"\n                    src=\"https:\/\/wikioks.cal24.pl\/wp-content\/gallery\/piotr-nazimek\/thumbs\/thumbs_nazimek_piotr6.jpg\"\n                    width=\"240\"\n                    height=\"160\"\n                    style=\"max-width:100%;\"\n                \/>\n            <\/a>\n        <\/div>\n\t\t\t\t\t\t\t<\/div> \n\t\t\t\n\t\t\t\t<div id=\"ngg-image-6\" class=\"ngg-gallery-thumbnail-box \" >\n\t\t\t\t        <div class=\"ngg-gallery-thumbnail\">\n            <a href=\"https:\/\/wikioks.cal24.pl\/wp-content\/gallery\/piotr-nazimek\/nazimekpiotr-jagiellonia-1994.jpg\"\n               title=\"\"\n               data-src=\"https:\/\/wikioks.cal24.pl\/wp-content\/gallery\/piotr-nazimek\/nazimekpiotr-jagiellonia-1994.jpg\"\n               data-thumbnail=\"https:\/\/wikioks.cal24.pl\/wp-content\/gallery\/piotr-nazimek\/thumbs\/thumbs_nazimekpiotr-jagiellonia-1994.jpg\"\n               data-image-id=\"31\"\n               data-title=\"nazimekpiotr-jagiellonia-1994\"\n               data-description=\"\"\n               data-image-slug=\"nazimekpiotr-jagiellonia-1994\"\n               class=\"ngg-simplelightbox\" rel=\"2b21b111ff732b2df9a366b6eea90c10\">\n                <img\n                    title=\"nazimekpiotr-jagiellonia-1994\"\n                    alt=\"nazimekpiotr-jagiellonia-1994\"\n                    src=\"https:\/\/wikioks.cal24.pl\/wp-content\/gallery\/piotr-nazimek\/thumbs\/thumbs_nazimekpiotr-jagiellonia-1994.jpg\"\n                    width=\"240\"\n                    height=\"160\"\n                    style=\"max-width:100%;\"\n                \/>\n            <\/a>\n        <\/div>\n\t\t\t\t\t\t\t<\/div> \n\t\t\t\n\t\t\t\t<div id=\"ngg-image-7\" class=\"ngg-gallery-thumbnail-box \" >\n\t\t\t\t        <div class=\"ngg-gallery-thumbnail\">\n            <a href=\"https:\/\/wikioks.cal24.pl\/wp-content\/gallery\/piotr-nazimek\/piotr-nazimek.jpg\"\n               title=\"\"\n               data-src=\"https:\/\/wikioks.cal24.pl\/wp-content\/gallery\/piotr-nazimek\/piotr-nazimek.jpg\"\n               data-thumbnail=\"https:\/\/wikioks.cal24.pl\/wp-content\/gallery\/piotr-nazimek\/thumbs\/thumbs_piotr-nazimek.jpg\"\n               data-image-id=\"32\"\n               data-title=\"piotr-nazimek\"\n               data-description=\"\"\n               data-image-slug=\"piotr-nazimek\"\n               class=\"ngg-simplelightbox\" rel=\"2b21b111ff732b2df9a366b6eea90c10\">\n                <img\n                    title=\"piotr-nazimek\"\n                    alt=\"piotr-nazimek\"\n                    src=\"https:\/\/wikioks.cal24.pl\/wp-content\/gallery\/piotr-nazimek\/thumbs\/thumbs_piotr-nazimek.jpg\"\n                    width=\"240\"\n                    height=\"160\"\n                    style=\"max-width:100%;\"\n                \/>\n            <\/a>\n        <\/div>\n\t\t\t\t\t\t\t<\/div> \n\t\t\t\n\t\n\t<br style=\"clear: both\" \/>\n\n\t\n\t\t<!-- Pagination -->\n\t<div class='ngg-clear'><\/div>\t<\/div>\n\n","protected":false},"excerpt":{"rendered":"<p>Fot. Marek Szczupak Piotr Nazimek&nbsp;(ur. 30 maja 1963 w Krakowie). Wychowanek Or\u0142a Piaski Wielkie. Wyst\u0119powa\u0142 na pozycji obro\u0144cy. Zawodnik Okocimskiego<\/p>\n","protected":false},"author":1,"featured_media":0,"parent":0,"menu_order":0,"comment_status":"closed","ping_status":"closed","template":"","meta":{"ngg_post_thumbnail":0},"_links":{"self":[{"href":"https:\/\/wikioks.cal24.pl\/index.php\/wp-json\/wp\/v2\/pages\/2685"}],"collection":[{"href":"https:\/\/wikioks.cal24.pl\/index.php\/wp-json\/wp\/v2\/pages"}],"about":[{"href":"https:\/\/wikioks.cal24.pl\/index.php\/wp-json\/wp\/v2\/types\/page"}],"author":[{"embeddable":true,"href":"https:\/\/wikioks.cal24.pl\/index.php\/wp-json\/wp\/v2\/users\/1"}],"replies":[{"embeddable":true,"href":"https:\/\/wikioks.cal24.pl\/index.php\/wp-json\/wp\/v2\/comments?post=2685"}],"version-history":[{"count":7,"href":"https:\/\/wikioks.cal24.pl\/index.php\/wp-json\/wp\/v2\/pages\/2685\/revisions"}],"predecessor-version":[{"id":4478,"href":"https:\/\/wikioks.cal24.pl\/index.php\/wp-json\/wp\/v2\/pages\/2685\/revisions\/4478"}],"wp:attachment":[{"href":"https:\/\/wikioks.cal24.pl\/index.php\/wp-json\/wp\/v2\/media?parent=2685"}],"curies":[{"name":"wp","href":"https:\/\/api.w.org\/{rel}","templated":true}]}}