{"id":2730,"date":"2023-03-18T14:14:11","date_gmt":"2023-03-18T13:14:11","guid":{"rendered":"http:\/\/wikioks.cal24.pl\/?page_id=2730"},"modified":"2024-09-05T14:32:23","modified_gmt":"2024-09-05T12:32:23","slug":"milosz-tysiak","status":"publish","type":"page","link":"https:\/\/wikioks.cal24.pl\/index.php\/milosz-tysiak\/","title":{"rendered":"Mi\u0142osz Tysiak"},"content":{"rendered":"\n<figure id=\"player-profile\" class=\"wp-block-table\"><table class=\"has-fixed-layout\"><tbody><tr><td><img loading=\"lazy\" width=\"400\" height=\"600\" class=\"wp-image-2731\" style=\"width: 400px;\" src=\"http:\/\/wikioks.cal24.pl\/wp-content\/uploads\/2023\/03\/milosz_tysiak.jpg\" alt=\"\" srcset=\"https:\/\/wikioks.cal24.pl\/wp-content\/uploads\/2023\/03\/milosz_tysiak.jpg 400w, https:\/\/wikioks.cal24.pl\/wp-content\/uploads\/2023\/03\/milosz_tysiak-200x300.jpg 200w\" sizes=\"(max-width: 400px) 100vw, 400px\" \/><br><em>Fot. Dawid Zachara<\/em><\/td><td><strong><strong>Mi\u0142osz Tysiak<\/strong>\u00a0<\/strong>(ur. 1 stycznia 2002 w Dusznikach Zdroju). Wychowanek Zamku Gorzan\u00f3w graj\u0105cy na pozycji bramkarza. W barwach Okocimskiego rozegra\u0142 7 spotka\u0144 ligowych.<br><br>Prze\u0142omowym momentem w karierze tego obdarzonego dobrymi warunkami fizycznymi golkipera (196 cm wzrostu) by\u0142o do\u0142\u0105czenie do akademii \u015al\u0105ska Wroc\u0142aw. W klubie z Dolnego \u015al\u0105ska pojawi\u0142 si\u0119 w wieku 15 lat. Pocz\u0105tkowo wyst\u0119powa\u0142 w zespole junior\u00f3w, a w 2019 roku do\u0142\u0105czy\u0142 do dru\u017cyny rezerw. W sezonie 2020\/21 znalaz\u0142 si\u0119 nawet w szerokiej kadrze pierwszego zespo\u0142u \u015al\u0105ska, jednak nie zdo\u0142a\u0142 zadebiutowa\u0107 w oficjalnym meczu &#8222;wojskowych&#8221;. Zaliczy\u0142 za to kilka wyst\u0119p\u00f3w w drugiej dru\u017cynie wyst\u0119puj\u0105cej w II lidze. Przed sezonem 2021\/22 do\u0142\u0105czy\u0142 do Sandecji Nowy S\u0105cz, jednak tam r\u00f3wnie\u017c nie dost\u0105pi\u0142 szansy debiutu w meczu mistrzowskim. W pa\u017adzierniku 2022 roku postanowi\u0142 rozwi\u0105za\u0107 kontrakt z Sandecj\u0105, a pocz\u0105tkiem marca 2023 podpisa\u0142 p\u00f3\u0142roczn\u0105 umow\u0119 z Okocimskim.<br><br>Po spadku &#8222;Piwoszy&#8221; do V ligi przez p\u00f3\u0142 roku pozostawa\u0142 bez klubu. Wiosn\u0105 2024 do\u0142\u0105czy\u0142 do CKS-u Czelad\u017a.<\/td><\/tr><\/tbody><\/table><\/figure>\n\n\n\n<figure id=\"player-data\" class=\"wp-block-table is-style-stripes\"><table><tbody><tr><th>Wzrost i waga<\/th><td>196 cm \/ 90 kg<\/td><\/tr><tr><td><strong>Pozycja<\/strong><\/td><td>bramkarz<\/td><\/tr><tr><th>Lata gry w Okocimskim<\/th><td>2023<\/td><\/tr><tr><th>Przebieg kariery<\/th><td>2011-16 <img loading=\"lazy\" width=\"23\" height=\"15\" class=\"wp-image-887\" style=\"width: 23px;\" src=\"http:\/\/wikioks.cal24.pl\/wp-content\/uploads\/2021\/01\/pol.gif\" alt=\"\"> Zamek Gorzan\u00f3w (juniorzy)<br>2017 <img src=\"http:\/\/wikioks.cal24.pl\/wp-content\/uploads\/2021\/01\/pol.gif\" alt=\"\"> Zamek Gorzan\u00f3w<br>2017-18 <img src=\"http:\/\/wikioks.cal24.pl\/wp-content\/uploads\/2021\/01\/pol.gif\" alt=\"\"> \u015al\u0105sk Wroc\u0142aw (juniorzy)<br>2019-20 <img src=\"http:\/\/wikioks.cal24.pl\/wp-content\/uploads\/2021\/01\/pol.gif\" alt=\"\"> \u015al\u0105sk II Wroc\u0142aw<br>2020-21 <img src=\"http:\/\/wikioks.cal24.pl\/wp-content\/uploads\/2021\/01\/pol.gif\" alt=\"\"> \u015al\u0105sk Wroc\u0142aw<br>2021-22 <img src=\"http:\/\/wikioks.cal24.pl\/wp-content\/uploads\/2021\/01\/pol.gif\" alt=\"\"> Sandecja Nowy S\u0105cz<br>2023 <img src=\"http:\/\/wikioks.cal24.pl\/wp-content\/uploads\/2021\/01\/pol.gif\" alt=\"\"> Okocimski KS Brzesko<br>od 2024 <img src=\"http:\/\/wikioks.cal24.pl\/wp-content\/uploads\/2021\/01\/pol.gif\" alt=\"\"> CKS Czelad\u017a<\/td><\/tr><tr><th>Debiut w <strong>Okocimskim<\/strong><\/th><td>18.03.2023 (Okocimski KS Brzesko &#8211; Orze\u0142 Rycz\u00f3w 0:3)<\/td><\/tr><tr><th>Ostatni mecz w <strong>Okocimskim<\/strong><\/th><td>25.06.2023 (Barciczanka Barcice &#8211; Okocimski KS Brzesko 3:2)<\/td><\/tr><\/tbody><\/table><\/figure>\n\n\n\n<h3>Bilans zawodnika<\/h3>\n\n\n\n<figure class=\"wp-block-table\"><table><tbody><tr><td><strong>Sezon<\/strong><\/td><td><\/td><td class=\"has-text-align-center\" data-align=\"center\"><strong>Mecze<\/strong><\/td><td class=\"has-text-align-center\" data-align=\"center\"><strong>Bramki<\/strong><\/td><\/tr><tr><td>2022\/23 (w)<\/td><td>Okocimski KS Brzesko<\/td><td class=\"has-text-align-center\" data-align=\"center\">7<\/td><td class=\"has-text-align-center\" data-align=\"center\">0<\/td><\/tr><tr><td><strong>Razem<\/strong><\/td><td><\/td><td class=\"has-text-align-center\" data-align=\"center\">7<\/td><td class=\"has-text-align-center\" data-align=\"center\">0<\/td><\/tr><\/tbody><\/table><figcaption>Statystyki dotycz\u0105 jedynie mecz\u00f3w ligowych<\/figcaption><\/figure>\n","protected":false},"excerpt":{"rendered":"<p>Fot. Dawid Zachara Mi\u0142osz Tysiak\u00a0(ur. 1 stycznia 2002 w Dusznikach Zdroju). Wychowanek Zamku Gorzan\u00f3w graj\u0105cy na pozycji bramkarza. W barwach<\/p>\n","protected":false},"author":1,"featured_media":0,"parent":0,"menu_order":0,"comment_status":"closed","ping_status":"closed","template":"","meta":{"ngg_post_thumbnail":0},"_links":{"self":[{"href":"https:\/\/wikioks.cal24.pl\/index.php\/wp-json\/wp\/v2\/pages\/2730"}],"collection":[{"href":"https:\/\/wikioks.cal24.pl\/index.php\/wp-json\/wp\/v2\/pages"}],"about":[{"href":"https:\/\/wikioks.cal24.pl\/index.php\/wp-json\/wp\/v2\/types\/page"}],"author":[{"embeddable":true,"href":"https:\/\/wikioks.cal24.pl\/index.php\/wp-json\/wp\/v2\/users\/1"}],"replies":[{"embeddable":true,"href":"https:\/\/wikioks.cal24.pl\/index.php\/wp-json\/wp\/v2\/comments?post=2730"}],"version-history":[{"count":3,"href":"https:\/\/wikioks.cal24.pl\/index.php\/wp-json\/wp\/v2\/pages\/2730\/revisions"}],"predecessor-version":[{"id":5117,"href":"https:\/\/wikioks.cal24.pl\/index.php\/wp-json\/wp\/v2\/pages\/2730\/revisions\/5117"}],"wp:attachment":[{"href":"https:\/\/wikioks.cal24.pl\/index.php\/wp-json\/wp\/v2\/media?parent=2730"}],"curies":[{"name":"wp","href":"https:\/\/api.w.org\/{rel}","templated":true}]}}