{"id":2794,"date":"2023-03-20T19:02:47","date_gmt":"2023-03-20T18:02:47","guid":{"rendered":"http:\/\/wikioks.cal24.pl\/?page_id=2794"},"modified":"2023-04-10T17:47:17","modified_gmt":"2023-04-10T15:47:17","slug":"kadra-i-zespolu-2002-03","status":"publish","type":"page","link":"https:\/\/wikioks.cal24.pl\/index.php\/kadra-i-zespolu-2002-03\/","title":{"rendered":"Kadra I zespo\u0142u (2002\/03)"},"content":{"rendered":"\n<div class=\"wp-block-image\"><figure class=\"aligncenter size-large\"><img loading=\"lazy\" width=\"803\" height=\"551\" src=\"http:\/\/wikioks.cal24.pl\/wp-content\/uploads\/2020\/10\/kadra0203j.jpg\" alt=\"\" class=\"wp-image-132\" srcset=\"https:\/\/wikioks.cal24.pl\/wp-content\/uploads\/2020\/10\/kadra0203j.jpg 803w, https:\/\/wikioks.cal24.pl\/wp-content\/uploads\/2020\/10\/kadra0203j-300x206.jpg 300w, https:\/\/wikioks.cal24.pl\/wp-content\/uploads\/2020\/10\/kadra0203j-768x527.jpg 768w\" sizes=\"(max-width: 803px) 100vw, 803px\" \/><figcaption><strong>W g\u00f3rnym rz\u0119dzie od lewej: <\/strong>S\u0142awomir Jag\u0142a, Robert Sakowicz, Arkadiusz \u015aliwa, Piotr Rojkowicz, Dariusz Kulka, Arkadiusz Ostrowski, Rafa\u0142 Okas, Janusz Kubo\u0144 (trener).<br><strong>W dolnym rz\u0119dzie od lewej: <\/strong>Artur Sacha, Daniel Sacha, Marek Ma\u0142ysa, S\u0142awomir Michalik, Krzysztof Szuba, Rafa\u0142 Seidler, Jaros\u0142aw \u015awi\u0119ch. Fot. Marian Lambert<\/figcaption><\/figure><\/div>\n\n\n\n<div class=\"wp-block-image\"><figure class=\"aligncenter size-large\"><img loading=\"lazy\" width=\"800\" height=\"600\" src=\"http:\/\/wikioks.cal24.pl\/wp-content\/uploads\/2020\/12\/kadra0203w.jpg\" alt=\"\" class=\"wp-image-351\" srcset=\"https:\/\/wikioks.cal24.pl\/wp-content\/uploads\/2020\/12\/kadra0203w.jpg 800w, https:\/\/wikioks.cal24.pl\/wp-content\/uploads\/2020\/12\/kadra0203w-300x225.jpg 300w, https:\/\/wikioks.cal24.pl\/wp-content\/uploads\/2020\/12\/kadra0203w-768x576.jpg 768w, https:\/\/wikioks.cal24.pl\/wp-content\/uploads\/2020\/12\/kadra0203w-250x188.jpg 250w\" sizes=\"(max-width: 800px) 100vw, 800px\" \/><figcaption><strong>W g\u00f3rnym rz\u0119dzie od lewej:<\/strong> Krzysztof Szuba, Mateusz Gurgul, Dariusz Kulka, Robert Sakowicz, Arkadiusz \u015aliwa, Rafa\u0142 Bryl, Piotr Rojkowicz, Grzegorz Witek.<br><strong>W dolnym rz\u0119dzie od lewej:<\/strong> Marek Kotfis (kierownik dru\u017cyny), Daniel Sacha, Rafa\u0142 Okas, Rafa\u0142 Seidler, Pawe\u0142 Pachota, Artur Sacha, Grzegorz P\u0142achta, Dawid Musia\u0142, Krzysztof \u017burawski (masa\u017cysta), Andrzej Iwan (trener). Fot. Szczepan Zydro\u0144<\/figcaption><\/figure><\/div>\n\n\n\n<figure class=\"wp-block-table is-style-stripes\"><table><tbody><tr><td><strong>Imi\u0119 i nazwisko<\/strong><\/td><td class=\"has-text-align-center\" data-align=\"center\"><strong>Kraj<\/strong><\/td><td class=\"has-text-align-center\" data-align=\"center\"><strong>Data ur.<\/strong><\/td><td class=\"has-text-align-center\" data-align=\"center\"><strong>Pozycja<\/strong><\/td><td><strong>Poprzedni klub<\/strong><\/td><td class=\"has-text-align-center\" data-align=\"center\"><strong>Mecze\/bramki<\/strong><\/td><\/tr><tr><td>S\u0142awomir Michalik (j)<\/td><td class=\"has-text-align-center\" data-align=\"center\"><img src=\"http:\/\/wikioks.cal24.pl\/wp-content\/uploads\/2021\/01\/pol.gif\" alt=\"\"><\/td><td class=\"has-text-align-center\" data-align=\"center\">1980<\/td><td class=\"has-text-align-center\" data-align=\"center\">bramkarz<\/td><td>Stra\u017cak Mokrzyska<\/td><td class=\"has-text-align-center\" data-align=\"center\"><\/td><\/tr><tr><td>\u0141ukasz Mikrut<\/td><td class=\"has-text-align-center\" data-align=\"center\"><img src=\"http:\/\/wikioks.cal24.pl\/wp-content\/uploads\/2021\/01\/pol.gif\" alt=\"\"><\/td><td class=\"has-text-align-center\" data-align=\"center\">1980<\/td><td class=\"has-text-align-center\" data-align=\"center\">bramkarz<\/td><td>Wolania Wola Rz\u0119dzi\u0144ska<\/td><td class=\"has-text-align-center\" data-align=\"center\"><\/td><\/tr><tr><td>Krzysztof Szuba<\/td><td class=\"has-text-align-center\" data-align=\"center\"><img src=\"http:\/\/wikioks.cal24.pl\/wp-content\/uploads\/2021\/01\/pol.gif\" alt=\"\"><\/td><td class=\"has-text-align-center\" data-align=\"center\">1983<\/td><td class=\"has-text-align-center\" data-align=\"center\">bramkarz<\/td><td>wychowanek<\/td><td class=\"has-text-align-center\" data-align=\"center\"><\/td><\/tr><tr><td>Grzegorz Witek (w)<\/td><td class=\"has-text-align-center\" data-align=\"center\"><img src=\"http:\/\/wikioks.cal24.pl\/wp-content\/uploads\/2021\/01\/pol.gif\" alt=\"\"><\/td><td class=\"has-text-align-center\" data-align=\"center\">1976<\/td><td class=\"has-text-align-center\" data-align=\"center\">bramkarz<\/td><td>bez klubu<\/td><td class=\"has-text-align-center\" data-align=\"center\"><\/td><\/tr><tr><td>Piotr Kowalczyk<\/td><td class=\"has-text-align-center\" data-align=\"center\"><img src=\"http:\/\/wikioks.cal24.pl\/wp-content\/uploads\/2021\/01\/pol.gif\" alt=\"\"><\/td><td class=\"has-text-align-center\" data-align=\"center\">1982<\/td><td class=\"has-text-align-center\" data-align=\"center\">obro\u0144ca<\/td><td>wychowanek<\/td><td class=\"has-text-align-center\" data-align=\"center\"><\/td><\/tr><tr><td>Dariusz Kulka<\/td><td class=\"has-text-align-center\" data-align=\"center\"><img src=\"http:\/\/wikioks.cal24.pl\/wp-content\/uploads\/2021\/01\/pol.gif\" alt=\"\"><\/td><td class=\"has-text-align-center\" data-align=\"center\">1981<\/td><td class=\"has-text-align-center\" data-align=\"center\">obro\u0144ca<\/td><td>Olimpia Bucze<\/td><td class=\"has-text-align-center\" data-align=\"center\"><\/td><\/tr><tr><td>Marek Ma\u0142ysa<\/td><td class=\"has-text-align-center\" data-align=\"center\"><img src=\"http:\/\/wikioks.cal24.pl\/wp-content\/uploads\/2021\/01\/pol.gif\" alt=\"\"><\/td><td class=\"has-text-align-center\" data-align=\"center\">1980<\/td><td class=\"has-text-align-center\" data-align=\"center\">obro\u0144ca<\/td><td>Orze\u0142 D\u0119bno<\/td><td class=\"has-text-align-center\" data-align=\"center\"><\/td><\/tr><tr><td>Arkadiusz Ostrowski<\/td><td class=\"has-text-align-center\" data-align=\"center\"><img src=\"http:\/\/wikioks.cal24.pl\/wp-content\/uploads\/2021\/01\/pol.gif\" alt=\"\"><\/td><td class=\"has-text-align-center\" data-align=\"center\">1983<\/td><td class=\"has-text-align-center\" data-align=\"center\">obro\u0144ca<\/td><td>wychowanek<\/td><td class=\"has-text-align-center\" data-align=\"center\"><\/td><\/tr><tr><td>Robert Sakowicz<\/td><td class=\"has-text-align-center\" data-align=\"center\"><img src=\"http:\/\/wikioks.cal24.pl\/wp-content\/uploads\/2021\/01\/pol.gif\" alt=\"\"><\/td><td class=\"has-text-align-center\" data-align=\"center\">1972<\/td><td class=\"has-text-align-center\" data-align=\"center\">obro\u0144ca<\/td><td>Marko\/WKS Wielu\u0144<\/td><td class=\"has-text-align-center\" data-align=\"center\"><\/td><\/tr><tr><td>Arkadiusz \u015aliwa<\/td><td class=\"has-text-align-center\" data-align=\"center\"><img src=\"http:\/\/wikioks.cal24.pl\/wp-content\/uploads\/2021\/01\/pol.gif\" alt=\"\"><\/td><td class=\"has-text-align-center\" data-align=\"center\">1974<\/td><td class=\"has-text-align-center\" data-align=\"center\">obro\u0144ca<\/td><td>wychowanek<\/td><td class=\"has-text-align-center\" data-align=\"center\"><\/td><\/tr><tr><td>\u0141ukasz Wojkowski (j)<\/td><td class=\"has-text-align-center\" data-align=\"center\"><img src=\"http:\/\/wikioks.cal24.pl\/wp-content\/uploads\/2021\/01\/pol.gif\" alt=\"\"><\/td><td class=\"has-text-align-center\" data-align=\"center\">1983<\/td><td class=\"has-text-align-center\" data-align=\"center\">obro\u0144ca<\/td><td>wychowanek<\/td><td class=\"has-text-align-center\" data-align=\"center\"><\/td><\/tr><tr><td>Rafa\u0142 Bryl<\/td><td class=\"has-text-align-center\" data-align=\"center\"><img src=\"http:\/\/wikioks.cal24.pl\/wp-content\/uploads\/2021\/01\/pol.gif\" alt=\"\"><\/td><td class=\"has-text-align-center\" data-align=\"center\">1980<\/td><td class=\"has-text-align-center\" data-align=\"center\">pomocnik<\/td><td>Jutrzenka Wierzchos\u0142awice<\/td><td class=\"has-text-align-center\" data-align=\"center\"><\/td><\/tr><tr><td>Mateusz Gurgul (w)<\/td><td class=\"has-text-align-center\" data-align=\"center\"><img src=\"http:\/\/wikioks.cal24.pl\/wp-content\/uploads\/2021\/01\/pol.gif\" alt=\"\"><\/td><td class=\"has-text-align-center\" data-align=\"center\">1982<\/td><td class=\"has-text-align-center\" data-align=\"center\">pomocnik<\/td><td>Orze\u0142 D\u0119bno<\/td><td class=\"has-text-align-center\" data-align=\"center\"><\/td><\/tr><tr><td>S\u0142awomir Jag\u0142a<\/td><td class=\"has-text-align-center\" data-align=\"center\"><img src=\"http:\/\/wikioks.cal24.pl\/wp-content\/uploads\/2021\/01\/pol.gif\" alt=\"\"><\/td><td class=\"has-text-align-center\" data-align=\"center\">1980<\/td><td class=\"has-text-align-center\" data-align=\"center\">pomocnik<\/td><td>Rzezawianka Rzezawa<\/td><td class=\"has-text-align-center\" data-align=\"center\"><\/td><\/tr><tr><td>Sergiusz Kostecki (w)<\/td><td class=\"has-text-align-center\" data-align=\"center\"><img src=\"http:\/\/wikioks.cal24.pl\/wp-content\/uploads\/2021\/01\/pol.gif\" alt=\"\"><\/td><td class=\"has-text-align-center\" data-align=\"center\">1987<\/td><td class=\"has-text-align-center\" data-align=\"center\">pomocnik<\/td><td>wychowanek<\/td><td class=\"has-text-align-center\" data-align=\"center\"><\/td><\/tr><tr><td>Pawe\u0142 Kowalczyk<\/td><td class=\"has-text-align-center\" data-align=\"center\"><img src=\"http:\/\/wikioks.cal24.pl\/wp-content\/uploads\/2021\/01\/pol.gif\" alt=\"\"><\/td><td class=\"has-text-align-center\" data-align=\"center\">1982<\/td><td class=\"has-text-align-center\" data-align=\"center\">pomocnik<\/td><td>wychowanek<\/td><td class=\"has-text-align-center\" data-align=\"center\"><\/td><\/tr><tr><td>Dawid Musia\u0142<\/td><td class=\"has-text-align-center\" data-align=\"center\"><img src=\"http:\/\/wikioks.cal24.pl\/wp-content\/uploads\/2021\/01\/pol.gif\" alt=\"\"><\/td><td class=\"has-text-align-center\" data-align=\"center\">1985<\/td><td class=\"has-text-align-center\" data-align=\"center\">pomocnik<\/td><td>wychowanek<\/td><td class=\"has-text-align-center\" data-align=\"center\"><\/td><\/tr><tr><td>Grzegorz Nosek (j)<\/td><td class=\"has-text-align-center\" data-align=\"center\"><img src=\"http:\/\/wikioks.cal24.pl\/wp-content\/uploads\/2021\/01\/pol.gif\" alt=\"\"><\/td><td class=\"has-text-align-center\" data-align=\"center\">1971<\/td><td class=\"has-text-align-center\" data-align=\"center\">pomocnik<\/td><td>Szreniawa Nowy Wi\u015bnicz<\/td><td class=\"has-text-align-center\" data-align=\"center\"><\/td><\/tr><tr><td>Rafa\u0142 Okas<\/td><td class=\"has-text-align-center\" data-align=\"center\"><img src=\"http:\/\/wikioks.cal24.pl\/wp-content\/uploads\/2021\/01\/pol.gif\" alt=\"\"><\/td><td class=\"has-text-align-center\" data-align=\"center\">1981<\/td><td class=\"has-text-align-center\" data-align=\"center\">pomocnik<\/td><td>wychowanek<\/td><td class=\"has-text-align-center\" data-align=\"center\"><\/td><\/tr><tr><td>Pawe\u0142 Pachota<\/td><td class=\"has-text-align-center\" data-align=\"center\"><img src=\"http:\/\/wikioks.cal24.pl\/wp-content\/uploads\/2021\/01\/pol.gif\" alt=\"\"><\/td><td class=\"has-text-align-center\" data-align=\"center\">1981<\/td><td class=\"has-text-align-center\" data-align=\"center\">pomocnik<\/td><td>wychowanek<\/td><td class=\"has-text-align-center\" data-align=\"center\"><\/td><\/tr><tr><td>Maciej Ptasi\u0144ski (j)<\/td><td class=\"has-text-align-center\" data-align=\"center\"><img src=\"http:\/\/wikioks.cal24.pl\/wp-content\/uploads\/2021\/01\/pol.gif\" alt=\"\"><\/td><td class=\"has-text-align-center\" data-align=\"center\">1982<\/td><td class=\"has-text-align-center\" data-align=\"center\">pomocnik<\/td><td>wychowanek<\/td><td class=\"has-text-align-center\" data-align=\"center\"><\/td><\/tr><tr><td>Piotr Rojkowicz<\/td><td class=\"has-text-align-center\" data-align=\"center\"><img src=\"http:\/\/wikioks.cal24.pl\/wp-content\/uploads\/2021\/01\/pol.gif\" alt=\"\"><\/td><td class=\"has-text-align-center\" data-align=\"center\">1980<\/td><td class=\"has-text-align-center\" data-align=\"center\">pomocnik<\/td><td>Jadowniczanka Jadowniki<\/td><td class=\"has-text-align-center\" data-align=\"center\"><\/td><\/tr><tr><td>Artur Sacha<\/td><td class=\"has-text-align-center\" data-align=\"center\"><img src=\"http:\/\/wikioks.cal24.pl\/wp-content\/uploads\/2021\/01\/pol.gif\" alt=\"\"><\/td><td class=\"has-text-align-center\" data-align=\"center\">1983<\/td><td class=\"has-text-align-center\" data-align=\"center\">pomocnik<\/td><td>wychowanek<\/td><td class=\"has-text-align-center\" data-align=\"center\"><\/td><\/tr><tr><td>Daniel Sacha<\/td><td class=\"has-text-align-center\" data-align=\"center\"><img src=\"http:\/\/wikioks.cal24.pl\/wp-content\/uploads\/2021\/01\/pol.gif\" alt=\"\"><\/td><td class=\"has-text-align-center\" data-align=\"center\">1980<\/td><td class=\"has-text-align-center\" data-align=\"center\">pomocnik<\/td><td>wychowanek<\/td><td class=\"has-text-align-center\" data-align=\"center\"><\/td><\/tr><tr><td>Jaros\u0142aw \u015awi\u0119ch (j)<\/td><td class=\"has-text-align-center\" data-align=\"center\"><img src=\"http:\/\/wikioks.cal24.pl\/wp-content\/uploads\/2021\/01\/pol.gif\" alt=\"\"><\/td><td class=\"has-text-align-center\" data-align=\"center\">1982<\/td><td class=\"has-text-align-center\" data-align=\"center\">pomocnik<\/td><td>Stra\u017cak Mokrzyska<\/td><td class=\"has-text-align-center\" data-align=\"center\"><\/td><\/tr><tr><td>Grzegorz P\u0142achta (w)<\/td><td class=\"has-text-align-center\" data-align=\"center\"><img src=\"http:\/\/wikioks.cal24.pl\/wp-content\/uploads\/2021\/01\/pol.gif\" alt=\"\"><\/td><td class=\"has-text-align-center\" data-align=\"center\">1982<\/td><td class=\"has-text-align-center\" data-align=\"center\">napastnik<\/td><td>Olimpia Bucze<\/td><td class=\"has-text-align-center\" data-align=\"center\"><\/td><\/tr><tr><td>Rafa\u0142 Seidler<\/td><td class=\"has-text-align-center\" data-align=\"center\"><img src=\"http:\/\/wikioks.cal24.pl\/wp-content\/uploads\/2021\/01\/pol.gif\" alt=\"\"><\/td><td class=\"has-text-align-center\" data-align=\"center\">1980<\/td><td class=\"has-text-align-center\" data-align=\"center\">napastnik<\/td><td>wychowanek<\/td><td class=\"has-text-align-center\" data-align=\"center\"><\/td><\/tr><tr><td>Janusz Kubo\u0144<\/td><td class=\"has-text-align-center\" data-align=\"center\"><img src=\"http:\/\/wikioks.cal24.pl\/wp-content\/uploads\/2021\/01\/pol.gif\" alt=\"\"><\/td><td class=\"has-text-align-center\" data-align=\"center\">1967<\/td><td class=\"has-text-align-center\" data-align=\"center\">trener<\/td><td><\/td><td class=\"has-text-align-center\" data-align=\"center\">07.2002 \u2013 31.12.2002<\/td><\/tr><tr><td>Andrzej Iwan<\/td><td class=\"has-text-align-center\" data-align=\"center\"><img src=\"http:\/\/wikioks.cal24.pl\/wp-content\/uploads\/2021\/01\/pol.gif\" alt=\"\"><\/td><td class=\"has-text-align-center\" data-align=\"center\">1959<\/td><td class=\"has-text-align-center\" data-align=\"center\">trener<\/td><td><\/td><td class=\"has-text-align-center\" data-align=\"center\">od 02.01.2023<\/td><\/tr><\/tbody><\/table><\/figure>\n\n\n\n<h2>Transfery<\/h2>\n\n\n\n<p><strong>Przed i w trakcie rundy jesiennej:<\/strong><\/p>\n\n\n\n<p>Przybyli: trener Janusz Kubo\u0144, Rafa\u0142 Bryl (Jutrzenka Wierzchos\u0142awice), \u0141ukasz Mikrut (Wolania Wola Rz\u0119dzi\u0144ska), Dawid Musia\u0142, Arkadiusz Ostrowski, \u0141ukasz Wojkowski (wszyscy z junior\u00f3w), Grzegorz Nosek (Szreniawa Nowy Wi\u015bnicz)<\/p>\n\n\n\n<p>Ubyli: S\u0142awomir Kwiek (SC Ostbahn XI), Daniel Policht (Boche\u0144ski KS).<\/p>\n\n\n\n<p><strong>Przed i w trakcie rundy wiosennej:<\/strong><\/p>\n\n\n\n<p>Przybyli: trener Andrzej Iwan, Mateusz Gurgul (Orze\u0142 D\u0119bno), Sergiusz Kostecki (juniorzy), Grzegorz P\u0142achta (Olimpia Bucze), Grzegorz Witek (powr\u00f3t z zagranicy).<\/p>\n\n\n\n<p>Ubyli: trener Janusz Kubo\u0144, S\u0142awomir Michalik (Iskra \u0141\u0119ki), Grzegorz Nosek (nie wznowi\u0142 trening\u00f3w), Maciej Ptasi\u0144ski, Jaros\u0142aw \u015awi\u0119ch (Stra\u017cak Mokrzyska).<\/p>\n","protected":false},"excerpt":{"rendered":"<p>Imi\u0119 i nazwisko Kraj Data ur. Pozycja Poprzedni klub Mecze\/bramki S\u0142awomir Michalik (j) 1980 bramkarz Stra\u017cak Mokrzyska \u0141ukasz Mikrut 1980<\/p>\n","protected":false},"author":1,"featured_media":0,"parent":0,"menu_order":0,"comment_status":"closed","ping_status":"closed","template":"","meta":{"ngg_post_thumbnail":0},"_links":{"self":[{"href":"https:\/\/wikioks.cal24.pl\/index.php\/wp-json\/wp\/v2\/pages\/2794"}],"collection":[{"href":"https:\/\/wikioks.cal24.pl\/index.php\/wp-json\/wp\/v2\/pages"}],"about":[{"href":"https:\/\/wikioks.cal24.pl\/index.php\/wp-json\/wp\/v2\/types\/page"}],"author":[{"embeddable":true,"href":"https:\/\/wikioks.cal24.pl\/index.php\/wp-json\/wp\/v2\/users\/1"}],"replies":[{"embeddable":true,"href":"https:\/\/wikioks.cal24.pl\/index.php\/wp-json\/wp\/v2\/comments?post=2794"}],"version-history":[{"count":4,"href":"https:\/\/wikioks.cal24.pl\/index.php\/wp-json\/wp\/v2\/pages\/2794\/revisions"}],"predecessor-version":[{"id":3020,"href":"https:\/\/wikioks.cal24.pl\/index.php\/wp-json\/wp\/v2\/pages\/2794\/revisions\/3020"}],"wp:attachment":[{"href":"https:\/\/wikioks.cal24.pl\/index.php\/wp-json\/wp\/v2\/media?parent=2794"}],"curies":[{"name":"wp","href":"https:\/\/api.w.org\/{rel}","templated":true}]}}