{"id":3052,"date":"2023-04-16T18:52:53","date_gmt":"2023-04-16T16:52:53","guid":{"rendered":"http:\/\/wikioks.cal24.pl\/?page_id=3052"},"modified":"2024-09-03T09:48:49","modified_gmt":"2024-09-03T07:48:49","slug":"mateusz-wawryka-2","status":"publish","type":"page","link":"https:\/\/wikioks.cal24.pl\/index.php\/mateusz-wawryka-2\/","title":{"rendered":"Mateusz Wawryka"},"content":{"rendered":"\n<figure id=\"player-profile\" class=\"wp-block-table\"><table class=\"has-fixed-layout\"><tbody><tr><td><img loading=\"lazy\" width=\"1714\" height=\"2560\" class=\"wp-image-1012\" style=\"width: 400px;\" src=\"http:\/\/wikioks.cal24.pl\/wp-content\/uploads\/2021\/01\/wawryka-scaled.jpg\" alt=\"\" srcset=\"https:\/\/wikioks.cal24.pl\/wp-content\/uploads\/2021\/01\/wawryka-scaled.jpg 1714w, https:\/\/wikioks.cal24.pl\/wp-content\/uploads\/2021\/01\/wawryka-201x300.jpg 201w, https:\/\/wikioks.cal24.pl\/wp-content\/uploads\/2021\/01\/wawryka-685x1024.jpg 685w, https:\/\/wikioks.cal24.pl\/wp-content\/uploads\/2021\/01\/wawryka-768x1147.jpg 768w, https:\/\/wikioks.cal24.pl\/wp-content\/uploads\/2021\/01\/wawryka-1028x1536.jpg 1028w, https:\/\/wikioks.cal24.pl\/wp-content\/uploads\/2021\/01\/wawryka-1371x2048.jpg 1371w\" sizes=\"(max-width: 1714px) 100vw, 1714px\" \/><br><em>Fot. Maciej Pytka<\/em><\/td><td><strong><strong>Mateusz Wawryka <\/strong><\/strong>(ur. 8 czerwca 1987 w Brzesku). Polski zawodnik wyst\u0119puj\u0105cy na pozycji obro\u0144cy. Wychowanek i niekwestionowana legenda Okocimskiego. W ci\u0105gu blisko 15 lat gry dla brzeskiego klubu rozegra\u0142 354 mecze (liga + bara\u017ce), w kt\u00f3rych zdoby\u0142 29 bramek.<br><br>W pierwszym zespole &#8222;Piwoszy&#8221; zadebiutowa\u0142 stosunkowo p\u00f3\u017ano, bo dopiero w wieku 18 lat, gdy wiosn\u0105 2006 roku jako podpora ekipy junior\u00f3w zosta\u0142 do\u0142\u0105czony do dru\u017cyny senior\u00f3w prowadzonej przez trenera Zbigniewa Kordel\u0119. Od razu \u015bwi\u0119towa\u0142 z klubem upragniony awans do III ligi. By\u0142 r\u00f3wnie\u017c autorem pierwszej bramki dla OKS-u na trzecioligowych boiskach w meczu z Koron\u0105 II Kielce. Szybko wywalczy\u0142 sobie sta\u0142e miejsce w wyj\u015bciowym sk\u0142adzie, najpierw jako m\u0142odzie\u017cowiec, a nast\u0119pnie jako pe\u0142noprawny senior. Z Okocimskim prze\u017cy\u0142 wszystkie wielkie chwile w najnowszej historii klubu jak awanse do II oraz I ligi, czy gra w meczach Pucharu Polski przeciwko \u015al\u0105skowi Wroc\u0142aw czy Legii Warszawa. Mimo ofert z innych klub\u00f3w pozosta\u0142 wierny brzeskiemu klubowi i dopiero wycofanie dru\u017cyny z rozgrywek II ligi na pocz\u0105tku 2016 roku zmusi\u0142o go do opuszczenia Okocimskiego. Po p\u00f3\u0142torarocznym okresie gry w Borz\u0119cinie G\u00f3rnym powr\u00f3ci\u0142 jednak na Okocimsk\u0105 i pom\u00f3g\u0142 dru\u017cynie prowadzonej przez trenera Rafa\u0142a Polichta wywalczy\u0107 awans do IV ligi. Na zako\u0144czenie sezonu 2018\/19 og\u0142osi\u0142 wprawdzie zako\u0144czenie kariery, jednak wkr\u00f3tce wznowi\u0142 treningi w Olimpii Bucze. Do Okocimskiego wr\u00f3ci\u0142 jeszcze po raz trzeci, tym razem w sezonie 2020\/21 pomagaj\u0105c w utrzymaniu zespo\u0142u w rozgrywkach IV ligi. Nast\u0119pnie przez kr\u00f3tko wyst\u0119powa\u0142 w B-klasowych rezerwach OKS-u oraz Jadowniczance Jadowniki.<br><br>W latach 2022-2024 reprezentowa\u0142 barwy Soko\u0142a Maszkienice. Latem 2024 zosta\u0142 trenerem Stra\u017caka Mokrzyska. Ponadto od 2016 roku pracuje jako trener m\u0142odzie\u017cy w Akademii Pi\u0142karskiej Canpack Okocimskiego.<\/td><\/tr><\/tbody><\/table><\/figure>\n\n\n\n<figure id=\"player-data\" class=\"wp-block-table is-style-stripes\"><table><tbody><tr><th>Wzrost i waga<\/th><td>185 cm \/ 77 kg<\/td><\/tr><tr><td><strong>Pozycja<\/strong><\/td><td>obro\u0144ca<\/td><\/tr><tr><th>Lata gry w Okocimskim<\/th><td>2006-15, 2017-19, 2020-21<\/td><\/tr><tr><th>Przebieg kariery<\/th><td>do 2005 <img src=\"http:\/\/wikioks.cal24.pl\/wp-content\/uploads\/2021\/01\/pol.gif\" alt=\"\"> Okocimski KS Brzesko (juniorzy)<br>2006-15 <img src=\"http:\/\/wikioks.cal24.pl\/wp-content\/uploads\/2021\/01\/pol.gif\" alt=\"\"> Okocimski KS Brzesko<br>2016-17 <img src=\"http:\/\/wikioks.cal24.pl\/wp-content\/uploads\/2021\/01\/pol.gif\" alt=\"\"> Sok\u00f3\u0142 Borz\u0119cin G\u00f3rny<br>2017-19 <img src=\"http:\/\/wikioks.cal24.pl\/wp-content\/uploads\/2021\/01\/pol.gif\" alt=\"\"> Okocimski KS Brzesko<br>2019 <img src=\"http:\/\/wikioks.cal24.pl\/wp-content\/uploads\/2021\/01\/pol.gif\" alt=\"\"> Olimpia Bucze<br>2020-21 <img src=\"http:\/\/wikioks.cal24.pl\/wp-content\/uploads\/2021\/01\/pol.gif\" alt=\"\"> Okocimski KS Brzesko<br>2021 <img src=\"http:\/\/wikioks.cal24.pl\/wp-content\/uploads\/2021\/01\/pol.gif\" alt=\"\"> Okocimski KS II Brzesko<br>2022 <img src=\"http:\/\/wikioks.cal24.pl\/wp-content\/uploads\/2021\/01\/pol.gif\" alt=\"\"> Jadowniczanka Jadowniki<br>2022-24 <img src=\"http:\/\/wikioks.cal24.pl\/wp-content\/uploads\/2021\/01\/pol.gif\" alt=\"\"> Sok\u00f3\u0142 Maszkienice<\/td><\/tr><tr><th>Debiut w <strong>Okocimskim<\/strong><\/th><td>05.04.2006 (Tarnovia II Tarn\u00f3w &#8211; Okocimski KS Brzesko) &#8211; Puchar Polski<\/td><\/tr><tr><th>Ostatni mecz w <strong>Okocimskim<\/strong><\/th><td>09.06.2021 (Okocimski KS Brzesko &#8211; Tarnovia Tarn\u00f3w 2:1)<\/td><\/tr><\/tbody><\/table><\/figure>\n\n\n\n<h3>Bilans zawodnika<\/h3>\n\n\n\n<figure class=\"wp-block-table\"><table><tbody><tr><td><strong>Sezon<\/strong><\/td><td><\/td><td class=\"has-text-align-center\" data-align=\"center\"><strong>Mecze<\/strong><\/td><td class=\"has-text-align-center\" data-align=\"center\"><strong>Bramki<\/strong><\/td><\/tr><tr><td>2005\/06 (w)<\/td><td>Okocimski KS Brzesko<\/td><td class=\"has-text-align-center\" data-align=\"center\">6<\/td><td class=\"has-text-align-center\" data-align=\"center\">0<\/td><\/tr><tr><td>2006\/07<\/td><td>Okocimski KS Brzesko<\/td><td class=\"has-text-align-center\" data-align=\"center\">27<\/td><td class=\"has-text-align-center\" data-align=\"center\">1<\/td><\/tr><tr><td>2007\/08<\/td><td>Okocimski KS Brzesko<\/td><td class=\"has-text-align-center\" data-align=\"center\">30<\/td><td class=\"has-text-align-center\" data-align=\"center\">0<\/td><\/tr><tr><td>2008\/09<\/td><td>Okocimski KS Brzesko<\/td><td class=\"has-text-align-center\" data-align=\"center\">33<\/td><td class=\"has-text-align-center\" data-align=\"center\">1<\/td><\/tr><tr><td>2009\/10<\/td><td>Okocimski KS Brzesko<\/td><td class=\"has-text-align-center\" data-align=\"center\">30<\/td><td class=\"has-text-align-center\" data-align=\"center\">0<\/td><\/tr><tr><td>2010\/11<\/td><td>Okocimski KS Brzesko<\/td><td class=\"has-text-align-center\" data-align=\"center\">25<\/td><td class=\"has-text-align-center\" data-align=\"center\">2<\/td><\/tr><tr><td>2011\/12<\/td><td>Okocimski KS Brzesko<\/td><td class=\"has-text-align-center\" data-align=\"center\">29<\/td><td class=\"has-text-align-center\" data-align=\"center\">4<\/td><\/tr><tr><td>2012\/13<\/td><td>Okocimski KS Brzesko<\/td><td class=\"has-text-align-center\" data-align=\"center\">30<\/td><td class=\"has-text-align-center\" data-align=\"center\">0<\/td><\/tr><tr><td>2013\/14<\/td><td>Okocimski KS Brzesko<\/td><td class=\"has-text-align-center\" data-align=\"center\">20<\/td><td class=\"has-text-align-center\" data-align=\"center\">0<\/td><\/tr><tr><td>2014\/15<\/td><td>Okocimski KS Brzesko<\/td><td class=\"has-text-align-center\" data-align=\"center\">30<\/td><td class=\"has-text-align-center\" data-align=\"center\">0<\/td><\/tr><tr><td>2015\/16 (j)<\/td><td>Okocimski KS Brzesko<\/td><td class=\"has-text-align-center\" data-align=\"center\">18<\/td><td class=\"has-text-align-center\" data-align=\"center\">0<\/td><\/tr><tr><td>2017\/18<\/td><td>Okocimski KS Brzesko<\/td><td class=\"has-text-align-center\" data-align=\"center\">25<\/td><td class=\"has-text-align-center\" data-align=\"center\">6<\/td><\/tr><tr><td>2018\/19<\/td><td>Okocimski KS Brzesko<\/td><td class=\"has-text-align-center\" data-align=\"center\">28<\/td><td class=\"has-text-align-center\" data-align=\"center\">10<\/td><\/tr><tr><td>2020\/21<\/td><td>Okocimski KS Brzesko<\/td><td class=\"has-text-align-center\" data-align=\"center\">23<\/td><td class=\"has-text-align-center\" data-align=\"center\">5<\/td><\/tr><tr><td><strong>Razem<\/strong><\/td><td><\/td><td class=\"has-text-align-center\" data-align=\"center\">354<\/td><td class=\"has-text-align-center\" data-align=\"center\">29<\/td><\/tr><\/tbody><\/table><figcaption>Statystyki dotycz\u0105 jedynie mecz\u00f3w ligowych<\/figcaption><\/figure>\n","protected":false},"excerpt":{"rendered":"<p>Fot. Maciej Pytka Mateusz Wawryka (ur. 8 czerwca 1987 w Brzesku). Polski zawodnik wyst\u0119puj\u0105cy na pozycji obro\u0144cy. Wychowanek i niekwestionowana<\/p>\n","protected":false},"author":1,"featured_media":0,"parent":0,"menu_order":0,"comment_status":"closed","ping_status":"closed","template":"","meta":{"ngg_post_thumbnail":0},"_links":{"self":[{"href":"https:\/\/wikioks.cal24.pl\/index.php\/wp-json\/wp\/v2\/pages\/3052"}],"collection":[{"href":"https:\/\/wikioks.cal24.pl\/index.php\/wp-json\/wp\/v2\/pages"}],"about":[{"href":"https:\/\/wikioks.cal24.pl\/index.php\/wp-json\/wp\/v2\/types\/page"}],"author":[{"embeddable":true,"href":"https:\/\/wikioks.cal24.pl\/index.php\/wp-json\/wp\/v2\/users\/1"}],"replies":[{"embeddable":true,"href":"https:\/\/wikioks.cal24.pl\/index.php\/wp-json\/wp\/v2\/comments?post=3052"}],"version-history":[{"count":3,"href":"https:\/\/wikioks.cal24.pl\/index.php\/wp-json\/wp\/v2\/pages\/3052\/revisions"}],"predecessor-version":[{"id":5080,"href":"https:\/\/wikioks.cal24.pl\/index.php\/wp-json\/wp\/v2\/pages\/3052\/revisions\/5080"}],"wp:attachment":[{"href":"https:\/\/wikioks.cal24.pl\/index.php\/wp-json\/wp\/v2\/media?parent=3052"}],"curies":[{"name":"wp","href":"https:\/\/api.w.org\/{rel}","templated":true}]}}