{"id":3289,"date":"2023-05-05T22:52:50","date_gmt":"2023-05-05T20:52:50","guid":{"rendered":"http:\/\/wikioks.cal24.pl\/?page_id=3289"},"modified":"2026-06-15T20:19:33","modified_gmt":"2026-06-15T18:19:33","slug":"mateusz-cieciwa","status":"publish","type":"page","link":"https:\/\/wikioks.cal24.pl\/index.php\/mateusz-cieciwa\/","title":{"rendered":"Mateusz Ci\u0119ciwa"},"content":{"rendered":"\n<figure id=\"player-profile\" class=\"wp-block-table\"><table class=\"has-fixed-layout\"><tbody><tr><td><img loading=\"lazy\" width=\"400\" height=\"600\" class=\"wp-image-3290\" style=\"width: 400px;\" src=\"http:\/\/wikioks.cal24.pl\/wp-content\/uploads\/2023\/05\/mateusz_cieciwa_2223w.jpg\" alt=\"\" srcset=\"https:\/\/wikioks.cal24.pl\/wp-content\/uploads\/2023\/05\/mateusz_cieciwa_2223w.jpg 400w, https:\/\/wikioks.cal24.pl\/wp-content\/uploads\/2023\/05\/mateusz_cieciwa_2223w-200x300.jpg 200w\" sizes=\"(max-width: 400px) 100vw, 400px\" \/><br><em>Fot. Dawid Zachara<\/em><\/td><td><strong>Mateusz Ci\u0119ciwa<\/strong>&nbsp;(ur. 4 grudnia 2003 w Brzesku). Polski zawodnik graj\u0105cy na pozycji napastnika. Wychowanek Okocimskiego. <br><br>Do\u0142\u0105czy\u0142 do zespo\u0142u senior\u00f3w ko\u0144cem sezonu 2018\/19, a ju\u017c w kolejnym sezonie zadebiutowa\u0142 w I zespole maj\u0105c niespe\u0142na 16 lat. Z czasem sta\u0142 si\u0119 podstawowym graczem w jedenastce &#8222;Piwoszy&#8221;.<br><br>Jedna z najja\u015bniejszych postaci Okocimskiego w sezonie 2022\/23, gdzie mimo spadku do V ligi pe\u0142ni\u0142 funkcj\u0119 kapitana zespo\u0142u oraz by\u0142 najlepszym strzelcem z 16 bramkami na koncie. W trakcie przygotowa\u0144 do rundy wiosennej kolejnego sezonu dozna\u0142 zerwania wi\u0119zade\u0142 krzy\u017cowych w kolanie, co wykluczy\u0142o go z gry na d\u0142u\u017cszy czas.<br><br><\/td><\/tr><\/tbody><\/table><\/figure>\n\n\n\n<figure id=\"player-data\" class=\"wp-block-table is-style-stripes\"><table><tbody><tr><th>Wzrost i waga<\/th><td>180 cm \/ 76 kg<\/td><\/tr><tr><td><strong>Pozycja<\/strong><\/td><td>napastnik<\/td><\/tr><tr><th>Lata gry w Okocimskim<\/th><td>od 2019<\/td><\/tr><tr><th>Przebieg kariery<\/th><td>2015-19 <img loading=\"lazy\" width=\"23\" height=\"15\" class=\"wp-image-887\" style=\"width: 23px;\" src=\"http:\/\/wikioks.cal24.pl\/wp-content\/uploads\/2021\/01\/pol.gif\" alt=\"\"> Okocimski KS Brzesko (juniorzy)<br>od 2019 <img src=\"http:\/\/wikioks.cal24.pl\/wp-content\/uploads\/2021\/01\/pol.gif\" alt=\"\"> Okocimski KS Brzesko<\/td><\/tr><tr><th>Debiut w <strong>Okocimskim<\/strong><\/th><td>11.08.2019 (Watra Bia\u0142ka Tatrza\u0144ska &#8211; Okocimski KS Brzesko 2:0)<\/td><\/tr><tr><th>Ostatni mecz w <strong>Okocimskim<\/strong><\/th><td>&#8211;<\/td><\/tr><\/tbody><\/table><\/figure>\n\n\n\n<h3>Bilans zawodnika<\/h3>\n\n\n\n<figure class=\"wp-block-table\"><table><tbody><tr><td><strong>Sezon<\/strong><\/td><td><\/td><td class=\"has-text-align-center\" data-align=\"center\"><strong>Mecze<\/strong><\/td><td class=\"has-text-align-center\" data-align=\"center\"><strong>Bramki<\/strong><\/td><\/tr><tr><td>2018\/19 (w)<\/td><td>Okocimski KS Brzesko<\/td><td class=\"has-text-align-center\" data-align=\"center\">0<\/td><td class=\"has-text-align-center\" data-align=\"center\">0<\/td><\/tr><tr><td>2019\/20<\/td><td>Okocimski KS Brzesko<\/td><td class=\"has-text-align-center\" data-align=\"center\">8<\/td><td class=\"has-text-align-center\" data-align=\"center\">1<\/td><\/tr><tr><td>2020\/21<\/td><td>Okocimski KS Brzesko<\/td><td class=\"has-text-align-center\" data-align=\"center\">28<\/td><td class=\"has-text-align-center\" data-align=\"center\">4<\/td><\/tr><tr><td>2021\/22<\/td><td>Okocimski KS Brzesko<\/td><td class=\"has-text-align-center\" data-align=\"center\">34<\/td><td class=\"has-text-align-center\" data-align=\"center\">6<\/td><\/tr><tr><td>2022\/23<\/td><td>Okocimski KS Brzesko<\/td><td class=\"has-text-align-center\" data-align=\"center\">32<\/td><td class=\"has-text-align-center\" data-align=\"center\">16<\/td><\/tr><tr><td>2023\/24<\/td><td>Okocimski KS Brzesko<\/td><td class=\"has-text-align-center\" data-align=\"center\">14<\/td><td class=\"has-text-align-center\" data-align=\"center\">8<\/td><\/tr><tr><td>2024\/25<\/td><td>Okocimski KS Brzesko<\/td><td class=\"has-text-align-center\" data-align=\"center\">5<\/td><td class=\"has-text-align-center\" data-align=\"center\">1<\/td><\/tr><tr><td>2025\/26<\/td><td>Okocimski KS Brzesko<\/td><td class=\"has-text-align-center\" data-align=\"center\">31<\/td><td class=\"has-text-align-center\" data-align=\"center\">9<\/td><\/tr><tr><td><strong>Razem<\/strong><\/td><td><\/td><td class=\"has-text-align-center\" data-align=\"center\">152<\/td><td class=\"has-text-align-center\" data-align=\"center\">45<\/td><\/tr><\/tbody><\/table><figcaption>Statystyki dotycz\u0105 jedynie mecz\u00f3w ligowych<\/figcaption><\/figure>\n\n\n\n<p><\/p>\n","protected":false},"excerpt":{"rendered":"<p>Fot. Dawid Zachara Mateusz Ci\u0119ciwa&nbsp;(ur. 4 grudnia 2003 w Brzesku). Polski zawodnik graj\u0105cy na pozycji napastnika. Wychowanek Okocimskiego. Do\u0142\u0105czy\u0142 do<\/p>\n","protected":false},"author":1,"featured_media":0,"parent":0,"menu_order":0,"comment_status":"closed","ping_status":"closed","template":"","meta":{"ngg_post_thumbnail":0},"_links":{"self":[{"href":"https:\/\/wikioks.cal24.pl\/index.php\/wp-json\/wp\/v2\/pages\/3289"}],"collection":[{"href":"https:\/\/wikioks.cal24.pl\/index.php\/wp-json\/wp\/v2\/pages"}],"about":[{"href":"https:\/\/wikioks.cal24.pl\/index.php\/wp-json\/wp\/v2\/types\/page"}],"author":[{"embeddable":true,"href":"https:\/\/wikioks.cal24.pl\/index.php\/wp-json\/wp\/v2\/users\/1"}],"replies":[{"embeddable":true,"href":"https:\/\/wikioks.cal24.pl\/index.php\/wp-json\/wp\/v2\/comments?post=3289"}],"version-history":[{"count":7,"href":"https:\/\/wikioks.cal24.pl\/index.php\/wp-json\/wp\/v2\/pages\/3289\/revisions"}],"predecessor-version":[{"id":6608,"href":"https:\/\/wikioks.cal24.pl\/index.php\/wp-json\/wp\/v2\/pages\/3289\/revisions\/6608"}],"wp:attachment":[{"href":"https:\/\/wikioks.cal24.pl\/index.php\/wp-json\/wp\/v2\/media?parent=3289"}],"curies":[{"name":"wp","href":"https:\/\/api.w.org\/{rel}","templated":true}]}}