{"id":3432,"date":"2023-05-14T15:48:05","date_gmt":"2023-05-14T13:48:05","guid":{"rendered":"http:\/\/wikioks.cal24.pl\/?page_id=3432"},"modified":"2026-09-01T22:46:45","modified_gmt":"2026-09-01T20:46:45","slug":"szymon-koziel","status":"publish","type":"page","link":"https:\/\/wikioks.cal24.pl\/index.php\/szymon-koziel\/","title":{"rendered":"Szymon Kozie\u0142"},"content":{"rendered":"\n<figure id=\"player-profile\" class=\"wp-block-table\"><table class=\"has-fixed-layout\"><tbody><tr><td><img loading=\"lazy\" width=\"400\" height=\"600\" class=\"wp-image-6840\" style=\"width: 400px;\" src=\"http:\/\/wikioks.cal24.pl\/wp-content\/uploads\/2026\/09\/szymon_koziel_2026.jpg\" alt=\"\" srcset=\"https:\/\/wikioks.cal24.pl\/wp-content\/uploads\/2026\/09\/szymon_koziel_2026.jpg 400w, https:\/\/wikioks.cal24.pl\/wp-content\/uploads\/2026\/09\/szymon_koziel_2026-200x300.jpg 200w\" sizes=\"(max-width: 400px) 100vw, 400px\" \/><br><em>Fot. Dawid Zachara<\/em><\/td><td><strong>Szymon Kozie\u0142<\/strong>&nbsp;(ur. 2 lutego 2006 w Krakowie). Polski zawodnik graj\u0105cy na pozycji pomocnika. Wychowanek Okocimskiego. <br><br>Jako 16-latek do\u0142\u0105czy\u0142 do dru\u017cyny rezerw. W zespole senior\u00f3w zadebiutowa\u0142 w rundzie wiosennej sezonu 2022\/23.<br><br>Wiosn\u0105 2026 roku powr\u00f3ci\u0142 do zespo\u0142u rezerw.<br><br>Prywatnie syn Tomasza, by\u0142ego pi\u0142karza Okocimskiego.<\/td><\/tr><\/tbody><\/table><\/figure>\n\n\n\n<figure id=\"player-data\" class=\"wp-block-table is-style-stripes\"><table><tbody><tr><th>Wzrost i waga<\/th><td>186 cm \/ 80 kg<\/td><\/tr><tr><td><strong>Pozycja<\/strong><\/td><td>pomocnik<\/td><\/tr><tr><th>Lata gry w Okocimskim<\/th><td>2023-25<\/td><\/tr><tr><th>Przebieg kariery<\/th><td>2017-20 <img loading=\"lazy\" width=\"23\" height=\"15\" class=\"wp-image-887\" style=\"width: 23px;\" src=\"http:\/\/wikioks.cal24.pl\/wp-content\/uploads\/2021\/01\/pol.gif\" alt=\"\"> Okocimski KS Brzesko (juniorzy)<br>2022 <img src=\"http:\/\/wikioks.cal24.pl\/wp-content\/uploads\/2021\/01\/pol.gif\" alt=\"\"> Okocimski KS II Brzesko<br>2023-25 <img src=\"http:\/\/wikioks.cal24.pl\/wp-content\/uploads\/2021\/01\/pol.gif\" alt=\"\"> Okocimski KS Brzesko<br>od 2026 <img src=\"http:\/\/wikioks.cal24.pl\/wp-content\/uploads\/2021\/01\/pol.gif\" alt=\"\"> Okocimski KS II Brzesko<\/td><\/tr><tr><th>Debiut w <strong>Okocimskim<\/strong><\/th><td>13.05.2023 (Okocimski KS Brzesko &#8211; Bruk-Bet Termalica II Nieciecza 0:3)<\/td><\/tr><tr><th>Ostatni mecz w <strong>Okocimskim<\/strong><\/th><td>18.10.2025 (Okocimski KS Brzesko &#8211; Poprad Muszyna 0:3)<\/td><\/tr><\/tbody><\/table><\/figure>\n\n\n\n<h3>Bilans zawodnika<\/h3>\n\n\n\n<figure class=\"wp-block-table\"><table><tbody><tr><td><strong>Sezon<\/strong><\/td><td><\/td><td class=\"has-text-align-center\" data-align=\"center\"><strong>Mecze<\/strong><\/td><td class=\"has-text-align-center\" data-align=\"center\"><strong>Bramki<\/strong><\/td><\/tr><tr><td>2022\/23 (w)<\/td><td>Okocimski KS Brzesko<\/td><td class=\"has-text-align-center\" data-align=\"center\">2<\/td><td class=\"has-text-align-center\" data-align=\"center\">0<\/td><\/tr><tr><td>2023\/24<\/td><td>Okocimski KS Brzesko<\/td><td class=\"has-text-align-center\" data-align=\"center\">3<\/td><td class=\"has-text-align-center\" data-align=\"center\">1<\/td><\/tr><tr><td>2024\/25<\/td><td>Okocimski KS Brzesko<\/td><td class=\"has-text-align-center\" data-align=\"center\">27<\/td><td class=\"has-text-align-center\" data-align=\"center\">5<\/td><\/tr><tr><td>2025\/26 (j)<\/td><td>Okocimski KS Brzesko<\/td><td class=\"has-text-align-center\" data-align=\"center\">10<\/td><td class=\"has-text-align-center\" data-align=\"center\">0<\/td><\/tr><tr><td><strong>Razem<\/strong><\/td><td><\/td><td class=\"has-text-align-center\" data-align=\"center\">42<\/td><td class=\"has-text-align-center\" data-align=\"center\">6<\/td><\/tr><\/tbody><\/table><figcaption>Statystyki dotycz\u0105 jedynie mecz\u00f3w ligowych<\/figcaption><\/figure>\n\n\n\n<p><\/p>\n","protected":false},"excerpt":{"rendered":"<p>Fot. Dawid Zachara Szymon Kozie\u0142&nbsp;(ur. 2 lutego 2006 w Krakowie). Polski zawodnik graj\u0105cy na pozycji pomocnika. Wychowanek Okocimskiego. Jako 16-latek<\/p>\n","protected":false},"author":1,"featured_media":0,"parent":0,"menu_order":0,"comment_status":"closed","ping_status":"closed","template":"","meta":{"ngg_post_thumbnail":0},"_links":{"self":[{"href":"https:\/\/wikioks.cal24.pl\/index.php\/wp-json\/wp\/v2\/pages\/3432"}],"collection":[{"href":"https:\/\/wikioks.cal24.pl\/index.php\/wp-json\/wp\/v2\/pages"}],"about":[{"href":"https:\/\/wikioks.cal24.pl\/index.php\/wp-json\/wp\/v2\/types\/page"}],"author":[{"embeddable":true,"href":"https:\/\/wikioks.cal24.pl\/index.php\/wp-json\/wp\/v2\/users\/1"}],"replies":[{"embeddable":true,"href":"https:\/\/wikioks.cal24.pl\/index.php\/wp-json\/wp\/v2\/comments?post=3432"}],"version-history":[{"count":10,"href":"https:\/\/wikioks.cal24.pl\/index.php\/wp-json\/wp\/v2\/pages\/3432\/revisions"}],"predecessor-version":[{"id":6846,"href":"https:\/\/wikioks.cal24.pl\/index.php\/wp-json\/wp\/v2\/pages\/3432\/revisions\/6846"}],"wp:attachment":[{"href":"https:\/\/wikioks.cal24.pl\/index.php\/wp-json\/wp\/v2\/media?parent=3432"}],"curies":[{"name":"wp","href":"https:\/\/api.w.org\/{rel}","templated":true}]}}