{"id":3477,"date":"2023-05-20T12:11:13","date_gmt":"2023-05-20T10:11:13","guid":{"rendered":"http:\/\/wikioks.cal24.pl\/?page_id=3477"},"modified":"2026-06-15T20:29:15","modified_gmt":"2026-06-15T18:29:15","slug":"bartlomiej-mochel-2","status":"publish","type":"page","link":"https:\/\/wikioks.cal24.pl\/index.php\/bartlomiej-mochel-2\/","title":{"rendered":"Bart\u0142omiej Mochel"},"content":{"rendered":"\n<figure id=\"player-profile\" class=\"wp-block-table\"><table class=\"has-fixed-layout\"><tbody><tr><td><img loading=\"lazy\" width=\"400\" height=\"600\" class=\"wp-image-3478\" style=\"width: 400px;\" src=\"http:\/\/wikioks.cal24.pl\/wp-content\/uploads\/2023\/05\/bartlomiej_mochel_2223w.jpg\" alt=\"\" srcset=\"https:\/\/wikioks.cal24.pl\/wp-content\/uploads\/2023\/05\/bartlomiej_mochel_2223w.jpg 400w, https:\/\/wikioks.cal24.pl\/wp-content\/uploads\/2023\/05\/bartlomiej_mochel_2223w-200x300.jpg 200w\" sizes=\"(max-width: 400px) 100vw, 400px\" \/><br><em>Fot. Dawid Zachara<\/em><\/td><td><strong>Bart\u0142omiej Mochel<\/strong>\u00a0(ur. 28 sierpnia 2003). Polski zawodnik graj\u0105cy na pozycji pomocnika. <br><br>Jest wychowankiem Szreniawy Nowy Wi\u015bnicz. Do Okocimskiego trafi\u0142 wiosn\u0105 2019 jako junior. Po p\u00f3\u0142 roku zosta\u0142 do\u0142\u0105czony do pierwszego zespo\u0142u &#8222;Piwoszy&#8221;, jednak gra\u0142 tylko w B-klasowych rezerwach. Na oficjalny debiut w seniorach musia\u0142 czeka\u0107 do rozpocz\u0119cia sezonu 2020\/21 staj\u0105c si\u0119 z czasem podstawowym graczem dru\u017cyny.<br><br>Wiosn\u0105 2023 nabawi\u0142 si\u0119 powa\u017cnej kontuzji kolana, kt\u00f3ra wyeliminowa\u0142a go z gry na ponad p\u00f3\u0142 roku. Trapiony urazami po raz ostatni w barwach &#8222;Piwoszy&#8221; wyst\u0105pi\u0142 jesieni\u0105 2024 roku. <br><br>Wiosn\u0105 2026 roku wznowi\u0142 gr\u0119 w barwach A-klasowego Zrywu Kr\u00f3l\u00f3wka.<\/td><\/tr><\/tbody><\/table><\/figure>\n\n\n\n<figure id=\"player-data\" class=\"wp-block-table is-style-stripes\"><table><tbody><tr><th>Wzrost i waga<\/th><td><\/td><\/tr><tr><td><strong>Pozycja<\/strong><\/td><td>pomocnik<\/td><\/tr><tr><th>Lata gry w Okocimskim<\/th><td>od 2019<\/td><\/tr><tr><th>Przebieg kariery<\/th><td>do 2018 <img loading=\"lazy\" width=\"23\" height=\"15\" class=\"wp-image-887\" style=\"width: 23px;\" src=\"http:\/\/wikioks.cal24.pl\/wp-content\/uploads\/2021\/01\/pol.gif\" alt=\"\"> Szreniawa Nowy Wi\u015bnicz (juniorzy)<br>2019 <img src=\"http:\/\/wikioks.cal24.pl\/wp-content\/uploads\/2021\/01\/pol.gif\" alt=\"\"> Okocimski KS Brzesko (juniorzy)<br>2019-24 <img src=\"http:\/\/wikioks.cal24.pl\/wp-content\/uploads\/2021\/01\/pol.gif\" alt=\"\"> Okocimski KS Brzesko<br>od 2026 <img src=\"http:\/\/wikioks.cal24.pl\/wp-content\/uploads\/2021\/01\/pol.gif\" alt=\"\"> Zryw Kr\u00f3l\u00f3wka<\/td><\/tr><tr><th>Debiut w <strong>Okocimskim<\/strong><\/th><td>25.07.2020 (LKS Uszew \u2013 Okocimski KS Brzesko \u2013 3:3 pd. k. 4:3) \u2013 Puchar Polski<\/td><\/tr><tr><th>Ostatni mecz w <strong>Okocimskim<\/strong><\/th><td>17.08.2024 (Gr\u00f3d Podegrodzie &#8211; Okocimski KS Brzesko 1:4)<\/td><\/tr><\/tbody><\/table><\/figure>\n\n\n\n<h3>Bilans zawodnika<\/h3>\n\n\n\n<figure class=\"wp-block-table\"><table><tbody><tr><td><strong>Sezon<\/strong><\/td><td><\/td><td class=\"has-text-align-center\" data-align=\"center\"><strong>Mecze<\/strong><\/td><td class=\"has-text-align-center\" data-align=\"center\"><strong>Bramki<\/strong><\/td><\/tr><tr><td>2019\/20<\/td><td>Okocimski KS Brzesko<\/td><td class=\"has-text-align-center\" data-align=\"center\">0<\/td><td class=\"has-text-align-center\" data-align=\"center\">0<\/td><\/tr><tr><td>2020\/21<\/td><td>Okocimski KS Brzesko<\/td><td class=\"has-text-align-center\" data-align=\"center\">26<\/td><td class=\"has-text-align-center\" data-align=\"center\">0<\/td><\/tr><tr><td>2021\/22<\/td><td>Okocimski KS Brzesko<\/td><td class=\"has-text-align-center\" data-align=\"center\">30<\/td><td class=\"has-text-align-center\" data-align=\"center\">1<\/td><\/tr><tr><td>2022\/23<\/td><td>Okocimski KS Brzesko<\/td><td class=\"has-text-align-center\" data-align=\"center\">21<\/td><td class=\"has-text-align-center\" data-align=\"center\">0<\/td><\/tr><tr><td>2023\/24<\/td><td>Okocimski KS Brzesko<\/td><td class=\"has-text-align-center\" data-align=\"center\">3<\/td><td class=\"has-text-align-center\" data-align=\"center\">0<\/td><\/tr><tr><td>2024\/25<\/td><td>Okocimski KS Brzesko<\/td><td class=\"has-text-align-center\" data-align=\"center\">2<\/td><td class=\"has-text-align-center\" data-align=\"center\">0<\/td><\/tr><tr><td><strong>Razem<\/strong><\/td><td><\/td><td class=\"has-text-align-center\" data-align=\"center\">82<\/td><td class=\"has-text-align-center\" data-align=\"center\">1<\/td><\/tr><\/tbody><\/table><figcaption>Statystyki dotycz\u0105 jedynie mecz\u00f3w ligowych<\/figcaption><\/figure>\n\n\n\n<p><\/p>\n","protected":false},"excerpt":{"rendered":"<p>Fot. Dawid Zachara Bart\u0142omiej Mochel\u00a0(ur. 28 sierpnia 2003). Polski zawodnik graj\u0105cy na pozycji pomocnika. Jest wychowankiem Szreniawy Nowy Wi\u015bnicz. Do<\/p>\n","protected":false},"author":1,"featured_media":0,"parent":0,"menu_order":0,"comment_status":"closed","ping_status":"closed","template":"","meta":{"ngg_post_thumbnail":0},"_links":{"self":[{"href":"https:\/\/wikioks.cal24.pl\/index.php\/wp-json\/wp\/v2\/pages\/3477"}],"collection":[{"href":"https:\/\/wikioks.cal24.pl\/index.php\/wp-json\/wp\/v2\/pages"}],"about":[{"href":"https:\/\/wikioks.cal24.pl\/index.php\/wp-json\/wp\/v2\/types\/page"}],"author":[{"embeddable":true,"href":"https:\/\/wikioks.cal24.pl\/index.php\/wp-json\/wp\/v2\/users\/1"}],"replies":[{"embeddable":true,"href":"https:\/\/wikioks.cal24.pl\/index.php\/wp-json\/wp\/v2\/comments?post=3477"}],"version-history":[{"count":6,"href":"https:\/\/wikioks.cal24.pl\/index.php\/wp-json\/wp\/v2\/pages\/3477\/revisions"}],"predecessor-version":[{"id":6616,"href":"https:\/\/wikioks.cal24.pl\/index.php\/wp-json\/wp\/v2\/pages\/3477\/revisions\/6616"}],"wp:attachment":[{"href":"https:\/\/wikioks.cal24.pl\/index.php\/wp-json\/wp\/v2\/media?parent=3477"}],"curies":[{"name":"wp","href":"https:\/\/api.w.org\/{rel}","templated":true}]}}