{"id":3600,"date":"2023-05-26T23:47:27","date_gmt":"2023-05-26T21:47:27","guid":{"rendered":"http:\/\/wikioks.cal24.pl\/?page_id=3600"},"modified":"2024-01-01T17:33:03","modified_gmt":"2024-01-01T16:33:03","slug":"mateusz-kazmierczak","status":"publish","type":"page","link":"https:\/\/wikioks.cal24.pl\/index.php\/mateusz-kazmierczak\/","title":{"rendered":"Mateusz Ka\u017amierczak"},"content":{"rendered":"\n<figure id=\"player-profile\" class=\"wp-block-table\"><table class=\"has-fixed-layout\"><tbody><tr><td><img loading=\"lazy\" width=\"600\" height=\"800\" class=\"wp-image-382\" style=\"width: 400px;\" src=\"http:\/\/wikioks.cal24.pl\/wp-content\/uploads\/2020\/12\/kazmierczak_mateusz3.jpg\" alt=\"\" srcset=\"https:\/\/wikioks.cal24.pl\/wp-content\/uploads\/2020\/12\/kazmierczak_mateusz3.jpg 600w, https:\/\/wikioks.cal24.pl\/wp-content\/uploads\/2020\/12\/kazmierczak_mateusz3-225x300.jpg 225w, https:\/\/wikioks.cal24.pl\/wp-content\/uploads\/2020\/12\/kazmierczak_mateusz3-188x250.jpg 188w\" sizes=\"(max-width: 600px) 100vw, 600px\" \/><br><em>Fot. Maciej Pytka<\/em><\/td><td><strong><strong>Mateusz Ka\u017amierczak  <\/strong><\/strong>(ur. 12 kwietnia 1983 w Koszalinie). Polski zawodnik wyst\u0119puj\u0105cy na pozycji pomocnika. Wyst\u0105pi\u0142 w 15 meczach (liga oraz bara\u017ce), w kt\u00f3rych zdoby\u0142 3 bramki.<br><br>Wychowanek Ba\u0142tyku Koszalin. Jako reprezentant Polski junior\u00f3w trafi\u0142 do Wis\u0142y Krak\u00f3w. Z &#8222;Bia\u0142\u0105 Gwiazd\u0105&#8221; zdoby\u0142 w 2000 roku mistrzostwo Polski junior\u00f3w graj\u0105c u boku takich zawodnik\u00f3w jak bracia Bro\u017ckowie, Kamil Kuzera czy Pawe\u0142 Str\u0105k. Przez kilka sezon\u00f3w wyst\u0119powa\u0142 w dru\u017cynie rezerw, jednak jego rozw\u00f3j zahamowa\u0142a kontuzja kolana.<br><br>Przed rund\u0105 wiosenn\u0105 sezonu 2005\/06 trafi\u0142 na kr\u00f3tko do Brzeska i pom\u00f3g\u0142 &#8222;Piwoszom&#8221; wywalczy\u0107 upragniony awans do III ligi. Z Okocimskim si\u0119gn\u0105\u0142 r\u00f3wnie\u017c po Puchar Polski na szczeblu MZPN.<br><br>Nast\u0119pnie powr\u00f3ci\u0142 w rodzinne strony. Przez chwil\u0119 wyst\u0119powa\u0142 w trzecioligowej Redze-Meridzie Trzebiat\u00f3w. Po wyleczeniu kontuzji kolana zosta\u0142 zawodnikiem zespo\u0142u senior\u00f3w Ba\u0142tyku Koszalin, a nast\u0119pnie trenerem grup m\u0142odzie\u017cowych KKPN Ba\u0142tyk. Wiosn\u0105 2016 wsp\u00f3\u0142prowadzi\u0142 koszali\u0144ski zesp\u00f3\u0142 w rozgrywkach III ligi. Od pa\u017adziernika 2017 do marca 2022 roku prowadzi\u0142 senior\u00f3w Dar\u0142ovii Dar\u0142owo, z kt\u00f3rymi wywalczy\u0142 awans do IV ligi. Za\u0142o\u017cy\u0142 tak\u017ce w\u0142asn\u0105 szk\u00f3\u0142k\u0119 pi\u0142karsk\u0105.<\/td><\/tr><\/tbody><\/table><\/figure>\n\n\n\n<figure id=\"player-data\" class=\"wp-block-table is-style-stripes\"><table><tbody><tr><th>Wzrost i waga<\/th><td>175 cm \/ 70 kg<\/td><\/tr><tr><td><strong>Pozycja<\/strong><\/td><td>pomocnik<\/td><\/tr><tr><th>Lata gry w Okocimskim<\/th><td>2006<\/td><\/tr><tr><th>Przebieg kariery<\/th><td><img src=\"http:\/\/wikioks.cal24.pl\/wp-content\/uploads\/2021\/01\/pol.gif\" alt=\"\"> Ba\u0142tyk Koszalin (juniorzy)<br><img src=\"http:\/\/wikioks.cal24.pl\/wp-content\/uploads\/2021\/01\/pol.gif\" alt=\"\"> Wis\u0142a Krak\u00f3w (juniorzy)<br>2000-05 <img src=\"http:\/\/wikioks.cal24.pl\/wp-content\/uploads\/2021\/01\/pol.gif\" alt=\"\"> Wis\u0142a II Krak\u00f3w<br>2006 <img src=\"http:\/\/wikioks.cal24.pl\/wp-content\/uploads\/2021\/01\/pol.gif\" alt=\"\"> Okocimski KS Brzesko<br>2006 <img src=\"http:\/\/wikioks.cal24.pl\/wp-content\/uploads\/2021\/01\/pol.gif\" alt=\"\"> Rega-Merida Trzebiat\u00f3w<br><img src=\"http:\/\/wikioks.cal24.pl\/wp-content\/uploads\/2021\/01\/pol.gif\" alt=\"\"> Ba\u0142tyk Koszalin<\/td><\/tr><tr><th>Debiut w <strong>Okocimskim<\/strong><\/th><td>05.04.2006 (Tarnovia II Tarn\u00f3w &#8211; Okocimski KS Brzesko 0:5) &#8211; Puchar Polski<\/td><\/tr><tr><th>Ostatni mecz w <strong>Okocimskim<\/strong><\/th><td>28.06.2006 (Fablok Chrzan\u00f3w &#8211; Okocimski KS Brzesko 1:3) &#8211; Puchar Polski<\/td><\/tr><\/tbody><\/table><\/figure>\n\n\n\n<h3>Bilans zawodnika<\/h3>\n\n\n\n<figure class=\"wp-block-table\"><table><tbody><tr><td><strong>Sezon<\/strong><\/td><td><\/td><td class=\"has-text-align-center\" data-align=\"center\"><strong>Mecze<\/strong><\/td><td class=\"has-text-align-center\" data-align=\"center\"><strong>Bramki<\/strong><\/td><\/tr><tr><td>2005\/06 (w)<\/td><td>Okocimski KS Brzesko<\/td><td class=\"has-text-align-center\" data-align=\"center\">15<\/td><td class=\"has-text-align-center\" data-align=\"center\">3<\/td><\/tr><tr><td><strong>Razem<\/strong><\/td><td><\/td><td class=\"has-text-align-center\" data-align=\"center\">15<\/td><td class=\"has-text-align-center\" data-align=\"center\">3<\/td><\/tr><\/tbody><\/table><figcaption>Statystyki dotycz\u0105 jedynie mecz\u00f3w ligowych i bara\u017cowych<\/figcaption><\/figure>\n\n\n\n<p><\/p>\n","protected":false},"excerpt":{"rendered":"<p>Fot. Maciej Pytka Mateusz Ka\u017amierczak (ur. 12 kwietnia 1983 w Koszalinie). Polski zawodnik wyst\u0119puj\u0105cy na pozycji pomocnika. Wyst\u0105pi\u0142 w 15<\/p>\n","protected":false},"author":1,"featured_media":0,"parent":0,"menu_order":0,"comment_status":"closed","ping_status":"closed","template":"","meta":{"ngg_post_thumbnail":0},"_links":{"self":[{"href":"https:\/\/wikioks.cal24.pl\/index.php\/wp-json\/wp\/v2\/pages\/3600"}],"collection":[{"href":"https:\/\/wikioks.cal24.pl\/index.php\/wp-json\/wp\/v2\/pages"}],"about":[{"href":"https:\/\/wikioks.cal24.pl\/index.php\/wp-json\/wp\/v2\/types\/page"}],"author":[{"embeddable":true,"href":"https:\/\/wikioks.cal24.pl\/index.php\/wp-json\/wp\/v2\/users\/1"}],"replies":[{"embeddable":true,"href":"https:\/\/wikioks.cal24.pl\/index.php\/wp-json\/wp\/v2\/comments?post=3600"}],"version-history":[{"count":2,"href":"https:\/\/wikioks.cal24.pl\/index.php\/wp-json\/wp\/v2\/pages\/3600\/revisions"}],"predecessor-version":[{"id":4712,"href":"https:\/\/wikioks.cal24.pl\/index.php\/wp-json\/wp\/v2\/pages\/3600\/revisions\/4712"}],"wp:attachment":[{"href":"https:\/\/wikioks.cal24.pl\/index.php\/wp-json\/wp\/v2\/media?parent=3600"}],"curies":[{"name":"wp","href":"https:\/\/api.w.org\/{rel}","templated":true}]}}