{"id":3668,"date":"2023-06-03T15:06:37","date_gmt":"2023-06-03T13:06:37","guid":{"rendered":"http:\/\/wikioks.cal24.pl\/?page_id=3668"},"modified":"2023-06-03T15:06:38","modified_gmt":"2023-06-03T13:06:38","slug":"jakub-cison","status":"publish","type":"page","link":"https:\/\/wikioks.cal24.pl\/index.php\/jakub-cison\/","title":{"rendered":"Jakub Ciso\u0144"},"content":{"rendered":"\n<figure id=\"player-profile\" class=\"wp-block-table\"><table class=\"has-fixed-layout\"><tbody><tr><td><img loading=\"lazy\" width=\"350\" height=\"500\" class=\"wp-image-3669\" style=\"width: 400px;\" src=\"http:\/\/wikioks.cal24.pl\/wp-content\/uploads\/2023\/06\/jakub_cison_2020-21.jpg\" alt=\"\" srcset=\"https:\/\/wikioks.cal24.pl\/wp-content\/uploads\/2023\/06\/jakub_cison_2020-21.jpg 350w, https:\/\/wikioks.cal24.pl\/wp-content\/uploads\/2023\/06\/jakub_cison_2020-21-210x300.jpg 210w\" sizes=\"(max-width: 350px) 100vw, 350px\" \/><br><em>Fot. Dawid Zachara<\/em><\/td><td><strong>Jakub Ciso\u0144<\/strong>\u00a0(ur. 22 maja 2002). Polski zawodnik graj\u0105cy na pozycji napastnika.<br><br>Jako junior kr\u0105\u017cy\u0142 pomi\u0119dzy Okocimskim a klubem Novi\/Rzezawianka Rzezawa. W wieku 17 lat, b\u0119d\u0105c r\u00f3wnocze\u015bnie zawodnikiem dru\u017cyny junior\u00f3w starszych, do\u0142\u0105czy\u0142 do zespo\u0142u rezerw &#8222;Piwoszy&#8221;. Jesieni\u0105 2020 roku zadebiutowa\u0142 w IV lidze w meczu przeciwko Lubaniowi Maniowy, ale jak si\u0119 p\u00f3\u017aniej okaza\u0142o by\u0142 to jego jedyny wyst\u0119p w dru\u017cynie senior\u00f3w brzeskiego klubu.<br><br>Przed sezonem 2021\/22 przeszed\u0142 na zasadzie transferu definitywnego do Stra\u017caka Mokrzyska, gdzie wyst\u0119puje do dzi\u015b.<br><br><\/td><\/tr><\/tbody><\/table><\/figure>\n\n\n\n<figure id=\"player-data\" class=\"wp-block-table is-style-stripes\"><table><tbody><tr><th>Wzrost i waga<\/th><td><\/td><\/tr><tr><td><strong>Pozycja<\/strong><\/td><td>napastnik<\/td><\/tr><tr><th>Lata gry w Okocimskim<\/th><td>2020-21<\/td><\/tr><tr><th>Przebieg kariery<\/th><td><img loading=\"lazy\" width=\"23\" height=\"15\" class=\"wp-image-887\" style=\"width: 23px;\" src=\"http:\/\/wikioks.cal24.pl\/wp-content\/uploads\/2021\/01\/pol.gif\" alt=\"\"> Novi\/Rzezawianka (juniorzy)<br>2013 <img src=\"http:\/\/wikioks.cal24.pl\/wp-content\/uploads\/2021\/01\/pol.gif\" alt=\"\"> Okocimski KS Brzesko (juniorzy)<br>2015-18 <img src=\"http:\/\/wikioks.cal24.pl\/wp-content\/uploads\/2021\/01\/pol.gif\" alt=\"\"> Novi\/Rzezawianka (juniorzy)<br>2018-19 <img src=\"http:\/\/wikioks.cal24.pl\/wp-content\/uploads\/2021\/01\/pol.gif\" alt=\"\"> Okocimski KS Brzesko (juniorzy)<br>2019 <img src=\"http:\/\/wikioks.cal24.pl\/wp-content\/uploads\/2021\/01\/pol.gif\" alt=\"\"> Okocimski KS II Brzesko<br>2020-21 <img src=\"http:\/\/wikioks.cal24.pl\/wp-content\/uploads\/2021\/01\/pol.gif\" alt=\"\"> Okocimski KS Brzesko<br>od 2021 <img src=\"http:\/\/wikioks.cal24.pl\/wp-content\/uploads\/2021\/01\/pol.gif\" alt=\"\"> Stra\u017cak Mokrzyska<\/td><\/tr><tr><th>Debiut w <strong>Okocimskim<\/strong><\/th><td>26.08.2020 (Okocimski KS Brzesko \u2013 Luba\u0144 Maniowy 1:2)<\/td><\/tr><tr><th>Ostatni mecz w <strong>Okocimskim<\/strong><\/th><td>26.08.2020 (Okocimski KS Brzesko \u2013 Luba\u0144 Maniowy 1:2)<\/td><\/tr><\/tbody><\/table><\/figure>\n\n\n\n<h3>Bilans zawodnika<\/h3>\n\n\n\n<figure class=\"wp-block-table\"><table><tbody><tr><td><strong>Sezon<\/strong><\/td><td><\/td><td class=\"has-text-align-center\" data-align=\"center\"><strong>Mecze<\/strong><\/td><td class=\"has-text-align-center\" data-align=\"center\"><strong>Bramki<\/strong><\/td><\/tr><tr><td>2020\/21<\/td><td>Okocimski KS Brzesko<\/td><td class=\"has-text-align-center\" data-align=\"center\">1<\/td><td class=\"has-text-align-center\" data-align=\"center\">0<\/td><\/tr><tr><td><strong>Razem<\/strong><\/td><td><\/td><td class=\"has-text-align-center\" data-align=\"center\">1<\/td><td class=\"has-text-align-center\" data-align=\"center\">0<\/td><\/tr><\/tbody><\/table><figcaption>Statystyki dotycz\u0105 jedynie mecz\u00f3w ligowych<\/figcaption><\/figure>\n\n\n\n<p><\/p>\n","protected":false},"excerpt":{"rendered":"<p>Fot. Dawid Zachara Jakub Ciso\u0144\u00a0(ur. 22 maja 2002). Polski zawodnik graj\u0105cy na pozycji napastnika. Jako junior kr\u0105\u017cy\u0142 pomi\u0119dzy Okocimskim a<\/p>\n","protected":false},"author":1,"featured_media":0,"parent":0,"menu_order":0,"comment_status":"closed","ping_status":"closed","template":"","meta":{"ngg_post_thumbnail":0},"_links":{"self":[{"href":"https:\/\/wikioks.cal24.pl\/index.php\/wp-json\/wp\/v2\/pages\/3668"}],"collection":[{"href":"https:\/\/wikioks.cal24.pl\/index.php\/wp-json\/wp\/v2\/pages"}],"about":[{"href":"https:\/\/wikioks.cal24.pl\/index.php\/wp-json\/wp\/v2\/types\/page"}],"author":[{"embeddable":true,"href":"https:\/\/wikioks.cal24.pl\/index.php\/wp-json\/wp\/v2\/users\/1"}],"replies":[{"embeddable":true,"href":"https:\/\/wikioks.cal24.pl\/index.php\/wp-json\/wp\/v2\/comments?post=3668"}],"version-history":[{"count":1,"href":"https:\/\/wikioks.cal24.pl\/index.php\/wp-json\/wp\/v2\/pages\/3668\/revisions"}],"predecessor-version":[{"id":3670,"href":"https:\/\/wikioks.cal24.pl\/index.php\/wp-json\/wp\/v2\/pages\/3668\/revisions\/3670"}],"wp:attachment":[{"href":"https:\/\/wikioks.cal24.pl\/index.php\/wp-json\/wp\/v2\/media?parent=3668"}],"curies":[{"name":"wp","href":"https:\/\/api.w.org\/{rel}","templated":true}]}}