{"id":3756,"date":"2023-06-08T20:08:12","date_gmt":"2023-06-08T18:08:12","guid":{"rendered":"http:\/\/wikioks.cal24.pl\/?page_id=3756"},"modified":"2024-09-17T15:14:41","modified_gmt":"2024-09-17T13:14:41","slug":"pawel-weinar","status":"publish","type":"page","link":"https:\/\/wikioks.cal24.pl\/index.php\/pawel-weinar\/","title":{"rendered":"Pawe\u0142 Weinar"},"content":{"rendered":"\n<figure id=\"player-profile\" class=\"wp-block-table\"><table class=\"has-fixed-layout\"><tbody><tr><td><img loading=\"lazy\" width=\"400\" height=\"600\" class=\"wp-image-3747\" style=\"width: 400px;\" src=\"http:\/\/wikioks.cal24.pl\/wp-content\/uploads\/2023\/06\/pawel_weinar_2006.jpg\" alt=\"\" srcset=\"https:\/\/wikioks.cal24.pl\/wp-content\/uploads\/2023\/06\/pawel_weinar_2006.jpg 400w, https:\/\/wikioks.cal24.pl\/wp-content\/uploads\/2023\/06\/pawel_weinar_2006-200x300.jpg 200w\" sizes=\"(max-width: 400px) 100vw, 400px\" \/><br><em>Fot. Maciej Pytka<\/em><\/td><td><strong><strong>Pawe\u0142 Weinar<\/strong>\u00a0<\/strong>(ur. 24 sierpnia 1977 w Krakowie). Polski pi\u0142karz wyst\u0119puj\u0105cy na pozycji obro\u0144cy lub defensywnego pomocnika. W Okocimskim rozegra\u0142 15 mecz\u00f3w na szczeblu III ligi oraz 3 spotkania w centralnym i 2 mecze w okr\u0119gowym Pucharze Polski.<br><br>Wychowanek Wis\u0142y Krak\u00f3w. Wywodzi si\u0119 ze s\u0142ynnej szk\u00f3\u0142ki Stanis\u0142awa Chemicza. Jako junior w 1996 roku si\u0119gn\u0105\u0142 z &#8222;Bia\u0142\u0105 Gwiazd\u0105&#8221; prowadzon\u0105 przez trenera Wojciecha Stawowego po tytu\u0142 mistrza Polski pokonuj\u0105c w finale Zag\u0142\u0119bie Lublin. W tym samym roku zadebiutowa\u0142 w pierwszym zespole Wis\u0142y, kt\u00f3ra w\u00f3wczas powr\u00f3ci\u0142a po 2 latach przerwy do Ekstraklasy. Jego przygoda z Wis\u0142\u0105 (nie licz\u0105c p\u00f3\u0142rocznego wypo\u017cyczenia do Hutnika) trwa\u0142a do 1999 roku. W wyniku zmian w\u0142asno\u015bciowych spowodowanych przej\u0119ciem klubu przez Tele-Fonik\u0119 Weinar zmuszony by\u0142 do opuszczenia Wis\u0142y. Przez kolejne lata kontynuowa\u0142 karier\u0119 na szczeblu trzecioligowym reprezentuj\u0105c barwy Proszowianki Proszowice oraz G\u00f3rnika Wieliczka.<br><br>Do Brzeska trafi\u0142 przed rund\u0105 jesienn\u0105 sezonu 2006\/07 jako filar formacji obronnej w ekipie beniaminka III ligi. Mimo trudnych pocz\u0105tk\u00f3w, z czasem sta\u0142 si\u0119 pewnym ogniwem w dru\u017cynie trenera Zbigniewa Kordeli. Warto doda\u0107, \u017ce m.in. przy udziale Paw\u0142a Weinara Okocimski awansowa\u0142 do 1\/16 fina\u0142u Pucharu Polski, gdzie dopiero po rzutach karnych musia\u0142 uzna\u0107 wy\u017cszo\u015b\u0107 Wis\u0142y P\u0142ock. Nieoczekiwanie na p\u00f3\u0142metku rozgrywek ligowych po Weinara zg\u0142osi\u0142a si\u0119 prowadzona przez trenera Stawowego Arka Gdynia. Jego przygoda z Ekstraklas\u0105 potrwa\u0142a jednak p\u00f3\u0142 roku, gdy\u017c mimo zaj\u0119cia 11. miejsca w tabeli klub zosta\u0142 karnie zdegradowany za korupcj\u0119 do II ligi. Po roku gdynianie powr\u00f3cili na najwy\u017cszy poziom, jednak dla Weinara zabrak\u0142o ju\u017c miejsca w sk\u0142adzie. W 2010 roku zako\u0144czy\u0142 karier\u0119.<br><br>\u0141\u0105cznie na szczeblu Ekstraklasy wyst\u0105pi\u0142 w 29 meczach.<\/td><\/tr><\/tbody><\/table><\/figure>\n\n\n\n<figure id=\"player-data\" class=\"wp-block-table is-style-stripes\"><table><tbody><tr><th>Wzrost i waga<\/th><td>180 cm \/ 74 kg<\/td><\/tr><tr><td><strong>Pozycja<\/strong><\/td><td>obro\u0144ca, pomocnik<\/td><\/tr><tr><th>Lata gry w Okocimskim<\/th><td>2006<\/td><\/tr><tr><th>Przebieg kariery<\/th><td><img src=\"http:\/\/wikioks.cal24.pl\/wp-content\/uploads\/2021\/01\/pol.gif\" alt=\"\"> Wis\u0142a Krak\u00f3w (juniorzy)<br>1996-97 <img src=\"http:\/\/wikioks.cal24.pl\/wp-content\/uploads\/2021\/01\/pol.gif\" alt=\"\"> Wis\u0142a Krak\u00f3w<br>1998 <img src=\"http:\/\/wikioks.cal24.pl\/wp-content\/uploads\/2021\/01\/pol.gif\" alt=\"\"> Wis\u0142a II Krak\u00f3w<br>1998 <img src=\"http:\/\/wikioks.cal24.pl\/wp-content\/uploads\/2021\/01\/pol.gif\" alt=\"\"> Wis\u0142a Krak\u00f3w<br>1999 <img src=\"http:\/\/wikioks.cal24.pl\/wp-content\/uploads\/2021\/01\/pol.gif\" alt=\"\"> Hutnik Krak\u00f3w<br>1999 <img src=\"http:\/\/wikioks.cal24.pl\/wp-content\/uploads\/2021\/01\/pol.gif\" alt=\"\"> Wis\u0142a Krak\u00f3w<br>2000-02 <img src=\"http:\/\/wikioks.cal24.pl\/wp-content\/uploads\/2021\/01\/pol.gif\" alt=\"\"> Proszowianka Proszowice<br>2002-06 <img src=\"http:\/\/wikioks.cal24.pl\/wp-content\/uploads\/2021\/01\/pol.gif\" alt=\"\"> G\u00f3rnik Wieliczka<br>2006 <img src=\"http:\/\/wikioks.cal24.pl\/wp-content\/uploads\/2021\/01\/pol.gif\" alt=\"\"> Okocimski KS Brzesko<br>2007-09 <img src=\"http:\/\/wikioks.cal24.pl\/wp-content\/uploads\/2021\/01\/pol.gif\" alt=\"\"> Arka Gdynia<\/td><\/tr><tr><th>Debiut w <strong>Okocimskim<\/strong><\/th><td>06.08.2006 (Kolejarz Str\u00f3\u017ce &#8211; Okocimski KS Brzesko 3:0)<\/td><\/tr><tr><th>Ostatni mecz w <strong>Okocimskim<\/strong><\/th><td>26.11.2006 (Tuchovia Tuch\u00f3w &#8211; Okocimski KS Brzesko 1:4) &#8211; Puchar Polski<\/td><\/tr><\/tbody><\/table><\/figure>\n\n\n\n<h3>Bilans zawodnika<\/h3>\n\n\n\n<figure class=\"wp-block-table\"><table><tbody><tr><td><strong>Sezon<\/strong><\/td><td><\/td><td class=\"has-text-align-center\" data-align=\"center\"><strong>Mecze<\/strong><\/td><td class=\"has-text-align-center\" data-align=\"center\"><strong>Bramki<\/strong><\/td><\/tr><tr><td>2006\/07 (j)<\/td><td>Okocimski KS Brzesko<\/td><td class=\"has-text-align-center\" data-align=\"center\">15<\/td><td class=\"has-text-align-center\" data-align=\"center\">0<\/td><\/tr><tr><td><strong>Razem<\/strong><\/td><td><\/td><td class=\"has-text-align-center\" data-align=\"center\">15<\/td><td class=\"has-text-align-center\" data-align=\"center\">0<\/td><\/tr><\/tbody><\/table><figcaption>Statystyki dotycz\u0105 jedynie mecz\u00f3w ligowych<\/figcaption><\/figure>\n","protected":false},"excerpt":{"rendered":"<p>Fot. Maciej Pytka Pawe\u0142 Weinar\u00a0(ur. 24 sierpnia 1977 w Krakowie). Polski pi\u0142karz wyst\u0119puj\u0105cy na pozycji obro\u0144cy lub defensywnego pomocnika. W<\/p>\n","protected":false},"author":1,"featured_media":0,"parent":0,"menu_order":0,"comment_status":"closed","ping_status":"closed","template":"","meta":{"ngg_post_thumbnail":0},"_links":{"self":[{"href":"https:\/\/wikioks.cal24.pl\/index.php\/wp-json\/wp\/v2\/pages\/3756"}],"collection":[{"href":"https:\/\/wikioks.cal24.pl\/index.php\/wp-json\/wp\/v2\/pages"}],"about":[{"href":"https:\/\/wikioks.cal24.pl\/index.php\/wp-json\/wp\/v2\/types\/page"}],"author":[{"embeddable":true,"href":"https:\/\/wikioks.cal24.pl\/index.php\/wp-json\/wp\/v2\/users\/1"}],"replies":[{"embeddable":true,"href":"https:\/\/wikioks.cal24.pl\/index.php\/wp-json\/wp\/v2\/comments?post=3756"}],"version-history":[{"count":6,"href":"https:\/\/wikioks.cal24.pl\/index.php\/wp-json\/wp\/v2\/pages\/3756\/revisions"}],"predecessor-version":[{"id":5289,"href":"https:\/\/wikioks.cal24.pl\/index.php\/wp-json\/wp\/v2\/pages\/3756\/revisions\/5289"}],"wp:attachment":[{"href":"https:\/\/wikioks.cal24.pl\/index.php\/wp-json\/wp\/v2\/media?parent=3756"}],"curies":[{"name":"wp","href":"https:\/\/api.w.org\/{rel}","templated":true}]}}