{"id":4244,"date":"2023-07-20T23:59:51","date_gmt":"2023-07-20T21:59:51","guid":{"rendered":"http:\/\/wikioks.cal24.pl\/?page_id=4244"},"modified":"2026-06-15T20:18:32","modified_gmt":"2026-06-15T18:18:32","slug":"dawid-lizak","status":"publish","type":"page","link":"https:\/\/wikioks.cal24.pl\/index.php\/dawid-lizak\/","title":{"rendered":"Dawid Lizak"},"content":{"rendered":"\n<figure id=\"player-profile\" class=\"wp-block-table\"><table class=\"has-fixed-layout\"><tbody><tr><td><img loading=\"lazy\" width=\"600\" height=\"800\" class=\"wp-image-1136\" style=\"width: 400px;\" src=\"http:\/\/wikioks.cal24.pl\/wp-content\/uploads\/2021\/01\/lizak-2016-1.jpg\" alt=\"\" srcset=\"https:\/\/wikioks.cal24.pl\/wp-content\/uploads\/2021\/01\/lizak-2016-1.jpg 600w, https:\/\/wikioks.cal24.pl\/wp-content\/uploads\/2021\/01\/lizak-2016-1-225x300.jpg 225w\" sizes=\"(max-width: 600px) 100vw, 600px\" \/><br><em>Fot. Maciej Pytka<\/em><\/td><td><strong>Dawid Lizak<\/strong>\u00a0(ur. 27 kwietnia 1999 w Brzesku). Polski zawodnik graj\u0105cy na pozycji napastnika.<br><br>Wychowanek Aslanu Jadowniki, jednak stosunkowo wcze\u015bnie, bo jeszcze jako m\u0142odzik do\u0142\u0105czy\u0142 do Okocimskiego. Po wycofaniu pierwszej dru\u017cyny z II ligi, wiosn\u0105 2016 roku do\u0142\u0105czy\u0142 do dru\u017cyny rezerw prowadzonej przez Leszka Kraczkiewicza, a ju\u017c p\u00f3\u0142 roku p\u00f3\u017aniej oficjalnie zadebiutowa\u0142 w pierwszym zespole &#8222;Piwoszy&#8221;. Na koniec sezonu 2017\/18 wywalczy\u0142 awans do IV ligi. <br><br>Sezon 2020\/21 sp\u0119dzi\u0142 w rezerwach Bruk-Betu Termaliki Nieciecza, by po roku wr\u00f3ci\u0107 do Brzeska i pom\u00f3c dru\u017cynie w zakwalifikowaniu si\u0119 do zreformowanej IV ligi ma\u0142opolskiej. By\u0142 zarazem najlepszym strzelcem Okocimskiego. Ze wzgl\u0119du na kontuzj\u0119 kolana (zerwane wi\u0119zad\u0142a krzy\u017cowe) straci\u0142 du\u017c\u0105 cz\u0119\u015b\u0107 kolejnego sezonu 2022\/23. W trakcie rundy wiosennej do\u0142\u0105czy\u0142 do V-ligowego GKS-u Drwinia.<br><br>Od sezonu 2023\/24 ponownie reprezentuje barwy Okocimskiego. W 2025 roku mia\u0142 sw\u00f3j spory wk\u0142ad w pow\u00f3t &#8222;Piwoszy&#8221; do IV ligi, b\u0119dac najskuteczniejszym strzelcem zespo\u0142u.<br><br><br><br><\/td><\/tr><\/tbody><\/table><\/figure>\n\n\n\n<figure id=\"player-data\" class=\"wp-block-table is-style-stripes\"><table><tbody><tr><th>Wzrost i waga<\/th><td>178 cm \/ 72 kg<\/td><\/tr><tr><td><strong>Pozycja<\/strong><\/td><td>napastnik<\/td><\/tr><tr><th>Lata gry w Okocimskim<\/th><td>2016-20, 2021-22, od 2023<\/td><\/tr><tr><th>Przebieg kariery<\/th><td><img src=\"http:\/\/wikioks.cal24.pl\/wp-content\/uploads\/2021\/01\/pol.gif\" alt=\"\"> Aslan Jadowniki<br>2009-15 <img loading=\"lazy\" width=\"23\" height=\"15\" class=\"wp-image-887\" style=\"width: 23px;\" src=\"http:\/\/wikioks.cal24.pl\/wp-content\/uploads\/2021\/01\/pol.gif\" alt=\"\"> Okocimski KS Brzesko (juniorzy)<br>2016 <img src=\"http:\/\/wikioks.cal24.pl\/wp-content\/uploads\/2021\/01\/pol.gif\" alt=\"\"> Okocimski KS II Brzesko<br>2016-20 <img src=\"http:\/\/wikioks.cal24.pl\/wp-content\/uploads\/2021\/01\/pol.gif\" alt=\"\"> Okocimski KS Brzesko<br>2020-21 <img src=\"http:\/\/wikioks.cal24.pl\/wp-content\/uploads\/2021\/01\/pol.gif\" alt=\"\"> Bruk-Bet Termalika II Nieciecza<br>2021-22 <img src=\"http:\/\/wikioks.cal24.pl\/wp-content\/uploads\/2021\/01\/pol.gif\" alt=\"\"> Okocimski KS Brzesko<br>2023 <img src=\"http:\/\/wikioks.cal24.pl\/wp-content\/uploads\/2021\/01\/pol.gif\" alt=\"\"> GKS Drwinia<br>od 2023 <img src=\"http:\/\/wikioks.cal24.pl\/wp-content\/uploads\/2021\/01\/pol.gif\" alt=\"\"> Okocimski KS Brzesko<\/td><\/tr><tr><th>Debiut w <strong>Okocimskim<\/strong><\/th><td>05.08.2016 (Gwizdki Brzesko \u2013 Okocimski KS Brzesko 1:5) \/ Puchar Polski<\/td><\/tr><tr><th>Ostatni mecz w <strong>Okocimskim<\/strong><\/th><td>&#8211;<\/td><\/tr><\/tbody><\/table><\/figure>\n\n\n\n<h3>Bilans zawodnika<\/h3>\n\n\n\n<figure class=\"wp-block-table\"><table><tbody><tr><td><strong>Sezon<\/strong><\/td><td><\/td><td class=\"has-text-align-center\" data-align=\"center\"><strong>Mecze<\/strong><\/td><td class=\"has-text-align-center\" data-align=\"center\"><strong>Bramki<\/strong><\/td><\/tr><tr><td>2016\/17<\/td><td>Okocimski KS Brzesko<\/td><td class=\"has-text-align-center\" data-align=\"center\">24<\/td><td class=\"has-text-align-center\" data-align=\"center\">7<\/td><\/tr><tr><td>2017\/18<\/td><td>Okocimski KS Brzesko<\/td><td class=\"has-text-align-center\" data-align=\"center\">17<\/td><td class=\"has-text-align-center\" data-align=\"center\">8<\/td><\/tr><tr><td>2018\/19<\/td><td>Okocimski KS Brzesko<\/td><td class=\"has-text-align-center\" data-align=\"center\">20<\/td><td class=\"has-text-align-center\" data-align=\"center\">7<\/td><\/tr><tr><td>2019\/20<\/td><td>Okocimski KS Brzesko<\/td><td class=\"has-text-align-center\" data-align=\"center\">16<\/td><td class=\"has-text-align-center\" data-align=\"center\">3<\/td><\/tr><tr><td>2021\/22<\/td><td>Okocimski KS Brzesko<\/td><td class=\"has-text-align-center\" data-align=\"center\">32<\/td><td class=\"has-text-align-center\" data-align=\"center\">12<\/td><\/tr><tr><td>2023\/24<\/td><td>Okocimski KS Brzesko<\/td><td class=\"has-text-align-center\" data-align=\"center\">23<\/td><td class=\"has-text-align-center\" data-align=\"center\">2<\/td><\/tr><tr><td>2024\/25<\/td><td>Okocimski KS Brzesko<\/td><td class=\"has-text-align-center\" data-align=\"center\">29<\/td><td class=\"has-text-align-center\" data-align=\"center\">23<\/td><\/tr><tr><td>2025\/26<\/td><td>Okocimski KS Brzesko<\/td><td class=\"has-text-align-center\" data-align=\"center\">28<\/td><td class=\"has-text-align-center\" data-align=\"center\">2<\/td><\/tr><tr><td><strong>Razem<\/strong><\/td><td><\/td><td class=\"has-text-align-center\" data-align=\"center\">189<\/td><td class=\"has-text-align-center\" data-align=\"center\">64<\/td><\/tr><\/tbody><\/table><figcaption>Statystyki dotycz\u0105 jedynie mecz\u00f3w ligowych<\/figcaption><\/figure>\n\n\n\n<p><\/p>\n","protected":false},"excerpt":{"rendered":"<p>Fot. Maciej Pytka Dawid Lizak\u00a0(ur. 27 kwietnia 1999 w Brzesku). Polski zawodnik graj\u0105cy na pozycji napastnika. Wychowanek Aslanu Jadowniki, jednak<\/p>\n","protected":false},"author":1,"featured_media":0,"parent":0,"menu_order":0,"comment_status":"closed","ping_status":"closed","template":"","meta":{"ngg_post_thumbnail":0},"_links":{"self":[{"href":"https:\/\/wikioks.cal24.pl\/index.php\/wp-json\/wp\/v2\/pages\/4244"}],"collection":[{"href":"https:\/\/wikioks.cal24.pl\/index.php\/wp-json\/wp\/v2\/pages"}],"about":[{"href":"https:\/\/wikioks.cal24.pl\/index.php\/wp-json\/wp\/v2\/types\/page"}],"author":[{"embeddable":true,"href":"https:\/\/wikioks.cal24.pl\/index.php\/wp-json\/wp\/v2\/users\/1"}],"replies":[{"embeddable":true,"href":"https:\/\/wikioks.cal24.pl\/index.php\/wp-json\/wp\/v2\/comments?post=4244"}],"version-history":[{"count":6,"href":"https:\/\/wikioks.cal24.pl\/index.php\/wp-json\/wp\/v2\/pages\/4244\/revisions"}],"predecessor-version":[{"id":6607,"href":"https:\/\/wikioks.cal24.pl\/index.php\/wp-json\/wp\/v2\/pages\/4244\/revisions\/6607"}],"wp:attachment":[{"href":"https:\/\/wikioks.cal24.pl\/index.php\/wp-json\/wp\/v2\/media?parent=4244"}],"curies":[{"name":"wp","href":"https:\/\/api.w.org\/{rel}","templated":true}]}}