{"id":4274,"date":"2023-07-27T20:45:32","date_gmt":"2023-07-27T18:45:32","guid":{"rendered":"http:\/\/wikioks.cal24.pl\/?page_id=4274"},"modified":"2023-07-27T20:45:32","modified_gmt":"2023-07-27T18:45:32","slug":"filip-kasinski","status":"publish","type":"page","link":"https:\/\/wikioks.cal24.pl\/index.php\/filip-kasinski\/","title":{"rendered":"Filip Kasi\u0144ski"},"content":{"rendered":"\n<figure id=\"player-profile\" class=\"wp-block-table\"><table class=\"has-fixed-layout\"><tbody><tr><td><img loading=\"lazy\" width=\"1276\" height=\"1600\" class=\"wp-image-1090\" style=\"width: 400px;\" src=\"http:\/\/wikioks.cal24.pl\/wp-content\/uploads\/2021\/01\/kasinski-2015.jpg\" alt=\"\" srcset=\"https:\/\/wikioks.cal24.pl\/wp-content\/uploads\/2021\/01\/kasinski-2015.jpg 1276w, https:\/\/wikioks.cal24.pl\/wp-content\/uploads\/2021\/01\/kasinski-2015-239x300.jpg 239w, https:\/\/wikioks.cal24.pl\/wp-content\/uploads\/2021\/01\/kasinski-2015-817x1024.jpg 817w, https:\/\/wikioks.cal24.pl\/wp-content\/uploads\/2021\/01\/kasinski-2015-768x963.jpg 768w, https:\/\/wikioks.cal24.pl\/wp-content\/uploads\/2021\/01\/kasinski-2015-1225x1536.jpg 1225w\" sizes=\"(max-width: 1276px) 100vw, 1276px\" \/><br><em>Fot. Grzegorz Golec<\/em><\/td><td><strong>Filip Kasi\u0144ski<\/strong>\u00a0(ur. 14 sierpnia 1990 w \u017bywcu). Polski zawodnik graj\u0105cy na pozycji pomocnika. W barwach Okocimskiego wyst\u0105pi\u0142 w 3 meczach II ligi oraz 1 spotkaniu pucharowym.<br><br>Wychowanek Gwarka Zabrze. Jako junior wyst\u0119powa\u0142 tak\u017ce w Podbeskidziu-Bielsko Bia\u0142a. W seniorskiej pi\u0142ce zaliczy\u0142 kr\u00f3tkie epizody w MZKS-ie Alwernia, rezerwach Podbeskidzie, G\u00f3rniku Weso\u0142a, czy Zaporze Por\u0105bka. Od 2011 roku reprezentowa\u0142 barwy Garbarza Zembrzyce.<br><br>Latem 2015 roku niespodziewanie trafi\u0142 do wyst\u0119puj\u0105cego drugoligowego Okocimskiego. W zespole prowadzonym przez trenera Tomasza Kulawika zdo\u0142a\u0142 zaledwie wyst\u0105pi\u0107 w 3 spotkaniach II ligi oraz meczu Pucharu Polski, po czym jeszcze w trakcie rundy jesiennej powr\u00f3ci\u0142 do Zembrzyc. <br><br>Od 2016 roku nieprzerwanie wyst\u0119puje w Beskidzie Andrych\u00f3w.<br><br>W trakcie rundy jesiennej sezonu 2021\/22 by\u0142 trenerem Czarnych-G\u00f3ral \u017bywiec.<br><br><\/td><\/tr><\/tbody><\/table><\/figure>\n\n\n\n<figure id=\"player-data\" class=\"wp-block-table is-style-stripes\"><table><tbody><tr><th>Wzrost i waga<\/th><td>178 cm \/ 70 kg<\/td><\/tr><tr><td><strong>Pozycja<\/strong><\/td><td>pomocnik<\/td><\/tr><tr><th>Lata gry w Okocimskim<\/th><td>2015<\/td><\/tr><tr><th>Przebieg kariery<\/th><td><img loading=\"lazy\" width=\"23\" height=\"15\" class=\"wp-image-887\" style=\"width: 23px;\" src=\"http:\/\/wikioks.cal24.pl\/wp-content\/uploads\/2021\/01\/pol.gif\" alt=\"\"> Gwarek Zabrze (juniorzy)<br>2008-09 <img src=\"http:\/\/wikioks.cal24.pl\/wp-content\/uploads\/2021\/01\/pol.gif\" alt=\"\"> Podbeskidzie Bielsko-Bia\u0142a (juniorzy)<br>2009 <img src=\"http:\/\/wikioks.cal24.pl\/wp-content\/uploads\/2021\/01\/pol.gif\" alt=\"\"> MZKS Alwernia<br>2010 <img src=\"http:\/\/wikioks.cal24.pl\/wp-content\/uploads\/2021\/01\/pol.gif\" alt=\"\"> Podbeskidzie II Bielsko-Bia\u0142a<br>2010 <img src=\"http:\/\/wikioks.cal24.pl\/wp-content\/uploads\/2021\/01\/pol.gif\" alt=\"\"> G\u00f3rnik Weso\u0142a (Mys\u0142owice)<br>2011 <img src=\"http:\/\/wikioks.cal24.pl\/wp-content\/uploads\/2021\/01\/pol.gif\" alt=\"\"> Zapora Por\u0105bka<br>2011-15 <img src=\"http:\/\/wikioks.cal24.pl\/wp-content\/uploads\/2021\/01\/pol.gif\" alt=\"\"> Garbarz Zembrzyce<br>2015 <img src=\"http:\/\/wikioks.cal24.pl\/wp-content\/uploads\/2021\/01\/pol.gif\" alt=\"\"> Okocimski KS Brzesko<br>2015-16 <img src=\"http:\/\/wikioks.cal24.pl\/wp-content\/uploads\/2021\/01\/pol.gif\" alt=\"\"> Garbarz Zembrzyce<br>od 2016 <img src=\"http:\/\/wikioks.cal24.pl\/wp-content\/uploads\/2021\/01\/pol.gif\" alt=\"\"> Beskid Andrych\u00f3w<\/td><\/tr><tr><th>Debiut w <strong>Okocimskim<\/strong><\/th><td>18.07.2015 (G\u00f3rnik Wa\u0142brzych &#8211; Okocimski KS Brzesko 1:1 pd.\u00a0k. 3:0) &#8211; Puchar Polski<\/td><\/tr><tr><th>Ostatni mecz w <strong>Okocimskim<\/strong><\/th><td>22.08.2015 (Okocimski KS Brzesko &#8211; Legionovia Legionowo 0:1)<\/td><\/tr><\/tbody><\/table><\/figure>\n\n\n\n<h3>Bilans zawodnika<\/h3>\n\n\n\n<figure class=\"wp-block-table\"><table><tbody><tr><td><strong>Sezon<\/strong><\/td><td><\/td><td class=\"has-text-align-center\" data-align=\"center\"><strong>Mecze<\/strong><\/td><td class=\"has-text-align-center\" data-align=\"center\"><strong>Bramki<\/strong><\/td><\/tr><tr><td>2015\/16 (j)<\/td><td>Okocimski KS Brzesko<\/td><td class=\"has-text-align-center\" data-align=\"center\">3<\/td><td class=\"has-text-align-center\" data-align=\"center\">0<\/td><\/tr><tr><td><strong>Razem<\/strong><\/td><td><\/td><td class=\"has-text-align-center\" data-align=\"center\">3<\/td><td class=\"has-text-align-center\" data-align=\"center\">0<\/td><\/tr><\/tbody><\/table><figcaption>Statystyki dotycz\u0105 jedynie mecz\u00f3w ligowych<\/figcaption><\/figure>\n\n\n\n<p><\/p>\n","protected":false},"excerpt":{"rendered":"<p>Fot. Grzegorz Golec Filip Kasi\u0144ski\u00a0(ur. 14 sierpnia 1990 w \u017bywcu). Polski zawodnik graj\u0105cy na pozycji pomocnika. W barwach Okocimskiego wyst\u0105pi\u0142<\/p>\n","protected":false},"author":1,"featured_media":0,"parent":0,"menu_order":0,"comment_status":"closed","ping_status":"closed","template":"","meta":{"ngg_post_thumbnail":0},"_links":{"self":[{"href":"https:\/\/wikioks.cal24.pl\/index.php\/wp-json\/wp\/v2\/pages\/4274"}],"collection":[{"href":"https:\/\/wikioks.cal24.pl\/index.php\/wp-json\/wp\/v2\/pages"}],"about":[{"href":"https:\/\/wikioks.cal24.pl\/index.php\/wp-json\/wp\/v2\/types\/page"}],"author":[{"embeddable":true,"href":"https:\/\/wikioks.cal24.pl\/index.php\/wp-json\/wp\/v2\/users\/1"}],"replies":[{"embeddable":true,"href":"https:\/\/wikioks.cal24.pl\/index.php\/wp-json\/wp\/v2\/comments?post=4274"}],"version-history":[{"count":1,"href":"https:\/\/wikioks.cal24.pl\/index.php\/wp-json\/wp\/v2\/pages\/4274\/revisions"}],"predecessor-version":[{"id":4275,"href":"https:\/\/wikioks.cal24.pl\/index.php\/wp-json\/wp\/v2\/pages\/4274\/revisions\/4275"}],"wp:attachment":[{"href":"https:\/\/wikioks.cal24.pl\/index.php\/wp-json\/wp\/v2\/media?parent=4274"}],"curies":[{"name":"wp","href":"https:\/\/api.w.org\/{rel}","templated":true}]}}