{"id":4432,"date":"2023-08-07T13:05:54","date_gmt":"2023-08-07T11:05:54","guid":{"rendered":"http:\/\/wikioks.cal24.pl\/?page_id=4432"},"modified":"2024-08-11T21:02:49","modified_gmt":"2024-08-11T19:02:49","slug":"jaroslaw-palej","status":"publish","type":"page","link":"https:\/\/wikioks.cal24.pl\/index.php\/jaroslaw-palej\/","title":{"rendered":"Jaros\u0142aw Palej"},"content":{"rendered":"\n<figure id=\"player-profile\" class=\"wp-block-table\"><table class=\"has-fixed-layout\"><tbody><tr><td><img loading=\"lazy\" width=\"1714\" height=\"2560\" class=\"wp-image-4105\" style=\"width: 400px;\" src=\"http:\/\/wikioks.cal24.pl\/wp-content\/uploads\/2023\/07\/jaroslaw_palej_2008-scaled.jpg\" alt=\"\" srcset=\"https:\/\/wikioks.cal24.pl\/wp-content\/uploads\/2023\/07\/jaroslaw_palej_2008-scaled.jpg 1714w, https:\/\/wikioks.cal24.pl\/wp-content\/uploads\/2023\/07\/jaroslaw_palej_2008-201x300.jpg 201w, https:\/\/wikioks.cal24.pl\/wp-content\/uploads\/2023\/07\/jaroslaw_palej_2008-685x1024.jpg 685w, https:\/\/wikioks.cal24.pl\/wp-content\/uploads\/2023\/07\/jaroslaw_palej_2008-768x1147.jpg 768w, https:\/\/wikioks.cal24.pl\/wp-content\/uploads\/2023\/07\/jaroslaw_palej_2008-1028x1536.jpg 1028w, https:\/\/wikioks.cal24.pl\/wp-content\/uploads\/2023\/07\/jaroslaw_palej_2008-1371x2048.jpg 1371w\" sizes=\"(max-width: 1714px) 100vw, 1714px\" \/><br><em>Fot. Maciej Pytka<\/em><\/td><td><strong>Jaros\u0142aw Palej\u00a0<\/strong>(ur. 1 listopada 1976 w Borz\u0119cinie). Polski zawodnik graj\u0105cy na pozycji bramkarza. W Okocimskim wyst\u0105pi\u0142 w 144 meczach (liga + bara\u017ce).<br><br>Wychowanek Victorii Bielcza. Jako junior trafi\u0142 do Unii Tarn\u00f3w. W pierwszym zespole &#8222;Jask\u00f3\u0142ek&#8221; zadebiutowa\u0142 jednak dopiero w wieku 23 lat, gdy tarnowska dru\u017cyna spad\u0142a do III ligi. Wcze\u015bniej wyst\u0119powa\u0142 w dru\u017cynie rezerw oraz na wypo\u017cyczeniu w Pogoni Biadoliny Rad\u0142owskie i Jadowniczance. Przez lata gry w tarnowskim klubie ur\u00f3s\u0142 do miana legendy, mimo, \u017ce odchodzi\u0142 z Unii gdy ta gra\u0142a ju\u017c w IV lidze.<br><br>Aspiruj\u0105cy do gry o III lig\u0119 Okocimski latem 2004 roku szuka\u0142 wzmocnienia na pozycji bramkarza. Wyb\u00f3r pad\u0142 w\u0142a\u015bnie na Jaros\u0142awa Paleja. Jak si\u0119 p\u00f3\u017aniej okaza\u0142o, popularny &#8222;Czujnik&#8221; na lata wskoczy\u0142 mi\u0119dzy s\u0142upki brzeskiej bramki. Z &#8222;Piwoszami&#8221; prze\u017cywa\u0142 wielkie momenty w najnowszej historii klubu jakimi by\u0142 awans do III ligi w 2006 roku, gra na szczeblu centralnym Pucharu Polski (pami\u0119tne mecze z Ruchem Chorz\u00f3w, Lechem Pozna\u0144, czy Wis\u0142\u0105 P\u0142ock), czy p\u00f3\u017aniejsza gra w II lidze. Z czasem musia\u0142 ust\u0105pi\u0107 miejsca m\u0142odszym kolegom jak Aleksander Kozio\u0142, Dariusz Trela czy Dawid Mieczkowski, st\u0105d ograniczy\u0142 si\u0119 do roli trzeciego golkipera. Pomaga\u0142 r\u00f3wnie\u017c w roli trenera bramkarzy. Nieoczekiwanie, w po\u0142owie listopada 2013 roku, po 3 latach od ostatniego wyst\u0119pu, maj\u0105c 38 lat na karku, zadebiutowa\u0142 w I lidze przeciwko Flocie \u015awinouj\u015bcie. By\u0142 to zarazem jego ostatni wyst\u0119p w &#8222;bia\u0142o-zielonych&#8221; barwach.<br><br>Nast\u0119pnie kontynuowa\u0142 gr\u0119 w zespo\u0142ach amatorskich. Przez chwil\u0119 wyst\u0119powa\u0142 w Tuchovii Tuch\u00f3w i Sokole Maszkienice. Zaliczy\u0142 r\u00f3wnie\u017c zagraniczny epizod w norweskim Skogbygda IF. <br><br>W latach 2016 do 2019 pracowa\u0142 w Sokole Borz\u0119cin G\u00f3rny jako trener junior\u00f3w m\u0142odszych oraz junior\u00f3w starszych. Od stycznia 2021 do stycznia 2023 prowadzi\u0142 dru\u017cyn\u0119 senior\u00f3w borz\u0119ckiego klubu. W Sokole Borz\u0119cin wyst\u0119powa\u0142 r\u00f3wnie\u017c w roli bramkarza.<br><br>Jaros\u0142aw Palej jest absolwentem Akademii Wychowania Fizycznego w Krakowie. Od 2004 roku pracuje w Zespole Szk\u00f3\u0142 w Borz\u0119cinie G\u00f3rnym, gdzie jest nauczycielem wychowania fizycznego. Jako trener bramkarzy pracowa\u0142 w Akademii Termaliki Bruk-Betu Nieciecza. Od 2022 roku wsp\u00f3\u0142pracuje z Akademi\u0105 Okocimskiego Klubu Sportowego, a wiosn\u0105 2023 roku do\u0142\u0105czy\u0142 do sztabu szkoleniowiego pierwszej dru\u017cyny &#8222;Piwoszy&#8221; jako trener bramkarzy.<br><br>Latem 2023 roku zosta\u0142 zg\u0142oszony przez Okocimski do rozgrywek V ligi. 6 wrze\u015bnia 2023, w dniu jubileuszu Okocimskiego Klubu Sportowego, maj\u0105c blisko 47 lat wyst\u0105pi\u0142 finale okr\u0119gowego Pucharu Polski przeciwko Gromowi Sufczyn.<br><br>Latem 2024 roku zosta\u0142 zg\u0142oszony jako zawodnik przez A-klasowy Sok\u00f3\u0142 Borz\u0119cin G\u00f3rny.<br><br>Prywatnie jest kuzynem Krzysztofa Paleja &#8211; by\u0142ego napastnika Okocimskiego.<\/td><\/tr><\/tbody><\/table><\/figure>\n\n\n\n<figure id=\"player-data\" class=\"wp-block-table is-style-stripes\"><table><tbody><tr><th>Wzrost i waga<\/th><td>178 cm \/ 75 kg<\/td><\/tr><tr><td><strong>Pozycja<\/strong><\/td><td>bramkarz<\/td><\/tr><tr><th>Lata gry w Okocimskim<\/th><td>2004-13, 2023-24<\/td><\/tr><tr><th>Przebieg kariery<\/th><td><img src=\"http:\/\/wikioks.cal24.pl\/wp-content\/uploads\/2021\/01\/pol.gif\" alt=\"\"> Victoria Bielcza (juniorzy)<br><img src=\"http:\/\/wikioks.cal24.pl\/wp-content\/uploads\/2021\/01\/pol.gif\" alt=\"\"> Unia Tarn\u00f3w (juniorzy)<br>1994-97 <img src=\"http:\/\/wikioks.cal24.pl\/wp-content\/uploads\/2021\/01\/pol.gif\" alt=\"\"> Unia II Tarn\u00f3w<br>1997-98 <img src=\"http:\/\/wikioks.cal24.pl\/wp-content\/uploads\/2021\/01\/pol.gif\" alt=\"\"> Pogo\u0144 Biadoliny Rad\u0142owskie<br>1998-99 <img src=\"http:\/\/wikioks.cal24.pl\/wp-content\/uploads\/2021\/01\/pol.gif\" alt=\"\"> Jadowniczanka Jadowniki<br>1999-04 <img src=\"http:\/\/wikioks.cal24.pl\/wp-content\/uploads\/2021\/01\/pol.gif\" alt=\"\"> Unia Tarn\u00f3w<br>2004-13 <img src=\"http:\/\/wikioks.cal24.pl\/wp-content\/uploads\/2021\/01\/pol.gif\" alt=\"\"> Okocimski KS Brzesko<br>2014 <img src=\"http:\/\/wikioks.cal24.pl\/wp-content\/uploads\/2021\/01\/pol.gif\" alt=\"\"> Tuchovia Tuch\u00f3w<br>2014-16 <img src=\"http:\/\/wikioks.cal24.pl\/wp-content\/uploads\/2021\/01\/pol.gif\" alt=\"\"> Sok\u00f3\u0142 Maszkienice<br>2016 <img loading=\"lazy\" width=\"23\" height=\"15\" class=\"wp-image-4433\" style=\"width: 23px;\" src=\"http:\/\/wikioks.cal24.pl\/wp-content\/uploads\/2023\/08\/nor.gif\" alt=\"\"> Skogbygda IF<br>2018-20 <img src=\"http:\/\/wikioks.cal24.pl\/wp-content\/uploads\/2021\/01\/pol.gif\" alt=\"\"> Iskra \u0141\u0119ki<br>2020-22 <img src=\"http:\/\/wikioks.cal24.pl\/wp-content\/uploads\/2021\/01\/pol.gif\" alt=\"\"> Sok\u00f3\u0142 Maszkienice<br>2022-23 <img src=\"http:\/\/wikioks.cal24.pl\/wp-content\/uploads\/2021\/01\/pol.gif\" alt=\"\"> Sok\u00f3\u0142 Borz\u0119cin G\u00f3rny<br>2023-24 <img src=\"http:\/\/wikioks.cal24.pl\/wp-content\/uploads\/2021\/01\/pol.gif\" alt=\"\"> Okocimski KS Brzesko<br>od 2024 <img src=\"http:\/\/wikioks.cal24.pl\/wp-content\/uploads\/2021\/01\/pol.gif\" alt=\"\"> Sok\u00f3\u0142 Borz\u0119cin G\u00f3rny<\/td><\/tr><tr><th>Debiut w <strong>Okocimskim<\/strong><\/th><td>15.08.2004 (Huragan Waksmund &#8211; Okocimski KS Brzesko 1:2)<\/td><\/tr><tr><th>Ostatni mecz w <strong>Okocimskim<\/strong><\/th><td>06.09.2023 (Okocimski KS Brzesko &#8211; Grom Sufczyn 5:1) \/ Puchar Polski<\/td><\/tr><\/tbody><\/table><\/figure>\n\n\n\n<h3>Bilans zawodnika<\/h3>\n\n\n\n<figure class=\"wp-block-table\"><table><tbody><tr><td><strong>Sezon<\/strong><\/td><td><\/td><td class=\"has-text-align-center\" data-align=\"center\"><strong>Mecze<\/strong><\/td><td class=\"has-text-align-center\" data-align=\"center\"><strong>Bramki<\/strong><\/td><\/tr><tr><td>2004\/05<\/td><td>Okocimski KS Brzesko<\/td><td class=\"has-text-align-center\" data-align=\"center\">27<\/td><td class=\"has-text-align-center\" data-align=\"center\">0<\/td><\/tr><tr><td>2005\/06<\/td><td>Okocimski KS Brzesko<\/td><td class=\"has-text-align-center\" data-align=\"center\">30<\/td><td class=\"has-text-align-center\" data-align=\"center\">0<\/td><\/tr><tr><td>2006\/07<\/td><td>Okocimski KS Brzesko<\/td><td class=\"has-text-align-center\" data-align=\"center\">25<\/td><td class=\"has-text-align-center\" data-align=\"center\">0<\/td><\/tr><tr><td>2007\/08<\/td><td>Okocimski KS Brzesko<\/td><td class=\"has-text-align-center\" data-align=\"center\">18<\/td><td class=\"has-text-align-center\" data-align=\"center\">0<\/td><\/tr><tr><td>2008\/09<\/td><td>Okocimski KS Brzesko<\/td><td class=\"has-text-align-center\" data-align=\"center\">19<\/td><td class=\"has-text-align-center\" data-align=\"center\">0<\/td><\/tr><tr><td>2009\/10<\/td><td>Okocimski KS Brzesko<\/td><td class=\"has-text-align-center\" data-align=\"center\">21<\/td><td class=\"has-text-align-center\" data-align=\"center\">0<\/td><\/tr><tr><td>2010\/11<\/td><td>Okocimski KS Brzesko<\/td><td class=\"has-text-align-center\" data-align=\"center\">3<\/td><td class=\"has-text-align-center\" data-align=\"center\">0<\/td><\/tr><tr><td>2011\/12<\/td><td>Okocimski KS Brzesko<\/td><td class=\"has-text-align-center\" data-align=\"center\">0<\/td><td class=\"has-text-align-center\" data-align=\"center\">0<\/td><\/tr><tr><td>2012\/13<\/td><td>Okocimski KS Brzesko<\/td><td class=\"has-text-align-center\" data-align=\"center\">0<\/td><td class=\"has-text-align-center\" data-align=\"center\">0<\/td><\/tr><tr><td>2013\/14 (j)<\/td><td>Okocimski KS Brzesko<\/td><td class=\"has-text-align-center\" data-align=\"center\">1<\/td><td class=\"has-text-align-center\" data-align=\"center\">0<\/td><\/tr><tr><td>2023\/24<\/td><td>Okocimski KS Brzesko<\/td><td class=\"has-text-align-center\" data-align=\"center\">0<\/td><td class=\"has-text-align-center\" data-align=\"center\">0<\/td><\/tr><tr><td><strong>Razem<\/strong><\/td><td><\/td><td class=\"has-text-align-center\" data-align=\"center\">144<\/td><td class=\"has-text-align-center\" data-align=\"center\">0<\/td><\/tr><\/tbody><\/table><figcaption>Statystyki dotycz\u0105 jedynie mecz\u00f3w ligowych i bara\u017cowych<\/figcaption><\/figure>\n\n\n\n<p><\/p>\n","protected":false},"excerpt":{"rendered":"<p>Fot. Maciej Pytka Jaros\u0142aw Palej\u00a0(ur. 1 listopada 1976 w Borz\u0119cinie). Polski zawodnik graj\u0105cy na pozycji bramkarza. W Okocimskim wyst\u0105pi\u0142 w<\/p>\n","protected":false},"author":1,"featured_media":0,"parent":0,"menu_order":0,"comment_status":"closed","ping_status":"closed","template":"","meta":{"ngg_post_thumbnail":0},"_links":{"self":[{"href":"https:\/\/wikioks.cal24.pl\/index.php\/wp-json\/wp\/v2\/pages\/4432"}],"collection":[{"href":"https:\/\/wikioks.cal24.pl\/index.php\/wp-json\/wp\/v2\/pages"}],"about":[{"href":"https:\/\/wikioks.cal24.pl\/index.php\/wp-json\/wp\/v2\/types\/page"}],"author":[{"embeddable":true,"href":"https:\/\/wikioks.cal24.pl\/index.php\/wp-json\/wp\/v2\/users\/1"}],"replies":[{"embeddable":true,"href":"https:\/\/wikioks.cal24.pl\/index.php\/wp-json\/wp\/v2\/comments?post=4432"}],"version-history":[{"count":3,"href":"https:\/\/wikioks.cal24.pl\/index.php\/wp-json\/wp\/v2\/pages\/4432\/revisions"}],"predecessor-version":[{"id":4958,"href":"https:\/\/wikioks.cal24.pl\/index.php\/wp-json\/wp\/v2\/pages\/4432\/revisions\/4958"}],"wp:attachment":[{"href":"https:\/\/wikioks.cal24.pl\/index.php\/wp-json\/wp\/v2\/media?parent=4432"}],"curies":[{"name":"wp","href":"https:\/\/api.w.org\/{rel}","templated":true}]}}