{"id":4472,"date":"2023-08-08T19:35:48","date_gmt":"2023-08-08T17:35:48","guid":{"rendered":"http:\/\/wikioks.cal24.pl\/?page_id=4472"},"modified":"2023-08-11T15:28:02","modified_gmt":"2023-08-11T13:28:02","slug":"tomasz-szczepanski","status":"publish","type":"page","link":"https:\/\/wikioks.cal24.pl\/index.php\/tomasz-szczepanski\/","title":{"rendered":"Tomasz Szczepa\u0144ski"},"content":{"rendered":"\n<figure id=\"player-profile\" class=\"wp-block-table\"><table class=\"has-fixed-layout\"><tbody><tr><td><img loading=\"lazy\" width=\"300\" height=\"362\" class=\"wp-image-525\" style=\"width: 400px;\" src=\"http:\/\/wikioks.cal24.pl\/wp-content\/uploads\/2020\/12\/szczepanski_tomasz2.jpg\" alt=\"\" srcset=\"https:\/\/wikioks.cal24.pl\/wp-content\/uploads\/2020\/12\/szczepanski_tomasz2.jpg 300w, https:\/\/wikioks.cal24.pl\/wp-content\/uploads\/2020\/12\/szczepanski_tomasz2-249x300.jpg 249w, https:\/\/wikioks.cal24.pl\/wp-content\/uploads\/2020\/12\/szczepanski_tomasz2-207x250.jpg 207w\" sizes=\"(max-width: 300px) 100vw, 300px\" \/><br><em>Fot. Gazeta Krakowska<\/em><\/td><td><strong><strong>Tomasz Szczepa\u0144ski <\/strong><\/strong>(ur. 28 maja 1967 roku w Nowym S\u0105cz). Polski zawodnik graj\u0105cy na pozycji pomocnika. W zespole Okocimskiego wyst\u0105pi\u0142 w 215 meczach (liga + bara\u017ce), w kt\u00f3rych zdoby\u0142 10 bramek.<br><br>Wychowanek Sandecji Nowy S\u0105cz, do kt\u00f3rej do\u0142\u0105czy\u0142 wiosn\u0105 1982 roku. Niebawem przebi\u0142 si\u0119 do ekipy junior\u00f3w, a stamt\u0105d do pierwszej dru\u017cyny. Nale\u017ca\u0142 do czo\u0142owych zawodnik\u00f3w s\u0105deckiego klubu. By\u0142 jednym z tw\u00f3rc\u00f3w awansu Sandecji do II ligi w 1991 roku. Po rocznym pobycie na zapleczu ekstraklasy i spadku przeni\u00f3s\u0142 si\u0119 do drugoligowej Wis\u0142oki D\u0119bica, gdzie nabiera\u0142 kolejnego ligowego do\u015bwiadczenia.<br><br>Latem 1993 roku po &#8222;Szczepana&#8221; zg\u0142osi\u0142 si\u0119 beniaminek II ligi z Brzeska. Szybko okaza\u0142o si\u0119, \u017ce transfer ten by\u0142 przys\u0142owiowym strza\u0142em w dziesi\u0105tk\u0119. Szczepa\u0144ski przez lata pe\u0142ni\u0142 rol\u0119 rozgrywaj\u0105cego odpowiadaj\u0105c za re\u017cyseri\u0119 gry Okocimskiego. Po sezonie 1997\/98 odszed\u0142 z klubu ze wzgl\u0119du na wycofanie dru\u017cyny z rozgrywek.<br><br>Na rok trafi\u0142 do Unii Tarn\u00f3w, z kt\u00f3r\u0105 zaliczy\u0142 spadek do III ligi. Jesieni\u0105 1999 roku powr\u00f3ci\u0142 do Brzeska, gdzie Okocimski szykowa\u0142 si\u0119 do reaktywacji pierwszej dru\u017cyny w IV lidze. Jego druga przygoda w piwnym klubie potrwa\u0142a do 2001 roku i sko\u0144czy\u0142a si\u0119 pora\u017ck\u0105 w dwumeczu bara\u017cowym o awans do III ligi ze \u015awitem Krzeszowice.<br><br>Ostatecznie, latem 2001 roku &#8222;Szczepan&#8221; zako\u0144czy\u0142 pi\u0142karskie woja\u017ce i powr\u00f3ci\u0142 do Nowego S\u0105cza. gdzie przez kolejne 6 sezon\u00f3w stanowi\u0142 o sile drugiej linii w Sandecji. Jego ostatnim klubem w karierze by\u0142 Orkan Szczyrzyc, w kt\u00f3rym wyst\u0119powa\u0142 jako graj\u0105cy trener.<br><br>Jako szkoleniowiec pracowa\u0142 tak\u017ce z seniorskimi zespo\u0142ami Popradu Muszyna, Barciczanki Barcice, KS Tymbark oraz Harta T\u0119goborze. Od 2004 roku pracuje tak\u017ce w Akademii Sandecji Nowy S\u0105cz.<\/td><\/tr><\/tbody><\/table><\/figure>\n\n\n\n<figure id=\"player-data\" class=\"wp-block-table is-style-stripes\"><table><tbody><tr><th>Wzrost i waga<\/th><td>181 cm \/ 81 kg<\/td><\/tr><tr><td><strong>Pozycja<\/strong><\/td><td>pomocnik<\/td><\/tr><tr><th>Lata gry w Okocimskim<\/th><td>1993-98, 1999-01<\/td><\/tr><tr><th>Przebieg kariery<\/th><td><img src=\"http:\/\/wikioks.cal24.pl\/wp-content\/uploads\/2021\/01\/pol.gif\" alt=\"\"> Sandecja Nowy S\u0105cz (juniorzy)<br>1987-92 <img src=\"http:\/\/wikioks.cal24.pl\/wp-content\/uploads\/2021\/01\/pol.gif\" alt=\"\"> Sandecja Nowy S\u0105cz<br>1992-93 <img src=\"http:\/\/wikioks.cal24.pl\/wp-content\/uploads\/2021\/01\/pol.gif\" alt=\"\"> Wis\u0142oka D\u0119bica<br>1993-98 <img src=\"http:\/\/wikioks.cal24.pl\/wp-content\/uploads\/2021\/01\/pol.gif\" alt=\"\"> Okocimski KS Brzesko<br>1998-99 <img src=\"http:\/\/wikioks.cal24.pl\/wp-content\/uploads\/2021\/01\/pol.gif\" alt=\"\"> Unia Tarn\u00f3w<br>1999-01 <img src=\"http:\/\/wikioks.cal24.pl\/wp-content\/uploads\/2021\/01\/pol.gif\" alt=\"\"> Okocimski KS Brzesko<br>2001-07 <img src=\"http:\/\/wikioks.cal24.pl\/wp-content\/uploads\/2021\/01\/pol.gif\" alt=\"\"> Sandecja Nowy S\u0105cz<br>2007 <img src=\"http:\/\/wikioks.cal24.pl\/wp-content\/uploads\/2021\/01\/pol.gif\" alt=\"\"> Orkan Szczyrzyc<\/td><\/tr><tr><th>Debiut w <strong>Okocimskim<\/strong><\/th><td>25.07.1993 (Okocimski KS Brzesko &#8211; Hutnik Warszawa 0:0)<\/td><\/tr><tr><th>Ostatni mecz w <strong>Okocimskim<\/strong><\/th><td>24.06.2001 (Okocimski KS Brzesko &#8211; \u015awit Krzeszowice 2:2)<\/td><\/tr><\/tbody><\/table><\/figure>\n\n\n\n<h3>Bilans zawodnika<\/h3>\n\n\n\n<figure class=\"wp-block-table\"><table><tbody><tr><td><strong>Sezon<\/strong><\/td><td><\/td><td class=\"has-text-align-center\" data-align=\"center\"><strong>Mecze<\/strong><\/td><td class=\"has-text-align-center\" data-align=\"center\"><strong>Bramki<\/strong><\/td><\/tr><tr><td>1993\/94<\/td><td>Okocimski KS Brzesko<\/td><td class=\"has-text-align-center\" data-align=\"center\">33<\/td><td class=\"has-text-align-center\" data-align=\"center\">5<\/td><\/tr><tr><td>1994\/95<\/td><td>Okocimski KS Brzesko<\/td><td class=\"has-text-align-center\" data-align=\"center\">30<\/td><td class=\"has-text-align-center\" data-align=\"center\">1<\/td><\/tr><tr><td>1995\/96<\/td><td>Okocimski KS Brzesko<\/td><td class=\"has-text-align-center\" data-align=\"center\">34<\/td><td class=\"has-text-align-center\" data-align=\"center\">0<\/td><\/tr><tr><td>1996\/97<\/td><td>Okocimski KS Brzesko<\/td><td class=\"has-text-align-center\" data-align=\"center\">33<\/td><td class=\"has-text-align-center\" data-align=\"center\">1<\/td><\/tr><tr><td>1997\/98<\/td><td>Okocimski KS Brzesko<\/td><td class=\"has-text-align-center\" data-align=\"center\">31<\/td><td class=\"has-text-align-center\" data-align=\"center\">0<\/td><\/tr><tr><td>1999\/00<\/td><td>Okocimski KS Brzesko<\/td><td class=\"has-text-align-center\" data-align=\"center\">27<\/td><td class=\"has-text-align-center\" data-align=\"center\">3<\/td><\/tr><tr><td>2000\/01<\/td><td>Okocimski KS Brzesko<\/td><td class=\"has-text-align-center\" data-align=\"center\">27<\/td><td class=\"has-text-align-center\" data-align=\"center\">0<\/td><\/tr><tr><td><strong>Razem<\/strong><\/td><td><\/td><td class=\"has-text-align-center\" data-align=\"center\">215<\/td><td class=\"has-text-align-center\" data-align=\"center\">10<\/td><\/tr><\/tbody><\/table><figcaption>Statystyki dotycz\u0105 jedynie mecz\u00f3w ligowych i bara\u017cowych<\/figcaption><\/figure>\n\n\n\n<h2>Tomasz Szczepa\u0144ski jako trener Okocimskiego<\/h2>\n\n\n\n<p>Okoliczno\u015bci obj\u0119cia stanowiska trenera przez Tomasza Szczepa\u0144skiego by\u0142y dosy\u0107 zaskakuj\u0105ce. Sta\u0142o si\u0119 to pod koniec rundy wiosennej sezonu 2000\/01, gdy Okocimski prowadzony przez Piotra Nazimka pewnie zmierza\u0142 do zdobycia mistrzostwa IV ligi grupy wschodniej. Nieoczekiwanie, na 3. kolejki przed zako\u0144czeniem sezonu zasadniczego Nazimek rozsta\u0142 si\u0119 z klubem, a jego miejsce zaj\u0105\u0142 dotychczasowy kapitan brzeskiej jedenastki Tomasz Szczepa\u0144ski. Popularny &#8222;Szczepan&#8221; przygotowywa\u0142 pi\u0142karzy Okocimskiego r\u00f3wnie\u017c do mecz\u00f3w bara\u017cowych ze \u015awitem Krzeszowice, kt\u00f3re ko\u0144czy\u0142y si\u0119 remisami 1:1 w Krzeszowicach oraz 2:2 w Brzesku, a taki wynik premiowa\u0142 awansem do III ligi mistrza grupy zachodniej. <\/p>\n","protected":false},"excerpt":{"rendered":"<p>Fot. Gazeta Krakowska Tomasz Szczepa\u0144ski (ur. 28 maja 1967 roku w Nowym S\u0105cz). Polski zawodnik graj\u0105cy na pozycji pomocnika. W<\/p>\n","protected":false},"author":1,"featured_media":0,"parent":0,"menu_order":0,"comment_status":"closed","ping_status":"closed","template":"","meta":{"ngg_post_thumbnail":0},"_links":{"self":[{"href":"https:\/\/wikioks.cal24.pl\/index.php\/wp-json\/wp\/v2\/pages\/4472"}],"collection":[{"href":"https:\/\/wikioks.cal24.pl\/index.php\/wp-json\/wp\/v2\/pages"}],"about":[{"href":"https:\/\/wikioks.cal24.pl\/index.php\/wp-json\/wp\/v2\/types\/page"}],"author":[{"embeddable":true,"href":"https:\/\/wikioks.cal24.pl\/index.php\/wp-json\/wp\/v2\/users\/1"}],"replies":[{"embeddable":true,"href":"https:\/\/wikioks.cal24.pl\/index.php\/wp-json\/wp\/v2\/comments?post=4472"}],"version-history":[{"count":2,"href":"https:\/\/wikioks.cal24.pl\/index.php\/wp-json\/wp\/v2\/pages\/4472\/revisions"}],"predecessor-version":[{"id":4479,"href":"https:\/\/wikioks.cal24.pl\/index.php\/wp-json\/wp\/v2\/pages\/4472\/revisions\/4479"}],"wp:attachment":[{"href":"https:\/\/wikioks.cal24.pl\/index.php\/wp-json\/wp\/v2\/media?parent=4472"}],"curies":[{"name":"wp","href":"https:\/\/api.w.org\/{rel}","templated":true}]}}