{"id":5105,"date":"2024-09-04T15:42:15","date_gmt":"2024-09-04T13:42:15","guid":{"rendered":"http:\/\/wikioks.cal24.pl\/?page_id=5105"},"modified":"2024-09-05T09:38:42","modified_gmt":"2024-09-05T07:38:42","slug":"rafal-zajac","status":"publish","type":"page","link":"https:\/\/wikioks.cal24.pl\/index.php\/rafal-zajac\/","title":{"rendered":"Rafa\u0142 Zaj\u0105c"},"content":{"rendered":"\n<figure id=\"player-profile\" class=\"wp-block-table\"><table class=\"has-fixed-layout\"><tbody><tr><td><img loading=\"lazy\" width=\"600\" height=\"800\" class=\"wp-image-1144\" style=\"width: 400px;\" src=\"http:\/\/wikioks.cal24.pl\/wp-content\/uploads\/2021\/01\/zajac-rafal-2016.jpg\" alt=\"\" srcset=\"https:\/\/wikioks.cal24.pl\/wp-content\/uploads\/2021\/01\/zajac-rafal-2016.jpg 600w, https:\/\/wikioks.cal24.pl\/wp-content\/uploads\/2021\/01\/zajac-rafal-2016-225x300.jpg 225w\" sizes=\"(max-width: 600px) 100vw, 600px\" \/><br><em>fot. Maciej Pytka<\/em><\/td><td><strong>Rafa\u0142 Zaj\u0105c<\/strong>\u00a0(ur. 14 pa\u017adziernika 1980). Polski zawodnik graj\u0105cy na pozycji obro\u0144cy. Wychowanek Okocimskiego. W zespole senior\u00f3w rozegra\u0142 3 mecze ligowe.<br><br>Zadebiutowa\u0142 w Okocimskim pod wodz\u0105 trenera Ireneusza Salamona, kt\u00f3ry prowadzi\u0142 Zaj\u0105ca w dru\u017cynie junior\u00f3w. Wiosn\u0105 2001 odszed\u0142 na wypo\u017cyczenie do Olimpii Bucze.<br><br>W latach 2015-16 wiceprezes klubu ds. organizacyjnych. Od lutego 2016 wiceprezes ds. finansowych. Od lipca 2021 pe\u0142ni\u0142 funkcj\u0119 sekretarza w zarz\u0105dzie OKS.<br>Rafa\u0142 Zaj\u0105c by\u0142 tak\u017ce kierownikiem I dru\u017cyny Okocimskiego (2016-2021) oraz dru\u017cyny rezerw.<\/td><\/tr><\/tbody><\/table><\/figure>\n\n\n\n<figure id=\"player-data\" class=\"wp-block-table is-style-stripes\"><table><tbody><tr><th>Wzrost i waga<\/th><td><\/td><\/tr><tr><td><strong>Pozycja<\/strong><\/td><td>obro\u0144ca<\/td><\/tr><tr><th>Lata gry w Okocimskim<\/th><td>1999-00<\/td><\/tr><tr><th>Przebieg kariery<\/th><td><img src=\"http:\/\/wikioks.cal24.pl\/wp-content\/uploads\/2021\/01\/pol.gif\" alt=\"\"> Okocimski KS Brzesko (juniorzy)<br>1999-00 <img src=\"http:\/\/wikioks.cal24.pl\/wp-content\/uploads\/2021\/01\/pol.gif\" alt=\"\"> Okocimski KS Brzesko<br>2001-03 <img src=\"http:\/\/wikioks.cal24.pl\/wp-content\/uploads\/2021\/01\/pol.gif\" alt=\"\"> Olimpia Bucze<\/td><\/tr><tr><th>Debiut w <strong>Okocimskim<\/strong><\/th><td>26.09.1999 (Okocimski KS Brzesko &#8211; MZKS Alwernia 1:0)<\/td><\/tr><tr><th>Ostatni mecz w <strong>Okocimskim<\/strong><\/th><td>26.04.2000 (Skrzyszovia Skrzysz\u00f3w &#8211; Okocimski KS Brzesko 0:3) \/ Puchar Polski<\/td><\/tr><\/tbody><\/table><\/figure>\n\n\n\n<h3>Bilans zawodnika<\/h3>\n\n\n\n<figure class=\"wp-block-table\"><table><tbody><tr><td><strong>Sezon<\/strong><\/td><td><\/td><td class=\"has-text-align-center\" data-align=\"center\"><strong>Mecze<\/strong><\/td><td class=\"has-text-align-center\" data-align=\"center\"><strong>Bramki<\/strong><\/td><\/tr><tr><td>1999\/00<\/td><td>Okocimski KS Brzesko<\/td><td class=\"has-text-align-center\" data-align=\"center\">3<\/td><td class=\"has-text-align-center\" data-align=\"center\">0<\/td><\/tr><tr><td>2000\/01 (j)<\/td><td>Okocimski KS Brzesko<\/td><td class=\"has-text-align-center\" data-align=\"center\">0<\/td><td class=\"has-text-align-center\" data-align=\"center\">0<\/td><\/tr><tr><td><strong>Razem<\/strong><\/td><td><\/td><td class=\"has-text-align-center\" data-align=\"center\">3<\/td><td class=\"has-text-align-center\" data-align=\"center\">0<\/td><\/tr><\/tbody><\/table><figcaption>Statystyki dotycz\u0105 jedynie mecz\u00f3w ligowych i bara\u017cowych<\/figcaption><\/figure>\n\n\n\n\n\n<p><\/p>\n","protected":false},"excerpt":{"rendered":"<p>fot. Maciej Pytka Rafa\u0142 Zaj\u0105c\u00a0(ur. 14 pa\u017adziernika 1980). Polski zawodnik graj\u0105cy na pozycji obro\u0144cy. Wychowanek Okocimskiego. W zespole senior\u00f3w rozegra\u0142<\/p>\n","protected":false},"author":1,"featured_media":0,"parent":0,"menu_order":0,"comment_status":"closed","ping_status":"closed","template":"","meta":{"ngg_post_thumbnail":0},"_links":{"self":[{"href":"https:\/\/wikioks.cal24.pl\/index.php\/wp-json\/wp\/v2\/pages\/5105"}],"collection":[{"href":"https:\/\/wikioks.cal24.pl\/index.php\/wp-json\/wp\/v2\/pages"}],"about":[{"href":"https:\/\/wikioks.cal24.pl\/index.php\/wp-json\/wp\/v2\/types\/page"}],"author":[{"embeddable":true,"href":"https:\/\/wikioks.cal24.pl\/index.php\/wp-json\/wp\/v2\/users\/1"}],"replies":[{"embeddable":true,"href":"https:\/\/wikioks.cal24.pl\/index.php\/wp-json\/wp\/v2\/comments?post=5105"}],"version-history":[{"count":3,"href":"https:\/\/wikioks.cal24.pl\/index.php\/wp-json\/wp\/v2\/pages\/5105\/revisions"}],"predecessor-version":[{"id":5115,"href":"https:\/\/wikioks.cal24.pl\/index.php\/wp-json\/wp\/v2\/pages\/5105\/revisions\/5115"}],"wp:attachment":[{"href":"https:\/\/wikioks.cal24.pl\/index.php\/wp-json\/wp\/v2\/media?parent=5105"}],"curies":[{"name":"wp","href":"https:\/\/api.w.org\/{rel}","templated":true}]}}