{"id":5172,"date":"2024-09-07T14:23:10","date_gmt":"2024-09-07T12:23:10","guid":{"rendered":"http:\/\/wikioks.cal24.pl\/?page_id=5172"},"modified":"2024-09-07T14:23:46","modified_gmt":"2024-09-07T12:23:46","slug":"lukasz-kolodziej","status":"publish","type":"page","link":"https:\/\/wikioks.cal24.pl\/index.php\/lukasz-kolodziej\/","title":{"rendered":"\u0141ukasz Ko\u0142odziej"},"content":{"rendered":"\n<figure id=\"player-profile\" class=\"wp-block-table\"><table class=\"has-fixed-layout\"><tbody><tr><td><img loading=\"lazy\" width=\"600\" height=\"800\" class=\"wp-image-1156\" style=\"width: 400px;\" src=\"http:\/\/wikioks.cal24.pl\/wp-content\/uploads\/2021\/01\/kolodziej_lukasz-2016-1.jpg\" alt=\"\" srcset=\"https:\/\/wikioks.cal24.pl\/wp-content\/uploads\/2021\/01\/kolodziej_lukasz-2016-1.jpg 600w, https:\/\/wikioks.cal24.pl\/wp-content\/uploads\/2021\/01\/kolodziej_lukasz-2016-1-225x300.jpg 225w\" sizes=\"(max-width: 600px) 100vw, 600px\" \/><br><em>Fot. Maciej Pytka<\/em><\/td><td><strong>\u0141ukasz Ko\u0142odziej <\/strong>(ur. 12 sierpnia 1999). Polski zawodnik graj\u0105cy na pozycji pomocnika. W pierwszym zespole Okocimskiego rozegra\u0142 27 spotka\u0144 ligowych.<br><br>Wychowanek Okocimskiego. W pierwszym zespole zadebiutowa\u0142 w sezonie 2016\/17 maj\u0105c 17 lat. Utalentowany pomocnik. Najm\u0142odszy z trzech braci Ko\u0142odziej\u00f3w. Trapiony jednak licznymi kontuzjami.<br><br>Pr\u00f3bowa\u0142 swoich si\u0142 tak\u017ce w okolicznych klubach: Sokole Maszkienice i Stra\u017caku Mokrzyska, gdzie wiosn\u0105 2022 roku zako\u0144czy\u0142 definitywnie gr\u0119 w pi\u0142k\u0119.<br><br><\/td><\/tr><\/tbody><\/table><\/figure>\n\n\n\n<figure id=\"player-data\" class=\"wp-block-table is-style-stripes\"><table><tbody><tr><th>Wzrost i waga<\/th><td><\/td><\/tr><tr><td><strong>Pozycja<\/strong><\/td><td>pomocnik<\/td><\/tr><tr><th>Lata gry w Okocimskim<\/th><td>2016-18, 2019<\/td><\/tr><tr><th>Przebieg kariery<\/th><td>2009-15 <img src=\"http:\/\/wikioks.cal24.pl\/wp-content\/uploads\/2021\/01\/pol.gif\" alt=\"\"> Okocimski KS Brzesko (juniorzy)<br>2016 <img src=\"http:\/\/wikioks.cal24.pl\/wp-content\/uploads\/2021\/01\/pol.gif\" alt=\"\"> Okocimski KS II Brzesko<br>2016-18 <img src=\"http:\/\/wikioks.cal24.pl\/wp-content\/uploads\/2021\/01\/pol.gif\" alt=\"\"> Okocimski KS Brzesko<br>2018 <img src=\"http:\/\/wikioks.cal24.pl\/wp-content\/uploads\/2021\/01\/pol.gif\" alt=\"\"> Sok\u00f3\u0142 Maszkienice<br>2019 <img src=\"http:\/\/wikioks.cal24.pl\/wp-content\/uploads\/2021\/01\/pol.gif\" alt=\"\"> Okocimski KS Brzesko<br>2020-22 <img src=\"http:\/\/wikioks.cal24.pl\/wp-content\/uploads\/2021\/01\/pol.gif\" alt=\"\"> Stra\u017cak Mokrzyska<\/td><\/tr><tr><th>Debiut w <strong>Okocimskim<\/strong><\/th><td>04.09.2016 (Dunajec Miko\u0142ajowice &#8211; Okocimski KS Brzesko 0:0)<\/td><\/tr><tr><th>Ostatni mecz w <strong>Okocimskim<\/strong><\/th><td>03.11.2019 (Luba\u0144 Maniowy &#8211; Okocimski KS Brzesko 3:1)<\/td><\/tr><\/tbody><\/table><\/figure>\n\n\n\n<h3>Bilans zawodnika<\/h3>\n\n\n\n<figure class=\"wp-block-table\"><table><tbody><tr><td><strong>Sezon<\/strong><\/td><td><\/td><td class=\"has-text-align-center\" data-align=\"center\"><strong>Mecze<\/strong><\/td><td class=\"has-text-align-center\" data-align=\"center\"><strong>Bramki<\/strong><\/td><\/tr><tr><td>2016\/17<\/td><td>Okocimski KS Brzesko<\/td><td class=\"has-text-align-center\" data-align=\"center\">16<\/td><td class=\"has-text-align-center\" data-align=\"center\">0<\/td><\/tr><tr><td>2017\/18<\/td><td>Okocimski KS Brzesko<\/td><td class=\"has-text-align-center\" data-align=\"center\">2<\/td><td class=\"has-text-align-center\" data-align=\"center\">0<\/td><\/tr><tr><td>2018\/19 (w)<\/td><td>Okocimski KS Brzesko<\/td><td class=\"has-text-align-center\" data-align=\"center\">5<\/td><td class=\"has-text-align-center\" data-align=\"center\">0<\/td><\/tr><tr><td>2019\/20 (j)<\/td><td>Okocimski KS Brzesko<\/td><td class=\"has-text-align-center\" data-align=\"center\">4<\/td><td class=\"has-text-align-center\" data-align=\"center\">0<\/td><\/tr><tr><td><strong>Razem<\/strong><\/td><td><\/td><td class=\"has-text-align-center\" data-align=\"center\">27<\/td><td class=\"has-text-align-center\" data-align=\"center\">0<\/td><\/tr><\/tbody><\/table><figcaption>Statystyki dotycz\u0105 jedynie mecz\u00f3w ligowych<\/figcaption><\/figure>\n\n\n\n<p><\/p>\n","protected":false},"excerpt":{"rendered":"<p>Fot. Maciej Pytka \u0141ukasz Ko\u0142odziej (ur. 12 sierpnia 1999). Polski zawodnik graj\u0105cy na pozycji pomocnika. W pierwszym zespole Okocimskiego rozegra\u0142<\/p>\n","protected":false},"author":1,"featured_media":0,"parent":0,"menu_order":0,"comment_status":"closed","ping_status":"closed","template":"","meta":{"ngg_post_thumbnail":0},"_links":{"self":[{"href":"https:\/\/wikioks.cal24.pl\/index.php\/wp-json\/wp\/v2\/pages\/5172"}],"collection":[{"href":"https:\/\/wikioks.cal24.pl\/index.php\/wp-json\/wp\/v2\/pages"}],"about":[{"href":"https:\/\/wikioks.cal24.pl\/index.php\/wp-json\/wp\/v2\/types\/page"}],"author":[{"embeddable":true,"href":"https:\/\/wikioks.cal24.pl\/index.php\/wp-json\/wp\/v2\/users\/1"}],"replies":[{"embeddable":true,"href":"https:\/\/wikioks.cal24.pl\/index.php\/wp-json\/wp\/v2\/comments?post=5172"}],"version-history":[{"count":2,"href":"https:\/\/wikioks.cal24.pl\/index.php\/wp-json\/wp\/v2\/pages\/5172\/revisions"}],"predecessor-version":[{"id":5174,"href":"https:\/\/wikioks.cal24.pl\/index.php\/wp-json\/wp\/v2\/pages\/5172\/revisions\/5174"}],"wp:attachment":[{"href":"https:\/\/wikioks.cal24.pl\/index.php\/wp-json\/wp\/v2\/media?parent=5172"}],"curies":[{"name":"wp","href":"https:\/\/api.w.org\/{rel}","templated":true}]}}