{"id":5188,"date":"2024-09-11T08:26:31","date_gmt":"2024-09-11T06:26:31","guid":{"rendered":"http:\/\/wikioks.cal24.pl\/?page_id=5188"},"modified":"2024-09-11T08:26:32","modified_gmt":"2024-09-11T06:26:32","slug":"pavlo-starosta","status":"publish","type":"page","link":"https:\/\/wikioks.cal24.pl\/index.php\/pavlo-starosta\/","title":{"rendered":"Pavlo Starosta"},"content":{"rendered":"\n<figure id=\"player-profile\" class=\"wp-block-table\"><table class=\"has-fixed-layout\"><tbody><tr><td><img loading=\"lazy\" width=\"918\" height=\"1356\" class=\"wp-image-2448\" style=\"width: 400px;\" src=\"http:\/\/wikioks.cal24.pl\/wp-content\/uploads\/2023\/02\/pavlo_starosta.jpg\" alt=\"\" srcset=\"https:\/\/wikioks.cal24.pl\/wp-content\/uploads\/2023\/02\/pavlo_starosta.jpg 918w, https:\/\/wikioks.cal24.pl\/wp-content\/uploads\/2023\/02\/pavlo_starosta-203x300.jpg 203w, https:\/\/wikioks.cal24.pl\/wp-content\/uploads\/2023\/02\/pavlo_starosta-693x1024.jpg 693w, https:\/\/wikioks.cal24.pl\/wp-content\/uploads\/2023\/02\/pavlo_starosta-768x1134.jpg 768w\" sizes=\"(max-width: 918px) 100vw, 918px\" \/><br><em>Fot. Maciej Pytka<\/em><\/td><td><strong><strong>Pavlo Starosta <\/strong><\/strong>(ur. 2 lipca 1995 we Lwowie). Ukrai\u0144ski zawodnik wyst\u0119puj\u0105cy na pozycji obro\u0144cy. W barwach Okocimskiego rozegra\u0142 7 mecz\u00f3w ligowych.<br><br>Na Ukrainie wyst\u0119powa\u0142 w zespo\u0142ach m\u0142odzie\u017cowych FK Lw\u00f3w. Do Okocimskiego do\u0142\u0105czy\u0142 niespodziewanie w przerwie zimowej sezonu 2016\/17 b\u0119d\u0105c pi\u0142karzem bez przynale\u017cno\u015bci klubowej. Po zako\u0144czeniu rozgrywek przeni\u00f3s\u0142 si\u0119 do wystepuj\u0105cego klas\u0119 ni\u017cej Soko\u0142a Maszkienice, gdzie wyst\u0119powa\u0142 do ko\u0144ca 2018 roku.<br><br>Po kilku latach przerwy, jesieni\u0105 2024 roku do\u0142\u0105czy\u0142 do B-klasowego Bratniaka Krak\u00f3w.<\/td><\/tr><\/tbody><\/table><\/figure>\n\n\n\n<figure id=\"player-data\" class=\"wp-block-table is-style-stripes\"><table><tbody><tr><th>Wzrost i waga<\/th><td><\/td><\/tr><tr><td><strong>Pozycja<\/strong><\/td><td>obro\u0144ca<\/td><\/tr><tr><th>Lata gry w Okocimskim<\/th><td>2017<\/td><\/tr><tr><th>Przebieg kariery<\/th><td><img loading=\"lazy\" width=\"23\" height=\"15\" src=\"http:\/\/wikioks.cal24.pl\/wp-content\/uploads\/2021\/01\/ukr.gif\" class=\"wp-image-1327\" style=\"width: 23px;\" alt=\"\"> FK Lw\u00f3w (juniorzy)<br>2017 <img src=\"http:\/\/wikioks.cal24.pl\/wp-content\/uploads\/2021\/01\/pol.gif\" alt=\"\"> Okocimski KS Brzesko<br>2017-18 <img src=\"http:\/\/wikioks.cal24.pl\/wp-content\/uploads\/2021\/01\/pol.gif\" alt=\"\"> Sok\u00f3\u0142 Maszkienice<br>od 2024 <img src=\"http:\/\/wikioks.cal24.pl\/wp-content\/uploads\/2021\/01\/pol.gif\" alt=\"\"> Bratniak Krak\u00f3w<\/td><\/tr><tr><th>Debiut w <strong>Okocimskim<\/strong><\/th><td>19.03.2017 (Olimpia K\u0105ty &#8211; Okocimski KS Brzesko 3:2) &#8211; Puchar Polski<\/td><\/tr><tr><th>Ostatni mecz w <strong>Okocimskim<\/strong><\/th><td>02.06.2017 (Polan \u017babno &#8211; Okocimski KS Brzesko 0:0)<\/td><\/tr><\/tbody><\/table><\/figure>\n\n\n\n<h3>Bilans zawodnika<\/h3>\n\n\n\n<figure class=\"wp-block-table\"><table><tbody><tr><td><strong>Sezon<\/strong><\/td><td><\/td><td class=\"has-text-align-center\" data-align=\"center\"><strong>Mecze<\/strong><\/td><td class=\"has-text-align-center\" data-align=\"center\"><strong>Bramki<\/strong><\/td><\/tr><tr><td>2016\/17 (w)<\/td><td>Okocimski KS Brzesko<\/td><td class=\"has-text-align-center\" data-align=\"center\">7<\/td><td class=\"has-text-align-center\" data-align=\"center\">0<\/td><\/tr><tr><td><strong>Razem<\/strong><\/td><td><\/td><td class=\"has-text-align-center\" data-align=\"center\">7<\/td><td class=\"has-text-align-center\" data-align=\"center\">0<\/td><\/tr><\/tbody><\/table><figcaption>Statystyki dotycz\u0105 jedynie mecz\u00f3w ligowych i bara\u017cowych<\/figcaption><\/figure>\n\n\n\n<p><\/p>\n","protected":false},"excerpt":{"rendered":"<p>Fot. Maciej Pytka Pavlo Starosta (ur. 2 lipca 1995 we Lwowie). Ukrai\u0144ski zawodnik wyst\u0119puj\u0105cy na pozycji obro\u0144cy. W barwach Okocimskiego<\/p>\n","protected":false},"author":1,"featured_media":0,"parent":0,"menu_order":0,"comment_status":"closed","ping_status":"closed","template":"","meta":{"ngg_post_thumbnail":0},"_links":{"self":[{"href":"https:\/\/wikioks.cal24.pl\/index.php\/wp-json\/wp\/v2\/pages\/5188"}],"collection":[{"href":"https:\/\/wikioks.cal24.pl\/index.php\/wp-json\/wp\/v2\/pages"}],"about":[{"href":"https:\/\/wikioks.cal24.pl\/index.php\/wp-json\/wp\/v2\/types\/page"}],"author":[{"embeddable":true,"href":"https:\/\/wikioks.cal24.pl\/index.php\/wp-json\/wp\/v2\/users\/1"}],"replies":[{"embeddable":true,"href":"https:\/\/wikioks.cal24.pl\/index.php\/wp-json\/wp\/v2\/comments?post=5188"}],"version-history":[{"count":1,"href":"https:\/\/wikioks.cal24.pl\/index.php\/wp-json\/wp\/v2\/pages\/5188\/revisions"}],"predecessor-version":[{"id":5189,"href":"https:\/\/wikioks.cal24.pl\/index.php\/wp-json\/wp\/v2\/pages\/5188\/revisions\/5189"}],"wp:attachment":[{"href":"https:\/\/wikioks.cal24.pl\/index.php\/wp-json\/wp\/v2\/media?parent=5188"}],"curies":[{"name":"wp","href":"https:\/\/api.w.org\/{rel}","templated":true}]}}