{"id":5304,"date":"2024-09-18T11:06:14","date_gmt":"2024-09-18T09:06:14","guid":{"rendered":"http:\/\/wikioks.cal24.pl\/?page_id=5304"},"modified":"2024-11-12T14:08:32","modified_gmt":"2024-11-12T13:08:32","slug":"bartlomiej-kuras","status":"publish","type":"page","link":"https:\/\/wikioks.cal24.pl\/index.php\/bartlomiej-kuras\/","title":{"rendered":"Bart\u0142omiej Kura\u015b"},"content":{"rendered":"\n<figure id=\"player-profile\" class=\"wp-block-table\"><table class=\"has-fixed-layout\"><tbody><tr><td><img loading=\"lazy\" width=\"600\" height=\"800\" class=\"wp-image-5633\" style=\"width: 400px;\" src=\"http:\/\/wikioks.cal24.pl\/wp-content\/uploads\/2024\/11\/kuras_bartlomiej_2007.jpg\" alt=\"\" srcset=\"https:\/\/wikioks.cal24.pl\/wp-content\/uploads\/2024\/11\/kuras_bartlomiej_2007.jpg 600w, https:\/\/wikioks.cal24.pl\/wp-content\/uploads\/2024\/11\/kuras_bartlomiej_2007-225x300.jpg 225w\" sizes=\"(max-width: 600px) 100vw, 600px\" \/><br><em>Fot. Maciej Pytka<\/em><\/td><td><strong><strong>Bart\u0142omiej Kura\u015b<\/strong>&nbsp;<\/strong>(ur. 29 sierpnia 1989 w Brzesku). Wychowanek Okocimskiego graj\u0105cy na pozycji obro\u0144cy. W zespole senior\u00f3w rozegra\u0142 2 mecze ligowe.<br><br>Jeszcze jako junior, w przerwie zimowej sezonu 2005\/06, maj\u0105c 17 lat zosta\u0142 do\u0142\u0105czony do kadry pierwszego zespo\u0142u prowadzonego w\u00f3wczas przez trenera Zbigniewa Kordel\u0119. <\/td><\/tr><\/tbody><\/table><\/figure>\n\n\n\n<figure id=\"player-data\" class=\"wp-block-table is-style-stripes\"><table><tbody><tr><th>Wzrost i waga<\/th><td>180 cm \/ 74 kg<\/td><\/tr><tr><td><strong>Pozycja<\/strong><\/td><td>obro\u0144ca<\/td><\/tr><tr><th>Lata gry w Okocimskim<\/th><td>2006-08<\/td><\/tr><tr><th>Przebieg kariery<\/th><td><img loading=\"lazy\" width=\"23\" height=\"15\" class=\"wp-image-887\" style=\"width: 23px;\" src=\"http:\/\/wikioks.cal24.pl\/wp-content\/uploads\/2021\/01\/pol.gif\" alt=\"\"> Okocimski KS Brzesko (juniorzy)<br>2006-08 <img src=\"http:\/\/wikioks.cal24.pl\/wp-content\/uploads\/2021\/01\/pol.gif\" alt=\"\"> Okocimski KS Brzesko<br>2008-10 <img src=\"http:\/\/wikioks.cal24.pl\/wp-content\/uploads\/2021\/01\/pol.gif\" alt=\"\"> Piast Czch\u00f3w<\/td><\/tr><tr><th>Debiut w <strong>Okocimskim<\/strong><\/th><td>17.06.2006 (Tarnovia Tarn\u00f3w &#8211; Okocimski KS Brzesko)<\/td><\/tr><tr><th>Ostatni mecz w <strong>Okocimskim<\/strong><\/th><td><\/td><\/tr><\/tbody><\/table><\/figure>\n\n\n\n<h3>Bilans zawodnika<\/h3>\n\n\n\n<figure class=\"wp-block-table\"><table><tbody><tr><td><strong>Sezon<\/strong><\/td><td><\/td><td class=\"has-text-align-center\" data-align=\"center\"><strong>Mecze<\/strong><\/td><td class=\"has-text-align-center\" data-align=\"center\"><strong>Bramki<\/strong><\/td><\/tr><tr><td>2005\/06 (w)<\/td><td>Okocimski KS Brzesko<\/td><td class=\"has-text-align-center\" data-align=\"center\">1<\/td><td class=\"has-text-align-center\" data-align=\"center\">0<\/td><\/tr><tr><td>2006\/07<\/td><td>Okocimski KS Brzesko<\/td><td class=\"has-text-align-center\" data-align=\"center\">0<\/td><td class=\"has-text-align-center\" data-align=\"center\">0<\/td><\/tr><tr><td>2007\/08<\/td><td>Okocimski KS Brzesko<\/td><td class=\"has-text-align-center\" data-align=\"center\">1<\/td><td class=\"has-text-align-center\" data-align=\"center\">0<\/td><\/tr><tr><td><strong>Razem<\/strong><\/td><td><\/td><td class=\"has-text-align-center\" data-align=\"center\">2<\/td><td class=\"has-text-align-center\" data-align=\"center\">0<\/td><\/tr><\/tbody><\/table><figcaption>Statystyki dotycz\u0105 jedynie mecz\u00f3w ligowych<\/figcaption><\/figure>\n\n\n\n<p><\/p>\n","protected":false},"excerpt":{"rendered":"<p>Fot. Maciej Pytka Bart\u0142omiej Kura\u015b&nbsp;(ur. 29 sierpnia 1989 w Brzesku). Wychowanek Okocimskiego graj\u0105cy na pozycji obro\u0144cy. W zespole senior\u00f3w rozegra\u0142<\/p>\n","protected":false},"author":1,"featured_media":0,"parent":0,"menu_order":0,"comment_status":"closed","ping_status":"closed","template":"","meta":{"ngg_post_thumbnail":0},"_links":{"self":[{"href":"https:\/\/wikioks.cal24.pl\/index.php\/wp-json\/wp\/v2\/pages\/5304"}],"collection":[{"href":"https:\/\/wikioks.cal24.pl\/index.php\/wp-json\/wp\/v2\/pages"}],"about":[{"href":"https:\/\/wikioks.cal24.pl\/index.php\/wp-json\/wp\/v2\/types\/page"}],"author":[{"embeddable":true,"href":"https:\/\/wikioks.cal24.pl\/index.php\/wp-json\/wp\/v2\/users\/1"}],"replies":[{"embeddable":true,"href":"https:\/\/wikioks.cal24.pl\/index.php\/wp-json\/wp\/v2\/comments?post=5304"}],"version-history":[{"count":2,"href":"https:\/\/wikioks.cal24.pl\/index.php\/wp-json\/wp\/v2\/pages\/5304\/revisions"}],"predecessor-version":[{"id":5634,"href":"https:\/\/wikioks.cal24.pl\/index.php\/wp-json\/wp\/v2\/pages\/5304\/revisions\/5634"}],"wp:attachment":[{"href":"https:\/\/wikioks.cal24.pl\/index.php\/wp-json\/wp\/v2\/media?parent=5304"}],"curies":[{"name":"wp","href":"https:\/\/api.w.org\/{rel}","templated":true}]}}