{"id":5759,"date":"2024-11-28T10:39:35","date_gmt":"2024-11-28T09:39:35","guid":{"rendered":"http:\/\/wikioks.cal24.pl\/?page_id=5759"},"modified":"2024-11-28T10:40:36","modified_gmt":"2024-11-28T09:40:36","slug":"konrad-kolodziej","status":"publish","type":"page","link":"https:\/\/wikioks.cal24.pl\/index.php\/konrad-kolodziej\/","title":{"rendered":"Konrad Ko\u0142odziej"},"content":{"rendered":"\n<figure id=\"player-profile\" class=\"wp-block-table\"><table class=\"has-fixed-layout\"><tbody><tr><td><img loading=\"lazy\" width=\"600\" height=\"800\" class=\"wp-image-1153\" style=\"width: 400px;\" src=\"http:\/\/wikioks.cal24.pl\/wp-content\/uploads\/2021\/01\/kolodziej_konrad-2016-1.jpg\" alt=\"\" srcset=\"https:\/\/wikioks.cal24.pl\/wp-content\/uploads\/2021\/01\/kolodziej_konrad-2016-1.jpg 600w, https:\/\/wikioks.cal24.pl\/wp-content\/uploads\/2021\/01\/kolodziej_konrad-2016-1-225x300.jpg 225w\" sizes=\"(max-width: 600px) 100vw, 600px\" \/><br><em>Fot. Maciej Pytka<\/em><\/td><td><strong>Konrad Ko\u0142odziej <\/strong>(ur. 11 czerwca 1994). Polski zawodnik graj\u0105cy na pozycji obro\u0144cy. W pierwszym zespole Okocimskiego rozegra\u0142 56 spotka\u0144 ligowych zdobywaj\u0105c 1 bramk\u0119.<br><br>Wychowanek brzeskiego klubu. Po zako\u0144czeniu wieku juniora trafi\u0142 na kr\u00f3tko do Soko\u0142a Borz\u0119cin oraz Iskry \u0141\u0119ki. Latem 2014 roku powr\u00f3ci\u0142 do Okocimskiego, gdzie bra\u0142 udzia\u0142 w projekcie wskrzeszenia dru\u017cyny rezerw. Jesieni\u0105 2016 roku oficjalnie zadebiutowa\u0142 w zespole senior\u00f3w na szczeblu klasy okr\u0119gowej. W Brzesku wyst\u0119powa\u0142 do ko\u0144ca 2020 roku z kr\u00f3tk\u0105 przerw\u0105 na wyst\u0119py w Sokole Maszkienice. <br><br>Po odej\u015bciu z Okocimskiego reprezentowa\u0142 barwy LKS-u Por\u0119ba Spytkowska, Jadowniczanki Jadowniki a od sezonu 2024\/05 LKS-u Gnojnik.<br><br>Prywatnie starszy brat \u0141ukasza i Szymona Ko\u0142odziej\u00f3w (by\u0142ych zawodnik\u00f3w Okocimskiego). Trener dzieci i m\u0142odzie\u017cy w Akademii Canpack Okocimskiego.<\/td><\/tr><\/tbody><\/table><\/figure>\n\n\n\n<figure id=\"player-data\" class=\"wp-block-table is-style-stripes\"><table><tbody><tr><th>Wzrost i waga<\/th><td><\/td><\/tr><tr><td><strong>Pozycja<\/strong><\/td><td>pomocnik<\/td><\/tr><tr><th>Lata gry w Okocimskim<\/th><td>2016-18, 2019<\/td><\/tr><tr><th>Przebieg kariery<\/th><td><img src=\"http:\/\/wikioks.cal24.pl\/wp-content\/uploads\/2021\/01\/pol.gif\" alt=\"\"> Okocimski KS Brzesko (juniorzy)<br>2013 <img src=\"http:\/\/wikioks.cal24.pl\/wp-content\/uploads\/2021\/01\/pol.gif\" alt=\"\"> Sok\u00f3\u0142 Borz\u0119cin G\u00f3rny<br>2014 <img src=\"http:\/\/wikioks.cal24.pl\/wp-content\/uploads\/2021\/01\/pol.gif\" alt=\"\"> Iskra \u0141\u0119ki<br>2014-16 <img src=\"http:\/\/wikioks.cal24.pl\/wp-content\/uploads\/2021\/01\/pol.gif\" alt=\"\"> Okocimski KS II Brzesko<br>2016-18 <img src=\"http:\/\/wikioks.cal24.pl\/wp-content\/uploads\/2021\/01\/pol.gif\" alt=\"\"> Okocimski KS Brzesko<br>2018 <img src=\"http:\/\/wikioks.cal24.pl\/wp-content\/uploads\/2021\/01\/pol.gif\" alt=\"\"> Sok\u00f3\u0142 Maszkienice<br>2019 <img src=\"http:\/\/wikioks.cal24.pl\/wp-content\/uploads\/2021\/01\/pol.gif\" alt=\"\"> Okocimski KS Brzesko<br>2020 <img src=\"http:\/\/wikioks.cal24.pl\/wp-content\/uploads\/2021\/01\/pol.gif\" alt=\"\"> Okocimski KS II Brzesko<br>2021-23 <img src=\"http:\/\/wikioks.cal24.pl\/wp-content\/uploads\/2021\/01\/pol.gif\" alt=\"\"> LKS Por\u0119ba Spytkowska<br>2023-24 <img src=\"http:\/\/wikioks.cal24.pl\/wp-content\/uploads\/2021\/01\/pol.gif\" alt=\"\"> Jadowniczanka Jadowniki<br>od 2024 <img src=\"http:\/\/wikioks.cal24.pl\/wp-content\/uploads\/2021\/01\/pol.gif\" alt=\"\"> LKS Gnojnik<\/td><\/tr><tr><th>Debiut w <strong>Okocimskim<\/strong><\/th><td>05.08.2016 (Gwizdki Brzesko \u2013 Okocimski KS Brzesko 1:5) &#8211; Puchar Polski<\/td><\/tr><tr><th>Ostatni mecz w <strong>Okocimskim<\/strong><\/th><td>14.09.2019 (Limanovia Limanowa &#8211; Okocimski KS Brzesko 2:0)<\/td><\/tr><\/tbody><\/table><\/figure>\n\n\n\n<h3>Bilans zawodnika<\/h3>\n\n\n\n<figure class=\"wp-block-table\"><table><tbody><tr><td><strong>Sezon<\/strong><\/td><td><\/td><td class=\"has-text-align-center\" data-align=\"center\"><strong>Mecze<\/strong><\/td><td class=\"has-text-align-center\" data-align=\"center\"><strong>Bramki<\/strong><\/td><\/tr><tr><td>2016\/17<\/td><td>Okocimski KS Brzesko<\/td><td class=\"has-text-align-center\" data-align=\"center\">26<\/td><td class=\"has-text-align-center\" data-align=\"center\">1<\/td><\/tr><tr><td>2017\/18<\/td><td>Okocimski KS Brzesko<\/td><td class=\"has-text-align-center\" data-align=\"center\">22<\/td><td class=\"has-text-align-center\" data-align=\"center\">0<\/td><\/tr><tr><td>2018\/19 (w)<\/td><td>Okocimski KS Brzesko<\/td><td class=\"has-text-align-center\" data-align=\"center\">4<\/td><td class=\"has-text-align-center\" data-align=\"center\">0<\/td><\/tr><tr><td>2019\/20 (j)<\/td><td>Okocimski KS Brzesko<\/td><td class=\"has-text-align-center\" data-align=\"center\">4<\/td><td class=\"has-text-align-center\" data-align=\"center\">0<\/td><\/tr><tr><td><strong>Razem<\/strong><\/td><td><\/td><td class=\"has-text-align-center\" data-align=\"center\">56<\/td><td class=\"has-text-align-center\" data-align=\"center\">1<\/td><\/tr><\/tbody><\/table><figcaption>Statystyki dotycz\u0105 jedynie mecz\u00f3w ligowych<\/figcaption><\/figure>\n\n\n\n<p><\/p>\n","protected":false},"excerpt":{"rendered":"<p>Fot. Maciej Pytka Konrad Ko\u0142odziej (ur. 11 czerwca 1994). Polski zawodnik graj\u0105cy na pozycji obro\u0144cy. W pierwszym zespole Okocimskiego rozegra\u0142<\/p>\n","protected":false},"author":1,"featured_media":0,"parent":0,"menu_order":0,"comment_status":"closed","ping_status":"closed","template":"","meta":{"ngg_post_thumbnail":0},"_links":{"self":[{"href":"https:\/\/wikioks.cal24.pl\/index.php\/wp-json\/wp\/v2\/pages\/5759"}],"collection":[{"href":"https:\/\/wikioks.cal24.pl\/index.php\/wp-json\/wp\/v2\/pages"}],"about":[{"href":"https:\/\/wikioks.cal24.pl\/index.php\/wp-json\/wp\/v2\/types\/page"}],"author":[{"embeddable":true,"href":"https:\/\/wikioks.cal24.pl\/index.php\/wp-json\/wp\/v2\/users\/1"}],"replies":[{"embeddable":true,"href":"https:\/\/wikioks.cal24.pl\/index.php\/wp-json\/wp\/v2\/comments?post=5759"}],"version-history":[{"count":4,"href":"https:\/\/wikioks.cal24.pl\/index.php\/wp-json\/wp\/v2\/pages\/5759\/revisions"}],"predecessor-version":[{"id":5764,"href":"https:\/\/wikioks.cal24.pl\/index.php\/wp-json\/wp\/v2\/pages\/5759\/revisions\/5764"}],"wp:attachment":[{"href":"https:\/\/wikioks.cal24.pl\/index.php\/wp-json\/wp\/v2\/media?parent=5759"}],"curies":[{"name":"wp","href":"https:\/\/api.w.org\/{rel}","templated":true}]}}