{"id":5766,"date":"2024-11-28T14:06:27","date_gmt":"2024-11-28T13:06:27","guid":{"rendered":"http:\/\/wikioks.cal24.pl\/?page_id=5766"},"modified":"2024-11-28T14:34:37","modified_gmt":"2024-11-28T13:34:37","slug":"maciej-pawlik","status":"publish","type":"page","link":"https:\/\/wikioks.cal24.pl\/index.php\/maciej-pawlik\/","title":{"rendered":"Maciej Pawlik"},"content":{"rendered":"\n<figure id=\"player-profile\" class=\"wp-block-table\"><table class=\"has-fixed-layout\"><tbody><tr><td><img loading=\"lazy\" width=\"1280\" height=\"1600\" class=\"wp-image-1098\" style=\"width: 400px;\" src=\"http:\/\/wikioks.cal24.pl\/wp-content\/uploads\/2021\/01\/pawlik-2015.jpg\" alt=\"\" srcset=\"https:\/\/wikioks.cal24.pl\/wp-content\/uploads\/2021\/01\/pawlik-2015.jpg 1280w, https:\/\/wikioks.cal24.pl\/wp-content\/uploads\/2021\/01\/pawlik-2015-240x300.jpg 240w, https:\/\/wikioks.cal24.pl\/wp-content\/uploads\/2021\/01\/pawlik-2015-819x1024.jpg 819w, https:\/\/wikioks.cal24.pl\/wp-content\/uploads\/2021\/01\/pawlik-2015-768x960.jpg 768w, https:\/\/wikioks.cal24.pl\/wp-content\/uploads\/2021\/01\/pawlik-2015-1229x1536.jpg 1229w\" sizes=\"(max-width: 1280px) 100vw, 1280px\" \/><br><em>Fot. Grzegorz Golec<\/em><\/td><td><strong><strong>Maciej Pawlik<\/strong>\u00a0<\/strong>(ur. 15 stycznia 1998 w Brzesku). Polski zawodnik graj\u0105cy na pozycji obro\u0144cy lub pomocnika. Rozegra\u0142 105 spotka\u0144 ligowych, w kt\u00f3rych zdoby\u0142 7 bramek.<br><br>Jest wychowankiem Piasta Czch\u00f3w. Jako trampkarz trafi\u0142 do Okocimskiego, sk\u0105d na rok przeni\u00f3s\u0142 si\u0119 do BTS-u Brzesko.<br><br>W wieku 16 lat do\u0142\u0105czy\u0142 do pierwszej dru\u017cyny Okocimskiego, w kt\u00f3rej wyst\u0119powa\u0142 przez 1,5 roku, do momentu wycofania jej z rozgrywek II ligi. Rund\u0119 wiosenn\u0105 sezonu 2015\/16 sp\u0119dzi\u0142 na wypo\u017cyczeniu do rezerw Wis\u0142y Krak\u00f3w, by p\u00f3\u0142 roku p\u00f3\u017aniej ponownie zameldowa\u0107 si\u0119 w Okocimskim. Po reaktywacji dru\u017cyny senior\u00f3w na poziomie klasy okr\u0119gowej, mimo m\u0142odego wieku zalicza\u0142 si\u0119 do jednego z bardziej do\u015bwiadczonych zawodnik\u00f3w w ekipie &#8222;Piwoszy&#8221;. W 2018 wywalczy\u0142 z Okocimskim awans do IV ligi. Po sezonie 2020\/21 zdecydowa\u0142 si\u0119 wyjecha\u0107 za granic\u0119.<br><br>Posiada licencj\u0119 trenersk\u0105 UEFA C. Pracowa\u0142 jako asystent trenera w grupach m\u0142odzie\u017cowych Akademii Canpack Okocimskiego.<\/td><\/tr><\/tbody><\/table><\/figure>\n\n\n\n<figure id=\"player-data\" class=\"wp-block-table is-style-stripes\"><table><tbody><tr><th>Wzrost i waga<\/th><td>176 cm \/ 67 kg<\/td><\/tr><tr><td><strong>Pozycja<\/strong><\/td><td>obro\u0144ca, pomocnik<\/td><\/tr><tr><th>Lata gry w Okocimskim<\/th><td>2014-15, 2016-21<\/td><\/tr><tr><th>Przebieg kariery<\/th><td><img src=\"http:\/\/wikioks.cal24.pl\/wp-content\/uploads\/2021\/01\/pol.gif\" alt=\"\"> Piast Czch\u00f3w (juniorzy)<br>2012-13 <img src=\"http:\/\/wikioks.cal24.pl\/wp-content\/uploads\/2021\/01\/pol.gif\" alt=\"\"> Okocimski KS Brzesko (juniorzy)<br>2013-14 <img src=\"http:\/\/wikioks.cal24.pl\/wp-content\/uploads\/2021\/01\/pol.gif\" alt=\"\"> BTS Brzesko (juniorzy)<br>2014-15 <img src=\"http:\/\/wikioks.cal24.pl\/wp-content\/uploads\/2021\/01\/pol.gif\" alt=\"\"> Okocimski KS Brzesko<br>2016 <img src=\"http:\/\/wikioks.cal24.pl\/wp-content\/uploads\/2021\/01\/pol.gif\" alt=\"\"> Wis\u0142a II Krak\u00f3w<br>2016-21 <img src=\"http:\/\/wikioks.cal24.pl\/wp-content\/uploads\/2021\/01\/pol.gif\" alt=\"\"> Okocimski KS Brzesko<\/td><\/tr><tr><th>Debiut w <strong>Okocimskim<\/strong><\/th><td>20.09.2014 (Okocimski KS Brzesko &#8211; B\u0142\u0119kitni Stargard Szczeci\u0144ski 0:0)<\/td><\/tr><tr><th>Ostatni mecz w <strong>Okocimskim<\/strong><\/th><td>21.11.2020 (Okocimski KS Brzesko &#8211; Boche\u0144ski KS 0:3)<\/td><\/tr><\/tbody><\/table><\/figure>\n\n\n\n<h3>Bilans zawodnika<\/h3>\n\n\n\n<figure class=\"wp-block-table\"><table><tbody><tr><td><strong>Sezon<\/strong><\/td><td><\/td><td class=\"has-text-align-center\" data-align=\"center\"><strong>Mecze<\/strong><\/td><td class=\"has-text-align-center\" data-align=\"center\"><strong>Bramki<\/strong><\/td><\/tr><tr><td>2014\/15<\/td><td>Okocimski KS Brzesko<\/td><td class=\"has-text-align-center\" data-align=\"center\">3<\/td><td class=\"has-text-align-center\" data-align=\"center\">0<\/td><\/tr><tr><td>2015\/16 (j)<\/td><td>Okocimski KS Brzesko<\/td><td class=\"has-text-align-center\" data-align=\"center\">2<\/td><td class=\"has-text-align-center\" data-align=\"center\">0<\/td><\/tr><tr><td>2016\/17<\/td><td>Okocimski KS Brzesko<\/td><td class=\"has-text-align-center\" data-align=\"center\">25<\/td><td class=\"has-text-align-center\" data-align=\"center\">6<\/td><\/tr><tr><td>2017\/18<\/td><td>Okocimski KS Brzesko<\/td><td class=\"has-text-align-center\" data-align=\"center\">20<\/td><td class=\"has-text-align-center\" data-align=\"center\">0<\/td><\/tr><tr><td>2018\/19<\/td><td>Okocimski KS Brzesko<\/td><td class=\"has-text-align-center\" data-align=\"center\">27<\/td><td class=\"has-text-align-center\" data-align=\"center\">1<\/td><\/tr><tr><td>2019\/20<\/td><td>Okocimski KS Brzesko<\/td><td class=\"has-text-align-center\" data-align=\"center\">15<\/td><td class=\"has-text-align-center\" data-align=\"center\">0<\/td><\/tr><tr><td>2020\/21<\/td><td>Okocimski KS Brzesko<\/td><td class=\"has-text-align-center\" data-align=\"center\">13<\/td><td class=\"has-text-align-center\" data-align=\"center\">0<\/td><\/tr><tr><td><strong>Razem<\/strong><\/td><td><\/td><td class=\"has-text-align-center\" data-align=\"center\">105<\/td><td class=\"has-text-align-center\" data-align=\"center\">7<\/td><\/tr><\/tbody><\/table><figcaption>Statystyki dotycz\u0105 jedynie mecz\u00f3w ligowych i bara\u017cowych<\/figcaption><\/figure>\n","protected":false},"excerpt":{"rendered":"<p>Fot. Grzegorz Golec Maciej Pawlik\u00a0(ur. 15 stycznia 1998 w Brzesku). Polski zawodnik graj\u0105cy na pozycji obro\u0144cy lub pomocnika. Rozegra\u0142 105<\/p>\n","protected":false},"author":1,"featured_media":0,"parent":0,"menu_order":0,"comment_status":"closed","ping_status":"closed","template":"","meta":{"ngg_post_thumbnail":0},"_links":{"self":[{"href":"https:\/\/wikioks.cal24.pl\/index.php\/wp-json\/wp\/v2\/pages\/5766"}],"collection":[{"href":"https:\/\/wikioks.cal24.pl\/index.php\/wp-json\/wp\/v2\/pages"}],"about":[{"href":"https:\/\/wikioks.cal24.pl\/index.php\/wp-json\/wp\/v2\/types\/page"}],"author":[{"embeddable":true,"href":"https:\/\/wikioks.cal24.pl\/index.php\/wp-json\/wp\/v2\/users\/1"}],"replies":[{"embeddable":true,"href":"https:\/\/wikioks.cal24.pl\/index.php\/wp-json\/wp\/v2\/comments?post=5766"}],"version-history":[{"count":2,"href":"https:\/\/wikioks.cal24.pl\/index.php\/wp-json\/wp\/v2\/pages\/5766\/revisions"}],"predecessor-version":[{"id":5769,"href":"https:\/\/wikioks.cal24.pl\/index.php\/wp-json\/wp\/v2\/pages\/5766\/revisions\/5769"}],"wp:attachment":[{"href":"https:\/\/wikioks.cal24.pl\/index.php\/wp-json\/wp\/v2\/media?parent=5766"}],"curies":[{"name":"wp","href":"https:\/\/api.w.org\/{rel}","templated":true}]}}