{"id":584,"date":"2020-12-05T19:18:06","date_gmt":"2020-12-05T18:18:06","guid":{"rendered":"http:\/\/wikioks.cal24.pl\/?page_id=584"},"modified":"2023-07-28T21:06:02","modified_gmt":"2023-07-28T19:06:02","slug":"sebastian-lukiewicz","status":"publish","type":"page","link":"https:\/\/wikioks.cal24.pl\/index.php\/sebastian-lukiewicz\/","title":{"rendered":"Sebastian \u0141ukiewicz"},"content":{"rendered":"\n<figure id=\"player-profile\" class=\"wp-block-table\"><table class=\"has-fixed-layout\"><tbody><tr><td><img loading=\"lazy\" width=\"780\" height=\"962\" class=\"wp-image-952\" style=\"width: 400px;\" src=\"http:\/\/wikioks.cal24.pl\/wp-content\/uploads\/2021\/01\/lukiewicz_sebastian2.jpg\" alt=\"\" srcset=\"https:\/\/wikioks.cal24.pl\/wp-content\/uploads\/2021\/01\/lukiewicz_sebastian2.jpg 780w, https:\/\/wikioks.cal24.pl\/wp-content\/uploads\/2021\/01\/lukiewicz_sebastian2-243x300.jpg 243w, https:\/\/wikioks.cal24.pl\/wp-content\/uploads\/2021\/01\/lukiewicz_sebastian2-768x947.jpg 768w\" sizes=\"(max-width: 780px) 100vw, 780px\" \/><br><em>Fot. Jadwiga Rubi\u015b<\/em><\/td><td><strong><strong>Sebastian \u0141ukiewicz<\/strong>\u00a0<\/strong>(ur. 7 marca 1971 roku w Hrubieszowie). Polski zawodnik graj\u0105cy na pozycji bramkarza. W Okocimskim wyst\u0119powa\u0142 przez 1,5 sezonu: w latach 1997-1998. \u0141\u0105cznie rozegra\u0142 51 mecz\u00f3w na szczeblu II ligi.<br><br>Wychowanek Vizana Nieledew. W 1988 roku, jako siedemnastolatek zadebiutowa\u0142 w trzecioligowym w\u00f3wczas Hetmanie Zamo\u015b\u0107. Z zamojskim klubem wiosn\u0105 1992 roku awansowa\u0142 do II ligi. Przez lata gry w Hetmanie wypracowa\u0142 sobie solidn\u0105 mark\u0119. W przerwie zimowej sezonu 1996\/97 przeszed\u0142 do Okocimskiego. Mia\u0142 w nim zaj\u0105\u0107 miejsce Lucjana Trudnosa, kt\u00f3ry akurat rozstawa\u0142 si\u0119 z brzeskim klubem. \u0141ukiewicz przy Okocimskiej r\u00f3wnie\u017c prezentowa\u0142 si\u0119 bardzo pewnie stanowi\u0105c pewny punkt brzeskiej jedenastki. Niestety jego pobyt w Brzesku zako\u0144czy\u0142 si\u0119 wraz z sezonem 1997\/98, a klub z braku sponsora zosta\u0142 wycofany z rozgrywek.<br><br>Po odej\u015biu z Okocimskiego \u0141ukiewicz na rok trafi\u0142 do Hetmana Zamo\u015b\u0107. Kolejnym przystankiem w jego karierze by\u0142 drugoligowy GKS Be\u0142chat\u00f3w, w kt\u00f3rym wyst\u0119powa\u0142 przez nast\u0119pne 3,5 sezonu. Nast\u0119pnie reprezentowa\u0142 barwy takich klub\u00f3w jak Podbeskidzie Bielsko-Bia\u0142a, Heko Czermno, G\u00f3rnik \u0141\u0119czyca, KS Parady\u017c, Victoria Cz\u0119stochowa oraz Unia R\u0119dziny.<br><br>Karier\u0119 zawodnicz\u0105 zako\u0144czy\u0142 w 2012 roku. Obecnie pracuje jako trener bramkarzy. Szkoli\u0142 golkiper\u00f3w m.in. w takich klubach jak: Olimpia Grudzi\u0105dz, Pelikan \u0141owicz, czy ostatnio GKS Be\u0142chat\u00f3w.<\/td><\/tr><\/tbody><\/table><\/figure>\n\n\n\n<figure id=\"player-data\" class=\"wp-block-table is-style-stripes\"><table><tbody><tr><th>Wzrost i waga<\/th><td>184 cm \/ 81 kg<\/td><\/tr><tr><td><strong>Pozycja<\/strong><\/td><td>bramkarz<\/td><\/tr><tr><th>Lata gry w Okocimskim<\/th><td>1997-98<\/td><\/tr><tr><th>Przebieg kariery<\/th><td><img loading=\"lazy\" width=\"23\" height=\"15\" class=\"wp-image-887\" style=\"width: 23px;\" src=\"http:\/\/wikioks.cal24.pl\/wp-content\/uploads\/2021\/01\/pol.gif\" alt=\"\"> Vizana Nieledew<br>1988-97 <img src=\"http:\/\/wikioks.cal24.pl\/wp-content\/uploads\/2021\/01\/pol.gif\" alt=\"\"> Hetman Zamo\u015b\u0107<br>1997-98 <img src=\"http:\/\/wikioks.cal24.pl\/wp-content\/uploads\/2021\/01\/pol.gif\" alt=\"\"> Okocimski KS Brzesko<br>1998-98 <img src=\"http:\/\/wikioks.cal24.pl\/wp-content\/uploads\/2021\/01\/pol.gif\" alt=\"\"> Hetman Zamo\u015b\u0107<br>1999-02 <img src=\"http:\/\/wikioks.cal24.pl\/wp-content\/uploads\/2021\/01\/pol.gif\" alt=\"\"> GKS Be\u0142chat\u00f3w<br>2003 <img src=\"http:\/\/wikioks.cal24.pl\/wp-content\/uploads\/2021\/01\/pol.gif\" alt=\"\"> Podbeskidzie Bielsko-Bia\u0142a<br>2003-05 <img src=\"http:\/\/wikioks.cal24.pl\/wp-content\/uploads\/2021\/01\/pol.gif\" alt=\"\"> Heko Czermno<br>2006 <img src=\"http:\/\/wikioks.cal24.pl\/wp-content\/uploads\/2021\/01\/pol.gif\" alt=\"\"> G\u00f3rnik \u0141\u0119czyca<br>2006-07 <img src=\"http:\/\/wikioks.cal24.pl\/wp-content\/uploads\/2021\/01\/pol.gif\" alt=\"\"> KS Parady\u017c<br>2007-11 <img src=\"http:\/\/wikioks.cal24.pl\/wp-content\/uploads\/2021\/01\/pol.gif\" alt=\"\"> Victoria Cz\u0119stochowa<br>2012 <img src=\"http:\/\/wikioks.cal24.pl\/wp-content\/uploads\/2021\/01\/pol.gif\" alt=\"\"> Unia R\u0119dziny<\/td><\/tr><tr><th>Debiut w <strong>Okocimskim<\/strong><\/th><td>16.03.1997 (Okocimski KS Brzesko &#8211; G\u00f3rnik \u0141\u0119czna 1:1)<\/td><\/tr><tr><th>Ostatni mecz w <strong>Okocimskim<\/strong><\/th><td>10.06.1998 (Wawel Krak\u00f3w &#8211; Okocimski KS Brzesko 1:1)<\/td><\/tr><\/tbody><\/table><\/figure>\n\n\n\n<h3>Bilans zawodnika<\/h3>\n\n\n\n<figure class=\"wp-block-table\"><table><tbody><tr><td><strong>Sezon<\/strong><\/td><td><\/td><td class=\"has-text-align-center\" data-align=\"center\"><strong>Mecze<\/strong><\/td><td class=\"has-text-align-center\" data-align=\"center\"><strong>Bramki<\/strong><\/td><\/tr><tr><td>1996\/97 (w)<\/td><td>Okocimski KS Brzesko<\/td><td class=\"has-text-align-center\" data-align=\"center\">17<\/td><td class=\"has-text-align-center\" data-align=\"center\">0<\/td><\/tr><tr><td>1997\/98<\/td><td>Okocimski KS Brzesko<\/td><td class=\"has-text-align-center\" data-align=\"center\">34<\/td><td class=\"has-text-align-center\" data-align=\"center\">0<\/td><\/tr><tr><td><strong>Razem<\/strong><\/td><td><\/td><td class=\"has-text-align-center\" data-align=\"center\">51<\/td><td class=\"has-text-align-center\" data-align=\"center\">0<\/td><\/tr><\/tbody><\/table><figcaption>Statystyki dotycz\u0105 jedynie mecz\u00f3w ligowych<\/figcaption><\/figure>\n\n\n\n<h2><strong>Zdj\u0119cia<\/strong><\/h2>\n\n\n\n<!-- default-view.php -->\n<div\n\tclass=\"ngg-galleryoverview default-view \"\n\tid=\"ngg-gallery-c7157b502ffcb2a56136e144582fdb91-1\">\n\n\t\t<!-- Thumbnails -->\n\t\t\t\t<div id=\"ngg-image-0\" class=\"ngg-gallery-thumbnail-box \" >\n\t\t\t\t        <div class=\"ngg-gallery-thumbnail\">\n            <a href=\"https:\/\/wikioks.cal24.pl\/wp-content\/gallery\/test\/%C5%82ukiewicz-sebastian.JPG\"\n               title=\"\"\n               data-src=\"https:\/\/wikioks.cal24.pl\/wp-content\/gallery\/test\/%C5%82ukiewicz-sebastian.JPG\"\n               data-thumbnail=\"https:\/\/wikioks.cal24.pl\/wp-content\/gallery\/test\/thumbs\/thumbs_%C5%82ukiewicz-sebastian.JPG\"\n               data-image-id=\"6\"\n               data-title=\"\u0142ukiewicz-sebastian\"\n               data-description=\"\"\n               data-image-slug=\"%c5%82ukiewicz-sebastian-1\"\n               class=\"ngg-simplelightbox\" rel=\"c7157b502ffcb2a56136e144582fdb91\">\n                <img\n                    title=\"\u0142ukiewicz-sebastian\"\n                    alt=\"\u0142ukiewicz-sebastian\"\n                    src=\"https:\/\/wikioks.cal24.pl\/wp-content\/gallery\/test\/thumbs\/thumbs_%C5%82ukiewicz-sebastian.JPG\"\n                    width=\"140\"\n                    height=\"160\"\n                    style=\"max-width:100%;\"\n                \/>\n            <\/a>\n        <\/div>\n\t\t\t\t\t\t\t<\/div> \n\t\t\t\n\t\t\t\t<div id=\"ngg-image-1\" class=\"ngg-gallery-thumbnail-box \" >\n\t\t\t\t        <div class=\"ngg-gallery-thumbnail\">\n            <a href=\"https:\/\/wikioks.cal24.pl\/wp-content\/gallery\/test\/1997-98-jesien.jpg\"\n               title=\"\"\n               data-src=\"https:\/\/wikioks.cal24.pl\/wp-content\/gallery\/test\/1997-98-jesien.jpg\"\n               data-thumbnail=\"https:\/\/wikioks.cal24.pl\/wp-content\/gallery\/test\/thumbs\/thumbs_1997-98-jesien.jpg\"\n               data-image-id=\"7\"\n               data-title=\"1997-98-jesien\"\n               data-description=\"\"\n               data-image-slug=\"1997-98-jesien-1\"\n               class=\"ngg-simplelightbox\" rel=\"c7157b502ffcb2a56136e144582fdb91\">\n                <img\n                    title=\"1997-98-jesien\"\n                    alt=\"1997-98-jesien\"\n                    src=\"https:\/\/wikioks.cal24.pl\/wp-content\/gallery\/test\/thumbs\/thumbs_1997-98-jesien.jpg\"\n                    width=\"240\"\n                    height=\"160\"\n                    style=\"max-width:100%;\"\n                \/>\n            <\/a>\n        <\/div>\n\t\t\t\t\t\t\t<\/div> \n\t\t\t\n\t\t\t\t<div id=\"ngg-image-2\" class=\"ngg-gallery-thumbnail-box \" >\n\t\t\t\t        <div class=\"ngg-gallery-thumbnail\">\n            <a href=\"https:\/\/wikioks.cal24.pl\/wp-content\/gallery\/test\/1996-97.jpg\"\n               title=\"\"\n               data-src=\"https:\/\/wikioks.cal24.pl\/wp-content\/gallery\/test\/1996-97.jpg\"\n               data-thumbnail=\"https:\/\/wikioks.cal24.pl\/wp-content\/gallery\/test\/thumbs\/thumbs_1996-97.jpg\"\n               data-image-id=\"8\"\n               data-title=\"1996-97\"\n               data-description=\"\"\n               data-image-slug=\"1996-97-1\"\n               class=\"ngg-simplelightbox\" rel=\"c7157b502ffcb2a56136e144582fdb91\">\n                <img\n                    title=\"1996-97\"\n                    alt=\"1996-97\"\n                    src=\"https:\/\/wikioks.cal24.pl\/wp-content\/gallery\/test\/thumbs\/thumbs_1996-97.jpg\"\n                    width=\"240\"\n                    height=\"160\"\n                    style=\"max-width:100%;\"\n                \/>\n            <\/a>\n        <\/div>\n\t\t\t\t\t\t\t<\/div> \n\t\t\t\n\t\t\t\t<div id=\"ngg-image-3\" class=\"ngg-gallery-thumbnail-box \" >\n\t\t\t\t        <div class=\"ngg-gallery-thumbnail\">\n            <a href=\"https:\/\/wikioks.cal24.pl\/wp-content\/gallery\/test\/lukiewicz_sebastian_9798.jpg\"\n               title=\"\"\n               data-src=\"https:\/\/wikioks.cal24.pl\/wp-content\/gallery\/test\/lukiewicz_sebastian_9798.jpg\"\n               data-thumbnail=\"https:\/\/wikioks.cal24.pl\/wp-content\/gallery\/test\/thumbs\/thumbs_lukiewicz_sebastian_9798.jpg\"\n               data-image-id=\"9\"\n               data-title=\"lukiewicz_sebastian_9798\"\n               data-description=\"\"\n               data-image-slug=\"lukiewicz_sebastian_9798-2\"\n               class=\"ngg-simplelightbox\" rel=\"c7157b502ffcb2a56136e144582fdb91\">\n                <img\n                    title=\"lukiewicz_sebastian_9798\"\n                    alt=\"lukiewicz_sebastian_9798\"\n                    src=\"https:\/\/wikioks.cal24.pl\/wp-content\/gallery\/test\/thumbs\/thumbs_lukiewicz_sebastian_9798.jpg\"\n                    width=\"240\"\n                    height=\"160\"\n                    style=\"max-width:100%;\"\n                \/>\n            <\/a>\n        <\/div>\n\t\t\t\t\t\t\t<\/div> \n\t\t\t\n\t\t\t\t<div id=\"ngg-image-4\" class=\"ngg-gallery-thumbnail-box \" >\n\t\t\t\t        <div class=\"ngg-gallery-thumbnail\">\n            <a href=\"https:\/\/wikioks.cal24.pl\/wp-content\/gallery\/test\/1997-98-wiosna.jpg\"\n               title=\"\"\n               data-src=\"https:\/\/wikioks.cal24.pl\/wp-content\/gallery\/test\/1997-98-wiosna.jpg\"\n               data-thumbnail=\"https:\/\/wikioks.cal24.pl\/wp-content\/gallery\/test\/thumbs\/thumbs_1997-98-wiosna.jpg\"\n               data-image-id=\"10\"\n               data-title=\"1997-98-wiosna\"\n               data-description=\"\"\n               data-image-slug=\"1997-98-wiosna-1\"\n               class=\"ngg-simplelightbox\" rel=\"c7157b502ffcb2a56136e144582fdb91\">\n                <img\n                    title=\"1997-98-wiosna\"\n                    alt=\"1997-98-wiosna\"\n                    src=\"https:\/\/wikioks.cal24.pl\/wp-content\/gallery\/test\/thumbs\/thumbs_1997-98-wiosna.jpg\"\n                    width=\"240\"\n                    height=\"160\"\n                    style=\"max-width:100%;\"\n                \/>\n            <\/a>\n        <\/div>\n\t\t\t\t\t\t\t<\/div> \n\t\t\t\n\t\n\t<br style=\"clear: both\" \/>\n\n\t\n\t\t<!-- Pagination -->\n\t<div class='ngg-clear'><\/div>\t<\/div>\n\n","protected":false},"excerpt":{"rendered":"<p>Fot. Jadwiga Rubi\u015b Sebastian \u0141ukiewicz\u00a0(ur. 7 marca 1971 roku w Hrubieszowie). Polski zawodnik graj\u0105cy na pozycji bramkarza. W Okocimskim wyst\u0119powa\u0142<\/p>\n","protected":false},"author":1,"featured_media":0,"parent":0,"menu_order":0,"comment_status":"closed","ping_status":"closed","template":"","meta":{"ngg_post_thumbnail":0},"_links":{"self":[{"href":"https:\/\/wikioks.cal24.pl\/index.php\/wp-json\/wp\/v2\/pages\/584"}],"collection":[{"href":"https:\/\/wikioks.cal24.pl\/index.php\/wp-json\/wp\/v2\/pages"}],"about":[{"href":"https:\/\/wikioks.cal24.pl\/index.php\/wp-json\/wp\/v2\/types\/page"}],"author":[{"embeddable":true,"href":"https:\/\/wikioks.cal24.pl\/index.php\/wp-json\/wp\/v2\/users\/1"}],"replies":[{"embeddable":true,"href":"https:\/\/wikioks.cal24.pl\/index.php\/wp-json\/wp\/v2\/comments?post=584"}],"version-history":[{"count":7,"href":"https:\/\/wikioks.cal24.pl\/index.php\/wp-json\/wp\/v2\/pages\/584\/revisions"}],"predecessor-version":[{"id":4301,"href":"https:\/\/wikioks.cal24.pl\/index.php\/wp-json\/wp\/v2\/pages\/584\/revisions\/4301"}],"wp:attachment":[{"href":"https:\/\/wikioks.cal24.pl\/index.php\/wp-json\/wp\/v2\/media?parent=584"}],"curies":[{"name":"wp","href":"https:\/\/api.w.org\/{rel}","templated":true}]}}