{"id":5955,"date":"2025-03-11T14:55:03","date_gmt":"2025-03-11T13:55:03","guid":{"rendered":"http:\/\/wikioks.cal24.pl\/?page_id=5955"},"modified":"2025-03-11T14:55:03","modified_gmt":"2025-03-11T13:55:03","slug":"rafal-oprzondek","status":"publish","type":"page","link":"https:\/\/wikioks.cal24.pl\/index.php\/rafal-oprzondek\/","title":{"rendered":"Rafa\u0142 Oprzondek"},"content":{"rendered":"\n<figure id=\"player-profile\" class=\"wp-block-table\"><table class=\"has-fixed-layout\"><tbody><tr><td class=\"has-text-align-left\" data-align=\"left\"><br><img loading=\"lazy\" width=\"140\" height=\"160\" class=\"wp-image-453\" style=\"width: 140px;\" src=\"http:\/\/wikioks.cal24.pl\/wp-content\/uploads\/2020\/12\/oprzondek_rafal.jpg\" alt=\"\"><br><em>Fot. Jadwiga Rubi\u015b<\/em><\/td><td><strong><strong><strong>Rafa\u0142 Oprzondek <\/strong><\/strong><\/strong>(ur. 5 listopada 1969 w Tychach). Polski zawodnik graj\u0105cy na pozycji obro\u0144cy lub defensywnego pomocnika. Na szczeblu II ligi wyst\u0105pi\u0142 w 30 meczach Okocimskiego zdobywaj\u0105c 3 bramki.<br><br>Wychowanek GKS-u Tychy. Do Okocimskiego trafi\u0142 z Ekstraklasy, gdzie mia\u0142 za sob\u0105 wyst\u0119py w Stali Mielec i Sokole Tychy. Z miejsca sta\u0142 si\u0119 pewnym punktem obrony &#8222;Piwoszy&#8221; b\u0119d\u0105c przy tym dosy\u0107 skutecznym. Pom\u00f3g\u0142 w pewnym utrzymaniu si\u0119 dru\u017cyny na drugim froncie. Nieoczekiwanie latem 1998 gruchn\u0119\u0142a wiadomo\u015b\u0107 o wycofaniu Okocimskiego z rozgrywek. <br><br>Niebawem Oprzondek znalaz\u0142 jednak zatrudnienie w Ruchu Radzionk\u00f3w, gdzie gra\u0142 przez 5 kolejnych sezon\u00f3w, z czego 3 na najwy\u017cszym szczeblu. \u0141\u0105cznie w \u00f3wczesnej I lidze wyst\u0105pi\u0142 w 111 meczach, zdobywaj\u0105c 3 bramki. Na zako\u0144czenie kariery reprezentowa\u0142 kluby z ni\u017cszych lig: jak odradzaj\u0105cy si\u0119 GKS Tychy, Orze\u0142 Mokre Miko\u0142\u00f3w, Czarni Piasek, Znicz Jankowice czy rezerwy GKS-u Tychy.<\/td><\/tr><\/tbody><\/table><\/figure>\n\n\n\n<figure id=\"player-data\" class=\"wp-block-table is-style-stripes\"><table><tbody><tr><th>Wzrost i waga<\/th><td>177 cm \/ 77 kg<\/td><\/tr><tr><td><strong>Pozycja<\/strong><\/td><td>obro\u0144ca, pomocnik<\/td><\/tr><tr><th>Lata gry w Okocimskim<\/th><td>1997-98<\/td><\/tr><tr><th>Przebieg kariery<\/th><td>1987-83 <img src=\"http:\/\/wikioks.cal24.pl\/wp-content\/uploads\/2021\/01\/pol.gif\" alt=\"\"> GKS Tychy<br>1994 <img src=\"http:\/\/wikioks.cal24.pl\/wp-content\/uploads\/2021\/01\/pol.gif\" alt=\"\"> MK G\u00f3rnik Katowice<br>1994 <img src=\"http:\/\/wikioks.cal24.pl\/wp-content\/uploads\/2021\/01\/pol.gif\" alt=\"\"> GKS Tychy<br>1995-96 <img src=\"http:\/\/wikioks.cal24.pl\/wp-content\/uploads\/2021\/01\/pol.gif\" alt=\"\"> Stal Mielec<br>1996-97 <img src=\"http:\/\/wikioks.cal24.pl\/wp-content\/uploads\/2021\/01\/pol.gif\" alt=\"\"> Sok\u00f3\u0142 Tychy<br>1996-98 <img src=\"http:\/\/wikioks.cal24.pl\/wp-content\/uploads\/2021\/01\/pol.gif\" alt=\"\"> Okocimski KS Brzesko<br>1998-03 <img src=\"http:\/\/wikioks.cal24.pl\/wp-content\/uploads\/2021\/01\/pol.gif\" alt=\"\"> Ruch Radzionk\u00f3w<br>2003 <img src=\"http:\/\/wikioks.cal24.pl\/wp-content\/uploads\/2021\/01\/pol.gif\" alt=\"\"> GKS Tychy &#8217;71<br>2004-05 <img src=\"http:\/\/wikioks.cal24.pl\/wp-content\/uploads\/2021\/01\/pol.gif\" alt=\"\"> Orze\u0142 Mokre (Miko\u0142\u00f3w)<br>2005-07 <img src=\"http:\/\/wikioks.cal24.pl\/wp-content\/uploads\/2021\/01\/pol.gif\" alt=\"\"> Czarni Piasek<br>2008-10 <img src=\"http:\/\/wikioks.cal24.pl\/wp-content\/uploads\/2021\/01\/pol.gif\" alt=\"\"> Znicz Jankowice<br>2011-12 <img src=\"http:\/\/wikioks.cal24.pl\/wp-content\/uploads\/2021\/01\/pol.gif\" alt=\"\"> GKS II Tychy<\/td><\/tr><tr><th>Debiut w <strong>Okocimskim<\/strong><\/th><td>17.08.1997 (Warmia Olsztyn &#8211; Okocimski KS Brzesko 4:2)<\/td><\/tr><tr><th>Ostatni mecz w <strong>Okocimskim<\/strong><\/th><td>09.06.1998 (Wawel Krak\u00f3w &#8211; Okocimski KS Brzesko 1:1)<\/td><\/tr><\/tbody><\/table><\/figure>\n\n\n\n<h3>Bilans zawodnika<\/h3>\n\n\n\n<figure class=\"wp-block-table\"><table><tbody><tr><td><strong>Sezon<\/strong><\/td><td><\/td><td class=\"has-text-align-center\" data-align=\"center\"><strong>Mecze<\/strong><\/td><td class=\"has-text-align-center\" data-align=\"center\"><strong>Bramki<\/strong><\/td><\/tr><tr><td>1997\/98<\/td><td>Okocimski KS Brzesko<\/td><td class=\"has-text-align-center\" data-align=\"center\">30<\/td><td class=\"has-text-align-center\" data-align=\"center\">3<\/td><\/tr><tr><td><strong>Razem<\/strong><\/td><td><\/td><td class=\"has-text-align-center\" data-align=\"center\">30<\/td><td class=\"has-text-align-center\" data-align=\"center\">3<\/td><\/tr><\/tbody><\/table><figcaption>Statystyki dotycz\u0105 jedynie mecz\u00f3w ligowych<\/figcaption><\/figure>\n\n\n\n<p><\/p>\n","protected":false},"excerpt":{"rendered":"<p>Fot. Jadwiga Rubi\u015b Rafa\u0142 Oprzondek (ur. 5 listopada 1969 w Tychach). Polski zawodnik graj\u0105cy na pozycji obro\u0144cy lub defensywnego pomocnika.<\/p>\n","protected":false},"author":1,"featured_media":0,"parent":0,"menu_order":0,"comment_status":"closed","ping_status":"closed","template":"","meta":{"ngg_post_thumbnail":0},"_links":{"self":[{"href":"https:\/\/wikioks.cal24.pl\/index.php\/wp-json\/wp\/v2\/pages\/5955"}],"collection":[{"href":"https:\/\/wikioks.cal24.pl\/index.php\/wp-json\/wp\/v2\/pages"}],"about":[{"href":"https:\/\/wikioks.cal24.pl\/index.php\/wp-json\/wp\/v2\/types\/page"}],"author":[{"embeddable":true,"href":"https:\/\/wikioks.cal24.pl\/index.php\/wp-json\/wp\/v2\/users\/1"}],"replies":[{"embeddable":true,"href":"https:\/\/wikioks.cal24.pl\/index.php\/wp-json\/wp\/v2\/comments?post=5955"}],"version-history":[{"count":1,"href":"https:\/\/wikioks.cal24.pl\/index.php\/wp-json\/wp\/v2\/pages\/5955\/revisions"}],"predecessor-version":[{"id":5956,"href":"https:\/\/wikioks.cal24.pl\/index.php\/wp-json\/wp\/v2\/pages\/5955\/revisions\/5956"}],"wp:attachment":[{"href":"https:\/\/wikioks.cal24.pl\/index.php\/wp-json\/wp\/v2\/media?parent=5955"}],"curies":[{"name":"wp","href":"https:\/\/api.w.org\/{rel}","templated":true}]}}