{"id":604,"date":"2020-12-05T19:50:19","date_gmt":"2020-12-05T18:50:19","guid":{"rendered":"http:\/\/wikioks.cal24.pl\/?page_id=604"},"modified":"2020-12-05T19:50:20","modified_gmt":"2020-12-05T18:50:20","slug":"przemyslaw-bella","status":"publish","type":"page","link":"https:\/\/wikioks.cal24.pl\/index.php\/przemyslaw-bella\/","title":{"rendered":"Przemys\u0142aw Bella"},"content":{"rendered":"\n<div class=\"wp-block-image\"><figure class=\"alignleft size-large\"><img loading=\"lazy\" width=\"140\" height=\"160\" src=\"http:\/\/wikioks.cal24.pl\/wp-content\/uploads\/2020\/12\/bella_przemyslaw.jpg\" alt=\"\" class=\"wp-image-278\"\/><figcaption>Fot. Grzegorz Golec<\/figcaption><\/figure><\/div>\n\n\n\n<p class=\"has-text-align-left\"><strong>Przemys\u0142aw Bella<\/strong>\u00a0(ur. 8 kwietnia 1989 roku w K\u0119dzierzynie-Ko\u017alu). Polski zawodnik graj\u0105cy na pozycji pomocnika. W Okocimskim wyst\u0119powa\u0142 w rundzie jesiennej sezonu 2012\/13. \u0141\u0105cznie rozegra\u0142 4 mecze ligowe na szczeblu I ligi. Ponadto wyst\u0105pi\u0142 w 3 spotkaniach Pucharu Polski zdobywaj\u0105c w nich 1 bramk\u0119 (w meczu z Resovi\u0105).<\/p>\n\n\n\n<p>Poprzednie kluby: Koksownik Zdzieszowice, Ruch Zdzieszowice, Koksownik Zdzieszowice, Ruch Zdzieszowice.<\/p>\n\n\n\n<p>P\u00f3\u017aniejsze kluby: Ruch Zdzieszowice, Rozw\u00f3j Katowice, Odra Opole, Pelikan \u0141owicz, Dolcan Z\u0105bki, Z\u0105bkovia Z\u0105bki.<\/p>\n\n\n\n<h2><strong>Kariera w Okocimskim:<\/strong><\/h2>\n\n\n\n<figure class=\"wp-block-table\"><table><tbody><tr><td><strong>Sezon<\/strong><\/td><td><\/td><td class=\"has-text-align-center\" data-align=\"center\"><strong>Mecze<\/strong><\/td><td class=\"has-text-align-center\" data-align=\"center\"><strong>Bramki<\/strong><\/td><\/tr><tr><td>2012\/13 (j)<\/td><td>Okocimski KS Brzesko<\/td><td class=\"has-text-align-center\" data-align=\"center\">4<\/td><td class=\"has-text-align-center\" data-align=\"center\">0<\/td><\/tr><tr><td><strong>Razem<\/strong><\/td><td><\/td><td class=\"has-text-align-center\" data-align=\"center\">4<\/td><td class=\"has-text-align-center\" data-align=\"center\">0<\/td><\/tr><\/tbody><\/table><figcaption>Statystyki dotycz\u0105 jedynie mecz\u00f3w ligowych<\/figcaption><\/figure>\n\n\n\n<p><\/p>\n","protected":false},"excerpt":{"rendered":"<p>Przemys\u0142aw Bella\u00a0(ur. 8 kwietnia 1989 roku w K\u0119dzierzynie-Ko\u017alu). Polski zawodnik graj\u0105cy na pozycji pomocnika. W Okocimskim wyst\u0119powa\u0142 w rundzie jesiennej<\/p>\n","protected":false},"author":1,"featured_media":0,"parent":0,"menu_order":0,"comment_status":"closed","ping_status":"closed","template":"","meta":{"ngg_post_thumbnail":0},"_links":{"self":[{"href":"https:\/\/wikioks.cal24.pl\/index.php\/wp-json\/wp\/v2\/pages\/604"}],"collection":[{"href":"https:\/\/wikioks.cal24.pl\/index.php\/wp-json\/wp\/v2\/pages"}],"about":[{"href":"https:\/\/wikioks.cal24.pl\/index.php\/wp-json\/wp\/v2\/types\/page"}],"author":[{"embeddable":true,"href":"https:\/\/wikioks.cal24.pl\/index.php\/wp-json\/wp\/v2\/users\/1"}],"replies":[{"embeddable":true,"href":"https:\/\/wikioks.cal24.pl\/index.php\/wp-json\/wp\/v2\/comments?post=604"}],"version-history":[{"count":1,"href":"https:\/\/wikioks.cal24.pl\/index.php\/wp-json\/wp\/v2\/pages\/604\/revisions"}],"predecessor-version":[{"id":605,"href":"https:\/\/wikioks.cal24.pl\/index.php\/wp-json\/wp\/v2\/pages\/604\/revisions\/605"}],"wp:attachment":[{"href":"https:\/\/wikioks.cal24.pl\/index.php\/wp-json\/wp\/v2\/media?parent=604"}],"curies":[{"name":"wp","href":"https:\/\/api.w.org\/{rel}","templated":true}]}}