{"id":614,"date":"2020-12-05T20:18:49","date_gmt":"2020-12-05T19:18:49","guid":{"rendered":"http:\/\/wikioks.cal24.pl\/?page_id=614"},"modified":"2023-01-08T20:31:10","modified_gmt":"2023-01-08T19:31:10","slug":"rafal-bryl","status":"publish","type":"page","link":"https:\/\/wikioks.cal24.pl\/index.php\/rafal-bryl\/","title":{"rendered":"Rafa\u0142 Bryl"},"content":{"rendered":"\n<figure id=\"player-profile\" class=\"wp-block-table\"><table class=\"has-fixed-layout\"><tbody><tr><td><img loading=\"lazy\" width=\"600\" height=\"800\" class=\"wp-image-992\" style=\"width: 400px;\" src=\"http:\/\/wikioks.cal24.pl\/wp-content\/uploads\/2021\/01\/bryl-2003.jpg\" alt=\"\" srcset=\"https:\/\/wikioks.cal24.pl\/wp-content\/uploads\/2021\/01\/bryl-2003.jpg 600w, https:\/\/wikioks.cal24.pl\/wp-content\/uploads\/2021\/01\/bryl-2003-225x300.jpg 225w\" sizes=\"(max-width: 600px) 100vw, 600px\" \/><br><em>Fot. Maciej Pytka<\/em><\/td><td><strong><strong><strong>Rafa\u0142 Bryl<\/strong>\u00a0<\/strong><\/strong>(ur. 11 marca 1980 roku w Tarnowie). Polski zawodnik graj\u0105cy na pozycji pomocnika. W Okocimskim wyst\u0119powa\u0142 przez 4,5 sezonu w latach: 2002-2006. Z brzeskim klubem zaszed\u0142 do 1\/16 fina\u0142u Pucharu Polski oraz wywalczy\u0142 awans do III ligi w 2006 roku. \u0141\u0105cznie wyst\u0105pi\u0142 w 119 meczach (liga + bara\u017ce) zdobywaj\u0105c w nich 20 bramek.<br><br>Zako\u0144czy\u0142 profesjonalne uprawianie pi\u0142ki no\u017cnej po rundzie jesiennej sezonu 2006\/07, gdy dozna\u0142 zerwania wi\u0119zade\u0142 krzy\u017cowych w kolanie. P\u00f3\u017aniej amatorsko wyst\u0119powa\u0142 w tarnowskiej lidze futsalowej oraz w klubach z ni\u017cszych lig z regionu tarnowskiego (KS Ryglice, Rybitwa Ostr\u00f3w, LKS Koszyce Wielkie, LKS Wierzchos\u0142awice-Ostr\u00f3w).<\/td><\/tr><\/tbody><\/table><\/figure>\n\n\n\n<figure id=\"player-data\" class=\"wp-block-table is-style-stripes\"><table><tbody><tr><th>Wzrost i waga<\/th><td>182 cm \/ 78 kg<\/td><\/tr><tr><td><strong>Pozycja<\/strong><\/td><td>pomocnik<\/td><\/tr><tr><th>Lata gry w Okocimskim<\/th><td>2002-2006<\/td><\/tr><tr><th>Przebieg kariery<\/th><td><img src=\"http:\/\/wikioks.cal24.pl\/wp-content\/uploads\/2021\/01\/pol.gif\" alt=\"\"> Unia Tarn\u00f3w (juniorzy)<br>1999-2002 <img src=\"http:\/\/wikioks.cal24.pl\/wp-content\/uploads\/2021\/01\/pol.gif\" alt=\"\"> Jutrzenka Wierzchos\u0142awice<br>2002-06 <img src=\"http:\/\/wikioks.cal24.pl\/wp-content\/uploads\/2021\/01\/pol.gif\" alt=\"\"> Okocimski KS Brzesko<br>2008 <img src=\"http:\/\/wikioks.cal24.pl\/wp-content\/uploads\/2021\/01\/pol.gif\" alt=\"\"> KS Ryglice<br>2013-14 <img src=\"http:\/\/wikioks.cal24.pl\/wp-content\/uploads\/2021\/01\/pol.gif\" alt=\"\"> Rybitwa Ostr\u00f3w<br>2015-16 <img src=\"http:\/\/wikioks.cal24.pl\/wp-content\/uploads\/2021\/01\/pol.gif\" alt=\"\"> LKS Koszyce Wielkie<br>2017-20 <img src=\"http:\/\/wikioks.cal24.pl\/wp-content\/uploads\/2021\/01\/pol.gif\" alt=\"\"> LKS Wierzchos\u0142awice-Ostr\u00f3w<\/td><\/tr><tr><th>Debiut w <strong>Okocimskim<\/strong><\/th><td><\/td><\/tr><tr><th>Ostatni mecz w <strong>Okocimskim<\/strong><\/th><td><\/td><\/tr><\/tbody><\/table><\/figure>\n\n\n\n<h3>Bilans zawodnika<\/h3>\n\n\n\n<figure class=\"wp-block-table\"><table><tbody><tr><td><strong>Sezon<\/strong><\/td><td><\/td><td class=\"has-text-align-center\" data-align=\"center\"><strong>Mecze<\/strong><\/td><td class=\"has-text-align-center\" data-align=\"center\"><strong>Bramki<\/strong><\/td><\/tr><tr><td>2002\/03<\/td><td>Okocimski KS Brzesko<\/td><td class=\"has-text-align-center\" data-align=\"center\">28<\/td><td class=\"has-text-align-center\" data-align=\"center\">5<\/td><\/tr><tr><td>2003\/04<\/td><td>Okocimski KS Brzesko<\/td><td class=\"has-text-align-center\" data-align=\"center\">34<\/td><td class=\"has-text-align-center\" data-align=\"center\">10<\/td><\/tr><tr><td>2004\/05<\/td><td>Okocimski KS Brzesko<\/td><td class=\"has-text-align-center\" data-align=\"center\">27<\/td><td class=\"has-text-align-center\" data-align=\"center\">1<\/td><\/tr><tr><td>2005\/06<\/td><td>Okocimski KS Brzesko<\/td><td class=\"has-text-align-center\" data-align=\"center\">24<\/td><td class=\"has-text-align-center\" data-align=\"center\">4<\/td><\/tr><tr><td>2006\/07 (j)<\/td><td>Okocimski KS Brzesko<\/td><td class=\"has-text-align-center\" data-align=\"center\">6<\/td><td class=\"has-text-align-center\" data-align=\"center\">0<\/td><\/tr><tr><td><strong>Razem<\/strong><\/td><td><\/td><td class=\"has-text-align-center\" data-align=\"center\">119<\/td><td class=\"has-text-align-center\" data-align=\"center\">20<\/td><\/tr><\/tbody><\/table><figcaption><em>Statystyki dotycz\u0105 jedynie mecz\u00f3w ligowych i bara\u017cowych<\/em><\/figcaption><\/figure>\n","protected":false},"excerpt":{"rendered":"<p>Fot. Maciej Pytka Rafa\u0142 Bryl\u00a0(ur. 11 marca 1980 roku w Tarnowie). Polski zawodnik graj\u0105cy na pozycji pomocnika. W Okocimskim wyst\u0119powa\u0142<\/p>\n","protected":false},"author":1,"featured_media":0,"parent":0,"menu_order":0,"comment_status":"closed","ping_status":"closed","template":"","meta":{"ngg_post_thumbnail":0},"_links":{"self":[{"href":"https:\/\/wikioks.cal24.pl\/index.php\/wp-json\/wp\/v2\/pages\/614"}],"collection":[{"href":"https:\/\/wikioks.cal24.pl\/index.php\/wp-json\/wp\/v2\/pages"}],"about":[{"href":"https:\/\/wikioks.cal24.pl\/index.php\/wp-json\/wp\/v2\/types\/page"}],"author":[{"embeddable":true,"href":"https:\/\/wikioks.cal24.pl\/index.php\/wp-json\/wp\/v2\/users\/1"}],"replies":[{"embeddable":true,"href":"https:\/\/wikioks.cal24.pl\/index.php\/wp-json\/wp\/v2\/comments?post=614"}],"version-history":[{"count":7,"href":"https:\/\/wikioks.cal24.pl\/index.php\/wp-json\/wp\/v2\/pages\/614\/revisions"}],"predecessor-version":[{"id":2121,"href":"https:\/\/wikioks.cal24.pl\/index.php\/wp-json\/wp\/v2\/pages\/614\/revisions\/2121"}],"wp:attachment":[{"href":"https:\/\/wikioks.cal24.pl\/index.php\/wp-json\/wp\/v2\/media?parent=614"}],"curies":[{"name":"wp","href":"https:\/\/api.w.org\/{rel}","templated":true}]}}